{"id":8975,"date":"2025-12-15T13:18:00","date_gmt":"2025-12-15T12:18:00","guid":{"rendered":"https:\/\/fhu-premimpact.org\/?page_id=8975"},"modified":"2026-04-16T12:15:00","modified_gmt":"2026-04-16T10:15:00","slug":"vers-un-futur-vaccin-contre-la-meningite-bacterienne-du-nouveau-ne-copie-copie-3-copie-copie-4","status":"publish","type":"page","link":"https:\/\/fhu-premimpact.org\/en\/focus\/vers-un-futur-vaccin-contre-la-meningite-bacterienne-du-nouveau-ne-copie-copie-3-copie-copie-4\/","title":{"rendered":"La vaccination contre le Covid-19 r\u00e9duit le risque de maladie s\u00e9v\u00e8re pendant la grossesse et de pr\u00e9maturit\u00e9\u00a0"},"content":{"rendered":"\n<p>WASHINGTON, 15 d\u00e9cembre 2025 &#8211; Les femmes enceintes contractant le Covid-19 ont moins de risques de maladie s\u00e9v\u00e8re et d&#8217;accouchement pr\u00e9matur\u00e9 si elles ont \u00e9t\u00e9 vaccin\u00e9es avant ou pendant la grossesse, aussi bien en p\u00e9riode de circulation du variant delta que du variant omicron, selon une \u00e9tude canadienne publi\u00e9e dans le Journal of the American Medical Association (JAMA).<\/p>\n\n\n\n<p>L&#8217;effet du Covid-19 et de la vaccination contre le Covid-19 sur les issues de grossesse reste mal connu, soulignent Elisabeth McClymont de l&#8217;University of British Columbia \u00e0 Vancouver (Canada) et ses coll\u00e8gues. Il appara\u00eet difficile notamment avec les \u00e9tudes disponibles de d\u00e9terminer l&#8217;effet sp\u00e9cifique de la vaccination, au-del\u00e0 de l&#8217;effet du variant responsable de l&#8217;infection, expliquent-ils.<\/p>\n\n\n\n<p>Ils ont \u00e9tudi\u00e9 les cas de Covid-19 survenus chez les femmes enceintes entre avril 2021 et d\u00e9cembre 2022 enregistr\u00e9s dans la base de donn\u00e9es CANCOVID-Preg, dans neuf des 13 provinces et territoires canadiens, et ont suivi les issues jusqu&#8217;en 2023.<\/p>\n\n\n\n<p>Sur 26.584 cas identifi\u00e9s, 19.899 \u00e9taient \u00e9ligibles pour l&#8217;analyse, dont 72% \u00e9taient vaccin\u00e9s avant le diagnostic de Covid-19. Parmi les femmes vaccin\u00e9es, 80% l&#8217;ont \u00e9t\u00e9 avant leur grossesse et 20% pendant leur grossesse. Il y a eu 6.120 cas d&#8217;infection pendant la p\u00e9riode de circulation du variant delta et 13.799 pendant la p\u00e9riode de circulation du variant omicron.<\/p>\n\n\n\n<p>Le risque relatif d&#8217;hospitalisation li\u00e9e au Covid-19 \u00e9tait significativement r\u00e9duit chez les femmes vaccin\u00e9es par rapport aux non-vaccin\u00e9es, de 62% en cas d&#8217;infection par le variant delta, de m\u00eame pour le variant omicron.<\/p>\n\n\n\n<p>Le risque d&#8217;admission en unit\u00e9 de soins critiques \u00e9tait significativement r\u00e9duit de 90% avec chacun des deux variants en cas de vaccination.<\/p>\n\n\n\n<p><strong><mark style=\"background-color:rgba(0, 0, 0, 0)\" class=\"has-inline-color has-accent-color\">Le risque de naissance pr\u00e9matur\u00e9e \u00e9tait significativement r\u00e9duit de 20% pour le variant delta et de 36% pour le variant omicron.<\/mark><\/strong><\/p>\n\n\n\n<p>En analyse multivari\u00e9e, en prenant en compte les comorbidit\u00e9s, la vaccination \u00e9tait associ\u00e9e \u00e0 un plus faible risque d&#8217;hospitalisation pour les deux variants. Le risque d&#8217;hospitalisation en l&#8217;absence de vaccination \u00e9tait 2,43 fois plus \u00e9lev\u00e9 avec omicron et 3,82 fois plus \u00e9lev\u00e9 avec delta, par rapport aux femmes vaccin\u00e9es.<\/p>\n\n\n\n<p>Cette \u00e9tude apporte de nouvelles connaissances sur l&#8217;impact de la vaccination elle-m\u00eame au cours de la pand\u00e9mie de Covid-19 et montre que <strong>&#8220;quelle que soit la p\u00e9riode de variant en circulation (delta ou omicron), la vaccination est associ\u00e9e \u00e0 un plus faible risque d&#8217;\u00e9v\u00e8nements ind\u00e9sirables si elle est administr\u00e9e avant l&#8217;infection au cours de la grossesse&#8221;,<\/strong> concluent les auteurs.<\/p>\n\n\n\n<p>(JAMA, <a href=\"https:\/\/jamanetwork.com\/journals\/jama\/fullarticle\/10.1001\/jama.2025.21001?guestAccessKey=a54ef657-8c48-4370-86c9-06a6fcf8b9fe&amp;utm_source=for_the_media&amp;utm_medium=referral&amp;utm_campaign=ftm_links&amp;utm_content=tfl&amp;utm_term=121525\" target=\"_blank\" rel=\"noreferrer noopener\">publication en ligne du 15 d\u00e9cembre<\/a>)<\/p>\n","protected":false},"excerpt":{"rendered":"<p>WASHINGTON, 15 d\u00e9cembre 2025 &#8211; Les femmes enceintes contractant le Covid-19 ont moins de risques de maladie s\u00e9v\u00e8re et d&#8217;accouchement pr\u00e9matur\u00e9 si elles ont \u00e9t\u00e9 vaccin\u00e9es avant ou pendant la grossesse, aussi bien en p\u00e9riode de circulation du variant delta que du variant omicron, selon une \u00e9tude canadienne publi\u00e9e dans le Journal of the American [&hellip;]<\/p>\n","protected":false},"author":87,"featured_media":0,"parent":151,"menu_order":17,"comment_status":"closed","ping_status":"closed","template":"","meta":{"_editorskit_title_hidden":false,"_editorskit_reading_time":0,"_editorskit_is_block_options_detached":false,"_editorskit_block_options_position":"{}","_uag_custom_page_level_css":"","footnotes":""},"class_list":["post-8975","page","type-page","status-publish","hentry"],"yoast_head":"<!-- This site is optimized with the Yoast SEO plugin v27.2 - https:\/\/yoast.com\/product\/yoast-seo-wordpress\/ -->\n<title>La vaccination contre le Covid-19 r\u00e9duit le risque de maladie s\u00e9v\u00e8re pendant la grossesse et de pr\u00e9maturit\u00e9\u00a0 - FHU Prem&#039;IMPACT<\/title>\n<meta name=\"robots\" content=\"index, follow, max-snippet:-1, max-image-preview:large, max-video-preview:-1\" \/>\n<link rel=\"canonical\" href=\"https:\/\/fhu-premimpact.org\/en\/focus\/vers-un-futur-vaccin-contre-la-meningite-bacterienne-du-nouveau-ne-copie-copie-3-copie-copie-4\/\" \/>\n<meta property=\"og:locale\" content=\"en_US\" \/>\n<meta property=\"og:type\" content=\"article\" \/>\n<meta property=\"og:title\" content=\"La vaccination contre le Covid-19 r\u00e9duit le risque de maladie s\u00e9v\u00e8re pendant la grossesse et de pr\u00e9maturit\u00e9\u00a0 - FHU Prem&#039;IMPACT\" \/>\n<meta property=\"og:description\" content=\"WASHINGTON, 15 d\u00e9cembre 2025 &#8211; Les femmes enceintes contractant le Covid-19 ont moins de risques de maladie s\u00e9v\u00e8re et d&#8217;accouchement pr\u00e9matur\u00e9 si elles ont \u00e9t\u00e9 vaccin\u00e9es avant ou pendant la grossesse, aussi bien en p\u00e9riode de circulation du variant delta que du variant omicron, selon une \u00e9tude canadienne publi\u00e9e dans le Journal of the American [&hellip;]\" \/>\n<meta property=\"og:url\" content=\"https:\/\/fhu-premimpact.org\/en\/focus\/vers-un-futur-vaccin-contre-la-meningite-bacterienne-du-nouveau-ne-copie-copie-3-copie-copie-4\/\" \/>\n<meta property=\"og:site_name\" content=\"FHU Prem&#039;IMPACT\" \/>\n<meta property=\"article:modified_time\" content=\"2026-04-16T10:15:00+00:00\" \/>\n<meta name=\"twitter:card\" content=\"summary_large_image\" \/>\n<meta name=\"twitter:label1\" content=\"Est. reading time\" \/>\n\t<meta name=\"twitter:data1\" content=\"3 minutes\" \/>\n<script type=\"application\/ld+json\" class=\"yoast-schema-graph\">{\"@context\":\"https:\/\/schema.org\",\"@graph\":[{\"@type\":\"WebPage\",\"@id\":\"https:\/\/fhu-premimpact.org\/en\/focus\/vers-un-futur-vaccin-contre-la-meningite-bacterienne-du-nouveau-ne-copie-copie-3-copie-copie-4\/\",\"url\":\"https:\/\/fhu-premimpact.org\/en\/focus\/vers-un-futur-vaccin-contre-la-meningite-bacterienne-du-nouveau-ne-copie-copie-3-copie-copie-4\/\",\"name\":\"La vaccination contre le Covid-19 r\u00e9duit le risque de maladie s\u00e9v\u00e8re pendant la grossesse et de pr\u00e9maturit\u00e9\u00a0 - FHU Prem&#039;IMPACT\",\"isPartOf\":{\"@id\":\"https:\/\/fhu-premimpact.org\/en\/#website\"},\"datePublished\":\"2025-12-15T12:18:00+00:00\",\"dateModified\":\"2026-04-16T10:15:00+00:00\",\"breadcrumb\":{\"@id\":\"https:\/\/fhu-premimpact.org\/en\/focus\/vers-un-futur-vaccin-contre-la-meningite-bacterienne-du-nouveau-ne-copie-copie-3-copie-copie-4\/#breadcrumb\"},\"inLanguage\":\"en-US\",\"potentialAction\":[{\"@type\":\"ReadAction\",\"target\":[\"https:\/\/fhu-premimpact.org\/en\/focus\/vers-un-futur-vaccin-contre-la-meningite-bacterienne-du-nouveau-ne-copie-copie-3-copie-copie-4\/\"]}]},{\"@type\":\"BreadcrumbList\",\"@id\":\"https:\/\/fhu-premimpact.org\/en\/focus\/vers-un-futur-vaccin-contre-la-meningite-bacterienne-du-nouveau-ne-copie-copie-3-copie-copie-4\/#breadcrumb\",\"itemListElement\":[{\"@type\":\"ListItem\",\"position\":1,\"name\":\"Accueil\",\"item\":\"https:\/\/fhu-premimpact.org\/en\/\"},{\"@type\":\"ListItem\",\"position\":2,\"name\":\"Focus\",\"item\":\"https:\/\/fhu-premimpact.org\/en\/focus\/\"},{\"@type\":\"ListItem\",\"position\":3,\"name\":\"La vaccination contre le Covid-19 r\u00e9duit le risque de maladie s\u00e9v\u00e8re pendant la grossesse et de pr\u00e9maturit\u00e9\u00a0\"}]},{\"@type\":\"WebSite\",\"@id\":\"https:\/\/fhu-premimpact.org\/en\/#website\",\"url\":\"https:\/\/fhu-premimpact.org\/en\/\",\"name\":\"FHU PREM'IMPACT\",\"description\":\"Perinatal inflammation and prematurity\",\"publisher\":{\"@id\":\"https:\/\/fhu-premimpact.org\/en\/#organization\"},\"potentialAction\":[{\"@type\":\"SearchAction\",\"target\":{\"@type\":\"EntryPoint\",\"urlTemplate\":\"https:\/\/fhu-premimpact.org\/en\/?s={search_term_string}\"},\"query-input\":{\"@type\":\"PropertyValueSpecification\",\"valueRequired\":true,\"valueName\":\"search_term_string\"}}],\"inLanguage\":\"en-US\"},{\"@type\":\"Organization\",\"@id\":\"https:\/\/fhu-premimpact.org\/en\/#organization\",\"name\":\"FHU PREM'IMPACT\",\"url\":\"https:\/\/fhu-premimpact.org\/en\/\",\"logo\":{\"@type\":\"ImageObject\",\"inLanguage\":\"en-US\",\"@id\":\"https:\/\/fhu-premimpact.org\/en\/#\/schema\/logo\/image\/\",\"url\":\"https:\/\/fhu-premimpact.org\/wp-content\/uploads\/2025\/03\/logo-grand-centre-fhupremimpact.jpg\",\"contentUrl\":\"https:\/\/fhu-premimpact.org\/wp-content\/uploads\/2025\/03\/logo-grand-centre-fhupremimpact.jpg\",\"width\":1280,\"height\":720,\"caption\":\"FHU PREM'IMPACT\"},\"image\":{\"@id\":\"https:\/\/fhu-premimpact.org\/en\/#\/schema\/logo\/image\/\"},\"sameAs\":[\"https:\/\/www.instagram.com\/fhupremimpact\/\",\"https:\/\/www.linkedin.com\/in\/fhu-prem-impact-ap-hp-inserm-universit-paris-cit-70b911253\/\"]}]}<\/script>\n<!-- \/ Yoast SEO plugin. -->","yoast_head_json":{"title":"La vaccination contre le Covid-19 r\u00e9duit le risque de maladie s\u00e9v\u00e8re pendant la grossesse et de pr\u00e9maturit\u00e9\u00a0 - FHU Prem&#039;IMPACT","robots":{"index":"index","follow":"follow","max-snippet":"max-snippet:-1","max-image-preview":"max-image-preview:large","max-video-preview":"max-video-preview:-1"},"canonical":"https:\/\/fhu-premimpact.org\/en\/focus\/vers-un-futur-vaccin-contre-la-meningite-bacterienne-du-nouveau-ne-copie-copie-3-copie-copie-4\/","og_locale":"en_US","og_type":"article","og_title":"La vaccination contre le Covid-19 r\u00e9duit le risque de maladie s\u00e9v\u00e8re pendant la grossesse et de pr\u00e9maturit\u00e9\u00a0 - FHU Prem&#039;IMPACT","og_description":"WASHINGTON, 15 d\u00e9cembre 2025 &#8211; Les femmes enceintes contractant le Covid-19 ont moins de risques de maladie s\u00e9v\u00e8re et d&#8217;accouchement pr\u00e9matur\u00e9 si elles ont \u00e9t\u00e9 vaccin\u00e9es avant ou pendant la grossesse, aussi bien en p\u00e9riode de circulation du variant delta que du variant omicron, selon une \u00e9tude canadienne publi\u00e9e dans le Journal of the American [&hellip;]","og_url":"https:\/\/fhu-premimpact.org\/en\/focus\/vers-un-futur-vaccin-contre-la-meningite-bacterienne-du-nouveau-ne-copie-copie-3-copie-copie-4\/","og_site_name":"FHU Prem&#039;IMPACT","article_modified_time":"2026-04-16T10:15:00+00:00","twitter_card":"summary_large_image","twitter_misc":{"Est. reading time":"3 minutes"},"schema":{"@context":"https:\/\/schema.org","@graph":[{"@type":"WebPage","@id":"https:\/\/fhu-premimpact.org\/en\/focus\/vers-un-futur-vaccin-contre-la-meningite-bacterienne-du-nouveau-ne-copie-copie-3-copie-copie-4\/","url":"https:\/\/fhu-premimpact.org\/en\/focus\/vers-un-futur-vaccin-contre-la-meningite-bacterienne-du-nouveau-ne-copie-copie-3-copie-copie-4\/","name":"La vaccination contre le Covid-19 r\u00e9duit le risque de maladie s\u00e9v\u00e8re pendant la grossesse et de pr\u00e9maturit\u00e9\u00a0 - FHU Prem&#039;IMPACT","isPartOf":{"@id":"https:\/\/fhu-premimpact.org\/en\/#website"},"datePublished":"2025-12-15T12:18:00+00:00","dateModified":"2026-04-16T10:15:00+00:00","breadcrumb":{"@id":"https:\/\/fhu-premimpact.org\/en\/focus\/vers-un-futur-vaccin-contre-la-meningite-bacterienne-du-nouveau-ne-copie-copie-3-copie-copie-4\/#breadcrumb"},"inLanguage":"en-US","potentialAction":[{"@type":"ReadAction","target":["https:\/\/fhu-premimpact.org\/en\/focus\/vers-un-futur-vaccin-contre-la-meningite-bacterienne-du-nouveau-ne-copie-copie-3-copie-copie-4\/"]}]},{"@type":"BreadcrumbList","@id":"https:\/\/fhu-premimpact.org\/en\/focus\/vers-un-futur-vaccin-contre-la-meningite-bacterienne-du-nouveau-ne-copie-copie-3-copie-copie-4\/#breadcrumb","itemListElement":[{"@type":"ListItem","position":1,"name":"Accueil","item":"https:\/\/fhu-premimpact.org\/en\/"},{"@type":"ListItem","position":2,"name":"Focus","item":"https:\/\/fhu-premimpact.org\/en\/focus\/"},{"@type":"ListItem","position":3,"name":"La vaccination contre le Covid-19 r\u00e9duit le risque de maladie s\u00e9v\u00e8re pendant la grossesse et de pr\u00e9maturit\u00e9\u00a0"}]},{"@type":"WebSite","@id":"https:\/\/fhu-premimpact.org\/en\/#website","url":"https:\/\/fhu-premimpact.org\/en\/","name":"FHU PREM'IMPACT","description":"Perinatal inflammation and prematurity","publisher":{"@id":"https:\/\/fhu-premimpact.org\/en\/#organization"},"potentialAction":[{"@type":"SearchAction","target":{"@type":"EntryPoint","urlTemplate":"https:\/\/fhu-premimpact.org\/en\/?s={search_term_string}"},"query-input":{"@type":"PropertyValueSpecification","valueRequired":true,"valueName":"search_term_string"}}],"inLanguage":"en-US"},{"@type":"Organization","@id":"https:\/\/fhu-premimpact.org\/en\/#organization","name":"FHU PREM'IMPACT","url":"https:\/\/fhu-premimpact.org\/en\/","logo":{"@type":"ImageObject","inLanguage":"en-US","@id":"https:\/\/fhu-premimpact.org\/en\/#\/schema\/logo\/image\/","url":"https:\/\/fhu-premimpact.org\/wp-content\/uploads\/2025\/03\/logo-grand-centre-fhupremimpact.jpg","contentUrl":"https:\/\/fhu-premimpact.org\/wp-content\/uploads\/2025\/03\/logo-grand-centre-fhupremimpact.jpg","width":1280,"height":720,"caption":"FHU PREM'IMPACT"},"image":{"@id":"https:\/\/fhu-premimpact.org\/en\/#\/schema\/logo\/image\/"},"sameAs":["https:\/\/www.instagram.com\/fhupremimpact\/","https:\/\/www.linkedin.com\/in\/fhu-prem-impact-ap-hp-inserm-universit-paris-cit-70b911253\/"]}]}},"uagb_featured_image_src":{"full":false,"thumbnail":false,"medium":false,"medium_large":false,"large":false,"1536x1536":false,"2048x2048":false,"post-thumbnail":false,"twentytwenty-fullscreen":false},"uagb_author_info":{"display_name":"Laurence Lecomte","author_link":"https:\/\/fhu-premimpact.org\/en\/author\/laurence-lecomte\/"},"uagb_comment_info":0,"uagb_excerpt":"WASHINGTON, 15 d\u00e9cembre 2025 &#8211; Les femmes enceintes contractant le Covid-19 ont moins de risques de maladie s\u00e9v\u00e8re et d&#8217;accouchement pr\u00e9matur\u00e9 si elles ont \u00e9t\u00e9 vaccin\u00e9es avant ou pendant la grossesse, aussi bien en p\u00e9riode de circulation du variant delta que du variant omicron, selon une \u00e9tude canadienne publi\u00e9e dans le Journal of the American&hellip;","_links":{"self":[{"href":"https:\/\/fhu-premimpact.org\/en\/wp-json\/wp\/v2\/pages\/8975","targetHints":{"allow":["GET"]}}],"collection":[{"href":"https:\/\/fhu-premimpact.org\/en\/wp-json\/wp\/v2\/pages"}],"about":[{"href":"https:\/\/fhu-premimpact.org\/en\/wp-json\/wp\/v2\/types\/page"}],"author":[{"embeddable":true,"href":"https:\/\/fhu-premimpact.org\/en\/wp-json\/wp\/v2\/users\/87"}],"replies":[{"embeddable":true,"href":"https:\/\/fhu-premimpact.org\/en\/wp-json\/wp\/v2\/comments?post=8975"}],"version-history":[{"count":2,"href":"https:\/\/fhu-premimpact.org\/en\/wp-json\/wp\/v2\/pages\/8975\/revisions"}],"predecessor-version":[{"id":9010,"href":"https:\/\/fhu-premimpact.org\/en\/wp-json\/wp\/v2\/pages\/8975\/revisions\/9010"}],"up":[{"embeddable":true,"href":"https:\/\/fhu-premimpact.org\/en\/wp-json\/wp\/v2\/pages\/151"}],"wp:attachment":[{"href":"https:\/\/fhu-premimpact.org\/en\/wp-json\/wp\/v2\/media?parent=8975"}],"curies":[{"name":"wp","href":"https:\/\/api.w.org\/{rel}","templated":true}]}}