{"id":8627,"date":"2025-08-20T10:19:27","date_gmt":"2025-08-20T08:19:27","guid":{"rendered":"https:\/\/fhu-premimpact.org\/?page_id=8627"},"modified":"2025-12-08T10:44:56","modified_gmt":"2025-12-08T09:44:56","slug":"jmp-2024-environnement-sensoriel-et-place-des-parents-copie-2","status":"publish","type":"page","link":"https:\/\/fhu-premimpact.org\/en\/enseignement\/formations-et-dpc\/jmp-2024-environnement-sensoriel-et-place-des-parents-copie-2\/","title":{"rendered":"JMP 2025 : \u00ab LE Z\u00c9RO S\u00c9PARATION\u00bb"},"content":{"rendered":"\n<p><\/p>\n\n\n\n<p><\/p>\n\n\n\n<h3 class=\"wp-block-heading has-text-align-center\">Le 17 novembre 2025 au rez de jardin de la maternit\u00e9<br> Port-Royal, H\u00f4pital Cochin , Paris 14<sup>\u00e8me<\/sup><\/h3>\n\n\n\n<h4 class=\"wp-block-heading\">Comit\u00e9 d&#8217;organisation<\/h4>\n\n\n\n<ul class=\"wp-block-list\">\n<li>Pr Olivier Baud<\/li>\n\n\n\n<li>Madame Laurence Raclet<\/li>\n<\/ul>\n\n\n\n<h4 class=\"wp-block-heading\">Comit\u00e9 scientifique<\/h4>\n\n\n\n<ul class=\"wp-block-list\">\n<li>Pr Olivier Baud (Maternit\u00e9 Port-Royal, H\u00f4pital Cochin, Paris)<\/li>\n\n\n\n<li>Pre Val\u00e9rie Biran (H\u00f4pital Robert Debr\u00e9, Paris)<\/li>\n\n\n\n<li>Pre Elsa Kermorvant (H\u00f4pital Necker-Enfants Malades, Paris)<\/li>\n\n\n\n<li>Pr Thomas Schmitz (H\u00f4pital Robert Debr\u00e9, Paris)<\/li>\n\n\n\n<li>Madame Audrey Reynaud (association SOS Pr\u00e9ma)<br><\/li>\n<\/ul>\n\n\n\n<h4 class=\"wp-block-heading\"><strong>Livesketching&nbsp;: <\/strong>Tatienne Laplanche <\/h4>\n\n\n\n<p><strong>\u20ac <\/strong>: Tarif de la journ\u00e9e \u00e0 partir de 30\u20ac<\/p>\n\n\n\n<p>\ud83d\udd58 :1\/2 journ\u00e9e en pr\u00e9sentiel (\u00e0 partir de 14h)<\/p>\n\n\n\n<p>\u2712\ufe0f : Inscription jusqu&#8217;au jour J<\/p>\n\n\n\n<p><strong>\ud83c\udfaf<\/strong>Public cible : N\u00e9onatologistes, P\u00e9diatres, Gyn\u00e9cologues-Obst\u00e9triciens, Pharmaciens, Biologistes, Sages-Femmes, Pu\u00e9ricultrices et autres Professionnels de la Sant\u00e9, Parents.<\/p>\n\n\n\n<p> <strong>\ud83e\udded<\/strong> Objectif : conna\u00eetre le concept du z\u00e9ro s\u00e9paration pour le nouveau-n\u00e9 pr\u00e9matur\u00e9<\/p>\n\n\n\n<p>\ud83e\uddbdAccessibilit\u00e9s aux personnes en situation de handicap: nous contacter par mail : laurence.raclet@aphp.fr<\/p>\n\n\n\n<p>\u2139\ufe0f <a href=\"mailto:laurence.raclet@aphp.fr\">laurence.raclet@aphp.fr<\/a><\/p>\n\n\n\n<p>\ud83e\udd14Aucun pr\u00e9requis<\/p>\n\n\n\n<h4 class=\"wp-block-heading has-text-align-center\">PROGRAMME<\/h4>\n\n\n\n<p id=\"block-c6afd442-39bc-4bca-881d-8d754086ac82\"><strong>14 H :<\/strong> Introduction de la journ\u00e9e.<br><strong>Pr Olivier BAUD,<\/strong> N\u00e9onatologiste \u2013 AP-HP H\u00f4pital Cochin &#8211; Port-Royal &#8211; Paris.<\/p>\n\n\n\n<ul class=\"wp-block-list\">\n<li><strong>Quels sont les bienfaits du \u00ab&nbsp;z\u00e9ro s\u00e9paration&nbsp;\u00bb&nbsp;? Le rationnel psychologique.<\/strong><br><strong>Dre Anne-Sophie Mintz<\/strong>, D\u00e9partement de Psychiatrie, Institut Mutualiste Montsouris, Paris<\/li>\n\n\n\n<li><strong><strong>Le z\u00e9ro s\u00e9paration : <strong>du rationnel biologique \u00e0 la pratique clinique.<\/strong><\/strong><\/strong> <br><strong>Dre Aline Rideau Batista Novais<\/strong>, H\u00f4pital Robert Debr\u00e9, Paris<\/li>\n\n\n\n<li><strong><strong><strong>Nouvelle mani\u00e8re de concevoir l\u2019accueil du nouveau-n\u00e9 en niveau 3 et le couplet-care total en pratique de niveau 2B,<\/strong> vus par l\u2019obst\u00e9tricien<\/strong>. <\/strong><br><strong>Pr Damien Subtil<\/strong> (Obst\u00e9tricien au CHU de Lille et Pr\u00e9sident d\u2019IHAB France) &amp;<strong> Dre Claire Chauvi\u00e8re<\/strong>,obst\u00e9tricienne au CH<strong> <\/strong>de Roubaix<\/li>\n\n\n\n<li><strong>R\u00e9animer le nouveau-n\u00e9 en pr\u00e9sence de ses parents<\/strong>.<br><strong>Dre V\u00e9ronique Br\u00e9vaut-Malaty<\/strong> (p\u00e9diatre en r\u00e9animation n\u00e9onatale \u00e0 l&#8217;Assistance Publique- H\u00f4pitaux de Marseille) et <strong>Audrey Reynaud<\/strong> (Association SOS Pr\u00e9ma)<\/li>\n\n\n\n<li><strong>Table ronde&nbsp;: point de vue des enfants n\u00e9s pr\u00e9matur\u00e9s et des parents sur le \u00ab&nbsp;z\u00e9ro s\u00e9paration&nbsp;\u00bb<\/strong>.<br>\n<ul class=\"wp-block-list\">\n<li>Lorraine PETIT, mod\u00e9ratrice (Psychologue, Port-Royal)&nbsp;;<\/li>\n\n\n\n<li>Lucie Argouarc\u2019h (Infirmi\u00e8re pu\u00e9ricultrice, Port-Royal)&nbsp;;<\/li>\n\n\n\n<li>Aurore Allen (Infirmi\u00e8re pu\u00e9ricultrice formatrice)&nbsp;;<\/li>\n\n\n\n<li>2 enfants n\u00e9s pr\u00e9matur\u00e9s&nbsp;;<\/li>\n\n\n\n<li>2 parents&nbsp;;<\/li>\n\n\n\n<li>Audrey Reynaud (association SOS PREMA)&nbsp;;<\/li>\n\n\n\n<li>C\u00e9line Camilleri (association grossesse sant\u00e9 contre la pr\u00e9\u00e9clampsie).<\/li>\n<\/ul>\n<\/li>\n\n\n\n<li><strong>Comment d\u00e9passer les contraintes architecturales pour favoriser le \u00ab&nbsp;z\u00e9ro s\u00e9paration&nbsp;\u00bb au cours de l\u2019hospitalisation&nbsp;? l\u2019exemple du CHIC<\/strong>.<br><strong>Dre Laurence Caeymaex<\/strong>, p\u00e9diatre en r\u00e9animation n\u00e9onatale \u2013 CHI Cr\u00e9teil &amp; <strong>Adeline Granger<\/strong>, Infirmi\u00e8re pu\u00e9ricultrice\u2013 CHI Cr\u00e9teil<\/li>\n\n\n\n<li><strong>Restitution du Life sketching.&nbsp;<\/strong><br><strong>Tatienne Laplanche<\/strong> <strong>&amp; Pr Olivier Baud<\/strong><\/li>\n\n\n\n<li>Cl\u00f4ture de la journ\u00e9e :<strong> Pr Olivier BAUD<\/strong>, N\u00e9onatologiste, AP-HP H\u00f4pital Cochin, Port-Royal, Paris.<\/li>\n<\/ul>\n\n\n\n<p><strong>18H00 : Pause d\u00e9salt\u00e9rante.<\/strong><br>Salle Capitulaire, Clo\u00eetre de Port-Royal, H\u00f4pital Cochin.<br><strong>18H45 : Concert en partenariat avec la Fondation Gautier Capu\u00e7on<\/strong>, <br>Choeur des religieuses, Clo\u00eetre de Port-Royal, H\u00f4pital Cochin.<br><strong>19H45 : Cocktail dinatoire.<\/strong><br>Salle Capitulaire, Clo\u00eetre de Port-Royal, H\u00f4pital Cochin.<\/p>\n\n\n\n<h2 class=\"wp-block-heading\">Inscription<\/h2>\n\n\n\n<p>Pour les <strong>membres de la FHU Prem\u2019IMPACT :<\/strong><\/p>\n\n\n\n<ul class=\"wp-block-list\">\n<li><strong><u>L\u2019inscription est gratuite mais obligatoire<\/u><\/strong> pour tous les membres de notre FHU. Les demandes doivent \u00eatre adress\u00e9es <strong>uniquement<\/strong> par mail \u00e0 <a href=\"mailto:laurence.raclet@aphp.fr\">laurence.raclet@aphp.fr<\/a> <strong>en pr\u00e9cisant votre Pr\u00e9nom, Nom et Fonction<\/strong>. Une confirmation d\u2019inscription vous sera alors adress\u00e9e par retour de mail.<\/li>\n<\/ul>\n\n\n\n<p>Pour les <strong>non-membres<\/strong> <strong>de la FHU prem\u2019IMPACT<\/strong> :<\/p>\n\n\n\n<ul class=\"wp-block-list\">\n<li>L\u2019inscription et le paiement \u00e0 l\u2019association de n\u00e9onatologie de Port-Royal se fait via la plateforme Stripe et les liens ci-dessous :<ul><li>Pour les m\u00e9decins&nbsp;: 90\u20ac<\/li><\/ul>\n<ul class=\"wp-block-list\">\n<li>Pour les non m\u00e9decins (Sage-femmes, Param\u00e9dical, Non professionnel de sant\u00e9, Enfants et Parents..)&nbsp;: 30 \u20ac<\/li>\n<\/ul>\n<\/li>\n<\/ul>\n\n\n\n<ul class=\"wp-block-list\">\n<li><strong><u>L\u2019inscription est gratuite mais obligatoire<\/u><\/strong> pour tous les membres de notre FHU. Les demandes doivent \u00eatre adress\u00e9es uniquement par mail \u00e0 <a href=\"mailto:laurence.raclet@aphp.fr\">laurence.raclet@aphp.fr<\/a> <strong>en pr\u00e9cisant votre Pr\u00e9nom, Nom et Fonction<\/strong>. Une confirmation d\u2019inscription vous sera alors adress\u00e9e par retour de mail.<\/li>\n<\/ul>\n\n\n\n<h5 class=\"wp-block-heading\">M\u00e9decin<\/h5>\n\n\n\n<p><a href=\"https:\/\/buy.stripe.com\/cNi6oG4JVdrA3iR1REc3m04\">S&#8217;inscrire \u00e0 la Journ\u00e9e Mondiale de la Pr\u00e9maturit\u00e9 &#8211; 2025 &#8211; M\u00e9decin<\/a><\/p>\n\n\n\n<h5 class=\"wp-block-heading\">Non m\u00e9decin<\/h5>\n\n\n\n<p>Sage-femmes, Param\u00e9dical, non professionnel de sant\u00e9, Enfants et Parents&#8230;<\/p>\n\n\n\n<p><a href=\"https:\/\/buy.stripe.com\/3cI28q6S35Z8dXvgMyc3m05\">S&#8217;inscrire \u00e0 la Journ\u00e9e Mondiale de la Pr\u00e9maturit\u00e9 2025 &#8211; Non M\u00e9decin<\/a><\/p>\n\n\n\n<div class=\"wp-block-columns is-layout-flex wp-container-core-columns-is-layout-9d6595d7 wp-block-columns-is-layout-flex\">\n<div class=\"wp-block-column is-layout-flow wp-block-column-is-layout-flow\"><div class=\"wp-block-image\">\n<figure class=\"aligncenter size-full is-resized\"><img loading=\"lazy\" decoding=\"async\" width=\"780\" height=\"585\" src=\"https:\/\/fhu-premimpact.org\/wp-content\/uploads\/2024\/08\/PORT-ROYAL-cloitre.jpg\" alt=\"\" class=\"wp-image-7612\" style=\"width:479px;height:auto\" srcset=\"https:\/\/fhu-premimpact.org\/wp-content\/uploads\/2024\/08\/PORT-ROYAL-cloitre.jpg 780w, https:\/\/fhu-premimpact.org\/wp-content\/uploads\/2024\/08\/PORT-ROYAL-cloitre-300x225.jpg 300w, https:\/\/fhu-premimpact.org\/wp-content\/uploads\/2024\/08\/PORT-ROYAL-cloitre-768x576.jpg 768w\" sizes=\"auto, (max-width: 780px) 100vw, 780px\" \/><\/figure>\n<\/div><\/div>\n\n\n\n<div class=\"wp-block-column is-layout-flow wp-block-column-is-layout-flow\">\n<figure class=\"wp-block-image size-large is-resized\"><img loading=\"lazy\" decoding=\"async\" width=\"1024\" height=\"768\" src=\"https:\/\/fhu-premimpact.org\/wp-content\/uploads\/2025\/12\/IMG_expo-photo-grille-1024x768.jpg\" alt=\"\" class=\"wp-image-8896\" style=\"width:479px;height:auto\" srcset=\"https:\/\/fhu-premimpact.org\/wp-content\/uploads\/2025\/12\/IMG_expo-photo-grille-1024x768.jpg 1024w, https:\/\/fhu-premimpact.org\/wp-content\/uploads\/2025\/12\/IMG_expo-photo-grille-300x225.jpg 300w, https:\/\/fhu-premimpact.org\/wp-content\/uploads\/2025\/12\/IMG_expo-photo-grille-768x576.jpg 768w, https:\/\/fhu-premimpact.org\/wp-content\/uploads\/2025\/12\/IMG_expo-photo-grille-1536x1152.jpg 1536w, https:\/\/fhu-premimpact.org\/wp-content\/uploads\/2025\/12\/IMG_expo-photo-grille-2048x1536.jpg 2048w, https:\/\/fhu-premimpact.org\/wp-content\/uploads\/2025\/12\/IMG_expo-photo-grille-1200x900.jpg 1200w, https:\/\/fhu-premimpact.org\/wp-content\/uploads\/2025\/12\/IMG_expo-photo-grille-1980x1485.jpg 1980w\" sizes=\"auto, (max-width: 1024px) 100vw, 1024px\" \/><\/figure>\n<\/div>\n<\/div>\n\n\n","protected":false},"excerpt":{"rendered":"<p>Le 17 novembre 2025 au rez de jardin de la maternit\u00e9 Port-Royal, H\u00f4pital Cochin , Paris 14\u00e8me Comit\u00e9 d&#8217;organisation Comit\u00e9 scientifique Livesketching&nbsp;: Tatienne Laplanche \u20ac : Tarif de la journ\u00e9e \u00e0 partir de 30\u20ac \ud83d\udd58 :1\/2 journ\u00e9e en pr\u00e9sentiel (\u00e0 partir de 14h) \u2712\ufe0f : Inscription jusqu&#8217;au jour J \ud83c\udfafPublic cible : N\u00e9onatologistes, P\u00e9diatres, Gyn\u00e9cologues-Obst\u00e9triciens, [&hellip;]<\/p>\n","protected":false},"author":87,"featured_media":8896,"parent":257,"menu_order":0,"comment_status":"closed","ping_status":"closed","template":"","meta":{"_editorskit_title_hidden":false,"_editorskit_reading_time":0,"_editorskit_is_block_options_detached":false,"_editorskit_block_options_position":"{}","_uag_custom_page_level_css":"","footnotes":""},"class_list":["post-8627","page","type-page","status-publish","has-post-thumbnail","hentry"],"yoast_head":"<!-- This site is optimized with the Yoast SEO plugin v27.2 - https:\/\/yoast.com\/product\/yoast-seo-wordpress\/ -->\n<title>JMP 2025 : \u00ab LE Z\u00c9RO S\u00c9PARATION\u00bb - FHU Prem&#039;IMPACT<\/title>\n<meta name=\"robots\" content=\"index, follow, max-snippet:-1, max-image-preview:large, max-video-preview:-1\" \/>\n<link rel=\"canonical\" href=\"https:\/\/fhu-premimpact.org\/en\/enseignement\/formations-et-dpc\/jmp-2024-environnement-sensoriel-et-place-des-parents-copie-2\/\" \/>\n<meta property=\"og:locale\" content=\"en_US\" \/>\n<meta property=\"og:type\" content=\"article\" \/>\n<meta property=\"og:title\" content=\"JMP 2025 : \u00ab LE Z\u00c9RO S\u00c9PARATION\u00bb - FHU Prem&#039;IMPACT\" \/>\n<meta property=\"og:description\" content=\"Le 17 novembre 2025 au rez de jardin de la maternit\u00e9 Port-Royal, H\u00f4pital Cochin , Paris 14\u00e8me Comit\u00e9 d&#8217;organisation Comit\u00e9 scientifique Livesketching&nbsp;: Tatienne Laplanche \u20ac : Tarif de la journ\u00e9e \u00e0 partir de 30\u20ac \ud83d\udd58 :1\/2 journ\u00e9e en pr\u00e9sentiel (\u00e0 partir de 14h) \u2712\ufe0f : Inscription jusqu&#8217;au jour J \ud83c\udfafPublic cible : N\u00e9onatologistes, P\u00e9diatres, Gyn\u00e9cologues-Obst\u00e9triciens, [&hellip;]\" \/>\n<meta property=\"og:url\" content=\"https:\/\/fhu-premimpact.org\/en\/enseignement\/formations-et-dpc\/jmp-2024-environnement-sensoriel-et-place-des-parents-copie-2\/\" \/>\n<meta property=\"og:site_name\" content=\"FHU Prem&#039;IMPACT\" \/>\n<meta property=\"article:modified_time\" content=\"2025-12-08T09:44:56+00:00\" \/>\n<meta property=\"og:image\" content=\"https:\/\/fhu-premimpact.org\/wp-content\/uploads\/2025\/12\/IMG_expo-photo-grille-scaled.jpg\" \/>\n\t<meta property=\"og:image:width\" content=\"2560\" \/>\n\t<meta property=\"og:image:height\" content=\"1920\" \/>\n\t<meta property=\"og:image:type\" content=\"image\/jpeg\" \/>\n<meta name=\"twitter:card\" content=\"summary_large_image\" \/>\n<meta name=\"twitter:label1\" content=\"Est. reading time\" \/>\n\t<meta name=\"twitter:data1\" content=\"4 minutes\" \/>\n<script type=\"application\/ld+json\" class=\"yoast-schema-graph\">{\"@context\":\"https:\/\/schema.org\",\"@graph\":[{\"@type\":\"WebPage\",\"@id\":\"https:\/\/fhu-premimpact.org\/en\/enseignement\/formations-et-dpc\/jmp-2024-environnement-sensoriel-et-place-des-parents-copie-2\/\",\"url\":\"https:\/\/fhu-premimpact.org\/en\/enseignement\/formations-et-dpc\/jmp-2024-environnement-sensoriel-et-place-des-parents-copie-2\/\",\"name\":\"JMP 2025 : \u00ab LE Z\u00c9RO S\u00c9PARATION\u00bb - FHU Prem&#039;IMPACT\",\"isPartOf\":{\"@id\":\"https:\/\/fhu-premimpact.org\/en\/#website\"},\"primaryImageOfPage\":{\"@id\":\"https:\/\/fhu-premimpact.org\/en\/enseignement\/formations-et-dpc\/jmp-2024-environnement-sensoriel-et-place-des-parents-copie-2\/#primaryimage\"},\"image\":{\"@id\":\"https:\/\/fhu-premimpact.org\/en\/enseignement\/formations-et-dpc\/jmp-2024-environnement-sensoriel-et-place-des-parents-copie-2\/#primaryimage\"},\"thumbnailUrl\":\"https:\/\/fhu-premimpact.org\/wp-content\/uploads\/2025\/12\/IMG_expo-photo-grille-scaled.jpg\",\"datePublished\":\"2025-08-20T08:19:27+00:00\",\"dateModified\":\"2025-12-08T09:44:56+00:00\",\"breadcrumb\":{\"@id\":\"https:\/\/fhu-premimpact.org\/en\/enseignement\/formations-et-dpc\/jmp-2024-environnement-sensoriel-et-place-des-parents-copie-2\/#breadcrumb\"},\"inLanguage\":\"en-US\",\"potentialAction\":[{\"@type\":\"ReadAction\",\"target\":[\"https:\/\/fhu-premimpact.org\/en\/enseignement\/formations-et-dpc\/jmp-2024-environnement-sensoriel-et-place-des-parents-copie-2\/\"]}]},{\"@type\":\"ImageObject\",\"inLanguage\":\"en-US\",\"@id\":\"https:\/\/fhu-premimpact.org\/en\/enseignement\/formations-et-dpc\/jmp-2024-environnement-sensoriel-et-place-des-parents-copie-2\/#primaryimage\",\"url\":\"https:\/\/fhu-premimpact.org\/wp-content\/uploads\/2025\/12\/IMG_expo-photo-grille-scaled.jpg\",\"contentUrl\":\"https:\/\/fhu-premimpact.org\/wp-content\/uploads\/2025\/12\/IMG_expo-photo-grille-scaled.jpg\",\"width\":2560,\"height\":1920},{\"@type\":\"BreadcrumbList\",\"@id\":\"https:\/\/fhu-premimpact.org\/en\/enseignement\/formations-et-dpc\/jmp-2024-environnement-sensoriel-et-place-des-parents-copie-2\/#breadcrumb\",\"itemListElement\":[{\"@type\":\"ListItem\",\"position\":1,\"name\":\"Accueil\",\"item\":\"https:\/\/fhu-premimpact.org\/en\/\"},{\"@type\":\"ListItem\",\"position\":2,\"name\":\"Enseignement\",\"item\":\"https:\/\/fhu-premimpact.org\/en\/enseignement\/\"},{\"@type\":\"ListItem\",\"position\":3,\"name\":\"S\u00e9minaires et formations\",\"item\":\"https:\/\/fhu-premimpact.org\/en\/enseignement\/formations-et-dpc\/\"},{\"@type\":\"ListItem\",\"position\":4,\"name\":\"JMP 2025 : \u00ab LE Z\u00c9RO S\u00c9PARATION\u00bb\"}]},{\"@type\":\"WebSite\",\"@id\":\"https:\/\/fhu-premimpact.org\/en\/#website\",\"url\":\"https:\/\/fhu-premimpact.org\/en\/\",\"name\":\"FHU PREM'IMPACT\",\"description\":\"Perinatal inflammation and prematurity\",\"publisher\":{\"@id\":\"https:\/\/fhu-premimpact.org\/en\/#organization\"},\"potentialAction\":[{\"@type\":\"SearchAction\",\"target\":{\"@type\":\"EntryPoint\",\"urlTemplate\":\"https:\/\/fhu-premimpact.org\/en\/?s={search_term_string}\"},\"query-input\":{\"@type\":\"PropertyValueSpecification\",\"valueRequired\":true,\"valueName\":\"search_term_string\"}}],\"inLanguage\":\"en-US\"},{\"@type\":\"Organization\",\"@id\":\"https:\/\/fhu-premimpact.org\/en\/#organization\",\"name\":\"FHU PREM'IMPACT\",\"url\":\"https:\/\/fhu-premimpact.org\/en\/\",\"logo\":{\"@type\":\"ImageObject\",\"inLanguage\":\"en-US\",\"@id\":\"https:\/\/fhu-premimpact.org\/en\/#\/schema\/logo\/image\/\",\"url\":\"https:\/\/fhu-premimpact.org\/wp-content\/uploads\/2025\/03\/logo-grand-centre-fhupremimpact.jpg\",\"contentUrl\":\"https:\/\/fhu-premimpact.org\/wp-content\/uploads\/2025\/03\/logo-grand-centre-fhupremimpact.jpg\",\"width\":1280,\"height\":720,\"caption\":\"FHU PREM'IMPACT\"},\"image\":{\"@id\":\"https:\/\/fhu-premimpact.org\/en\/#\/schema\/logo\/image\/\"},\"sameAs\":[\"https:\/\/www.instagram.com\/fhupremimpact\/\",\"https:\/\/www.linkedin.com\/in\/fhu-prem-impact-ap-hp-inserm-universit-paris-cit-70b911253\/\"]}]}<\/script>\n<!-- \/ Yoast SEO plugin. -->","yoast_head_json":{"title":"JMP 2025 : \u00ab LE Z\u00c9RO S\u00c9PARATION\u00bb - FHU Prem&#039;IMPACT","robots":{"index":"index","follow":"follow","max-snippet":"max-snippet:-1","max-image-preview":"max-image-preview:large","max-video-preview":"max-video-preview:-1"},"canonical":"https:\/\/fhu-premimpact.org\/en\/enseignement\/formations-et-dpc\/jmp-2024-environnement-sensoriel-et-place-des-parents-copie-2\/","og_locale":"en_US","og_type":"article","og_title":"JMP 2025 : \u00ab LE Z\u00c9RO S\u00c9PARATION\u00bb - FHU Prem&#039;IMPACT","og_description":"Le 17 novembre 2025 au rez de jardin de la maternit\u00e9 Port-Royal, H\u00f4pital Cochin , Paris 14\u00e8me Comit\u00e9 d&#8217;organisation Comit\u00e9 scientifique Livesketching&nbsp;: Tatienne Laplanche \u20ac : Tarif de la journ\u00e9e \u00e0 partir de 30\u20ac \ud83d\udd58 :1\/2 journ\u00e9e en pr\u00e9sentiel (\u00e0 partir de 14h) \u2712\ufe0f : Inscription jusqu&#8217;au jour J \ud83c\udfafPublic cible : N\u00e9onatologistes, P\u00e9diatres, Gyn\u00e9cologues-Obst\u00e9triciens, [&hellip;]","og_url":"https:\/\/fhu-premimpact.org\/en\/enseignement\/formations-et-dpc\/jmp-2024-environnement-sensoriel-et-place-des-parents-copie-2\/","og_site_name":"FHU Prem&#039;IMPACT","article_modified_time":"2025-12-08T09:44:56+00:00","og_image":[{"width":2560,"height":1920,"url":"https:\/\/fhu-premimpact.org\/wp-content\/uploads\/2025\/12\/IMG_expo-photo-grille-scaled.jpg","type":"image\/jpeg"}],"twitter_card":"summary_large_image","twitter_misc":{"Est. reading time":"4 minutes"},"schema":{"@context":"https:\/\/schema.org","@graph":[{"@type":"WebPage","@id":"https:\/\/fhu-premimpact.org\/en\/enseignement\/formations-et-dpc\/jmp-2024-environnement-sensoriel-et-place-des-parents-copie-2\/","url":"https:\/\/fhu-premimpact.org\/en\/enseignement\/formations-et-dpc\/jmp-2024-environnement-sensoriel-et-place-des-parents-copie-2\/","name":"JMP 2025 : \u00ab LE Z\u00c9RO S\u00c9PARATION\u00bb - FHU Prem&#039;IMPACT","isPartOf":{"@id":"https:\/\/fhu-premimpact.org\/en\/#website"},"primaryImageOfPage":{"@id":"https:\/\/fhu-premimpact.org\/en\/enseignement\/formations-et-dpc\/jmp-2024-environnement-sensoriel-et-place-des-parents-copie-2\/#primaryimage"},"image":{"@id":"https:\/\/fhu-premimpact.org\/en\/enseignement\/formations-et-dpc\/jmp-2024-environnement-sensoriel-et-place-des-parents-copie-2\/#primaryimage"},"thumbnailUrl":"https:\/\/fhu-premimpact.org\/wp-content\/uploads\/2025\/12\/IMG_expo-photo-grille-scaled.jpg","datePublished":"2025-08-20T08:19:27+00:00","dateModified":"2025-12-08T09:44:56+00:00","breadcrumb":{"@id":"https:\/\/fhu-premimpact.org\/en\/enseignement\/formations-et-dpc\/jmp-2024-environnement-sensoriel-et-place-des-parents-copie-2\/#breadcrumb"},"inLanguage":"en-US","potentialAction":[{"@type":"ReadAction","target":["https:\/\/fhu-premimpact.org\/en\/enseignement\/formations-et-dpc\/jmp-2024-environnement-sensoriel-et-place-des-parents-copie-2\/"]}]},{"@type":"ImageObject","inLanguage":"en-US","@id":"https:\/\/fhu-premimpact.org\/en\/enseignement\/formations-et-dpc\/jmp-2024-environnement-sensoriel-et-place-des-parents-copie-2\/#primaryimage","url":"https:\/\/fhu-premimpact.org\/wp-content\/uploads\/2025\/12\/IMG_expo-photo-grille-scaled.jpg","contentUrl":"https:\/\/fhu-premimpact.org\/wp-content\/uploads\/2025\/12\/IMG_expo-photo-grille-scaled.jpg","width":2560,"height":1920},{"@type":"BreadcrumbList","@id":"https:\/\/fhu-premimpact.org\/en\/enseignement\/formations-et-dpc\/jmp-2024-environnement-sensoriel-et-place-des-parents-copie-2\/#breadcrumb","itemListElement":[{"@type":"ListItem","position":1,"name":"Accueil","item":"https:\/\/fhu-premimpact.org\/en\/"},{"@type":"ListItem","position":2,"name":"Enseignement","item":"https:\/\/fhu-premimpact.org\/en\/enseignement\/"},{"@type":"ListItem","position":3,"name":"S\u00e9minaires et formations","item":"https:\/\/fhu-premimpact.org\/en\/enseignement\/formations-et-dpc\/"},{"@type":"ListItem","position":4,"name":"JMP 2025 : \u00ab LE Z\u00c9RO S\u00c9PARATION\u00bb"}]},{"@type":"WebSite","@id":"https:\/\/fhu-premimpact.org\/en\/#website","url":"https:\/\/fhu-premimpact.org\/en\/","name":"FHU PREM'IMPACT","description":"Perinatal inflammation and prematurity","publisher":{"@id":"https:\/\/fhu-premimpact.org\/en\/#organization"},"potentialAction":[{"@type":"SearchAction","target":{"@type":"EntryPoint","urlTemplate":"https:\/\/fhu-premimpact.org\/en\/?s={search_term_string}"},"query-input":{"@type":"PropertyValueSpecification","valueRequired":true,"valueName":"search_term_string"}}],"inLanguage":"en-US"},{"@type":"Organization","@id":"https:\/\/fhu-premimpact.org\/en\/#organization","name":"FHU PREM'IMPACT","url":"https:\/\/fhu-premimpact.org\/en\/","logo":{"@type":"ImageObject","inLanguage":"en-US","@id":"https:\/\/fhu-premimpact.org\/en\/#\/schema\/logo\/image\/","url":"https:\/\/fhu-premimpact.org\/wp-content\/uploads\/2025\/03\/logo-grand-centre-fhupremimpact.jpg","contentUrl":"https:\/\/fhu-premimpact.org\/wp-content\/uploads\/2025\/03\/logo-grand-centre-fhupremimpact.jpg","width":1280,"height":720,"caption":"FHU PREM'IMPACT"},"image":{"@id":"https:\/\/fhu-premimpact.org\/en\/#\/schema\/logo\/image\/"},"sameAs":["https:\/\/www.instagram.com\/fhupremimpact\/","https:\/\/www.linkedin.com\/in\/fhu-prem-impact-ap-hp-inserm-universit-paris-cit-70b911253\/"]}]}},"uagb_featured_image_src":{"full":["https:\/\/fhu-premimpact.org\/wp-content\/uploads\/2025\/12\/IMG_expo-photo-grille-scaled.jpg",2560,1920,false],"thumbnail":["https:\/\/fhu-premimpact.org\/wp-content\/uploads\/2025\/12\/IMG_expo-photo-grille-150x150.jpg",150,150,true],"medium":["https:\/\/fhu-premimpact.org\/wp-content\/uploads\/2025\/12\/IMG_expo-photo-grille-300x225.jpg",300,225,true],"medium_large":["https:\/\/fhu-premimpact.org\/wp-content\/uploads\/2025\/12\/IMG_expo-photo-grille-768x576.jpg",580,435,true],"large":["https:\/\/fhu-premimpact.org\/wp-content\/uploads\/2025\/12\/IMG_expo-photo-grille-1024x768.jpg",580,435,true],"1536x1536":["https:\/\/fhu-premimpact.org\/wp-content\/uploads\/2025\/12\/IMG_expo-photo-grille-1536x1152.jpg",1536,1152,true],"2048x2048":["https:\/\/fhu-premimpact.org\/wp-content\/uploads\/2025\/12\/IMG_expo-photo-grille-2048x1536.jpg",2048,1536,true],"post-thumbnail":["https:\/\/fhu-premimpact.org\/wp-content\/uploads\/2025\/12\/IMG_expo-photo-grille-1200x900.jpg",1200,900,true],"twentytwenty-fullscreen":["https:\/\/fhu-premimpact.org\/wp-content\/uploads\/2025\/12\/IMG_expo-photo-grille-1980x1485.jpg",1980,1485,true]},"uagb_author_info":{"display_name":"Laurence Lecomte","author_link":"https:\/\/fhu-premimpact.org\/en\/author\/laurence-lecomte\/"},"uagb_comment_info":0,"uagb_excerpt":"Le 17 novembre 2025 au rez de jardin de la maternit\u00e9 Port-Royal, H\u00f4pital Cochin , Paris 14\u00e8me Comit\u00e9 d&#8217;organisation Comit\u00e9 scientifique Livesketching&nbsp;: Tatienne Laplanche \u20ac : Tarif de la journ\u00e9e \u00e0 partir de 30\u20ac \ud83d\udd58 :1\/2 journ\u00e9e en pr\u00e9sentiel (\u00e0 partir de 14h) \u2712\ufe0f : Inscription jusqu&#8217;au jour J \ud83c\udfafPublic cible : N\u00e9onatologistes, P\u00e9diatres, Gyn\u00e9cologues-Obst\u00e9triciens,&hellip;","_links":{"self":[{"href":"https:\/\/fhu-premimpact.org\/en\/wp-json\/wp\/v2\/pages\/8627","targetHints":{"allow":["GET"]}}],"collection":[{"href":"https:\/\/fhu-premimpact.org\/en\/wp-json\/wp\/v2\/pages"}],"about":[{"href":"https:\/\/fhu-premimpact.org\/en\/wp-json\/wp\/v2\/types\/page"}],"author":[{"embeddable":true,"href":"https:\/\/fhu-premimpact.org\/en\/wp-json\/wp\/v2\/users\/87"}],"replies":[{"embeddable":true,"href":"https:\/\/fhu-premimpact.org\/en\/wp-json\/wp\/v2\/comments?post=8627"}],"version-history":[{"count":21,"href":"https:\/\/fhu-premimpact.org\/en\/wp-json\/wp\/v2\/pages\/8627\/revisions"}],"predecessor-version":[{"id":8913,"href":"https:\/\/fhu-premimpact.org\/en\/wp-json\/wp\/v2\/pages\/8627\/revisions\/8913"}],"up":[{"embeddable":true,"href":"https:\/\/fhu-premimpact.org\/en\/wp-json\/wp\/v2\/pages\/257"}],"wp:featuredmedia":[{"embeddable":true,"href":"https:\/\/fhu-premimpact.org\/en\/wp-json\/wp\/v2\/media\/8896"}],"wp:attachment":[{"href":"https:\/\/fhu-premimpact.org\/en\/wp-json\/wp\/v2\/media?parent=8627"}],"curies":[{"name":"wp","href":"https:\/\/api.w.org\/{rel}","templated":true}]}}