{"id":7813,"date":"2025-03-24T16:41:15","date_gmt":"2025-03-24T15:41:15","guid":{"rendered":"https:\/\/fhu-premimpact.org\/?page_id=7813"},"modified":"2026-04-23T15:50:10","modified_gmt":"2026-04-23T13:50:10","slug":"https-relations-medicales-com-jnn_2025","status":"publish","type":"page","link":"https:\/\/fhu-premimpact.org\/en\/enseignement\/congres\/https-relations-medicales-com-jnn_2025\/","title":{"rendered":"2025 &#8211; 54\u00e8mes Journ\u00e9es Nationales de N\u00e9onatologie"},"content":{"rendered":"<div class=\"wp-block-image\">\n<figure class=\"aligncenter size-large\"><img loading=\"lazy\" decoding=\"async\" width=\"1024\" height=\"285\" src=\"https:\/\/fhu-premimpact.org\/wp-content\/uploads\/2025\/03\/JNN_Prochain-evenement-2025-1024x285.png\" alt=\"\" class=\"wp-image-7815\" srcset=\"https:\/\/fhu-premimpact.org\/wp-content\/uploads\/2025\/03\/JNN_Prochain-evenement-2025-1024x285.png 1024w, https:\/\/fhu-premimpact.org\/wp-content\/uploads\/2025\/03\/JNN_Prochain-evenement-2025-300x84.png 300w, https:\/\/fhu-premimpact.org\/wp-content\/uploads\/2025\/03\/JNN_Prochain-evenement-2025-768x214.png 768w, https:\/\/fhu-premimpact.org\/wp-content\/uploads\/2025\/03\/JNN_Prochain-evenement-2025.png 1200w\" sizes=\"auto, (max-width: 1024px) 100vw, 1024px\" \/><\/figure>\n<\/div>\n\n\n<div class=\"wp-block-buttons is-layout-flex wp-block-buttons-is-layout-flex\">\n<div class=\"wp-block-button\"><a class=\"wp-block-button__link has-text-align-center wp-element-button\" href=\"https:\/\/relations-medicales.com\/jnn_2025\/\">inscivez-vous<\/a><\/div>\n<\/div>\n\n\n\n<h4 class=\"wp-block-heading\">Jeudi 27 mars \u2013 matin<\/h4>\n\n\n\n<p><strong>8h30-10h00<\/strong> <strong>TABLE RONDE n\u00b0 1<\/strong> :  <strong>In\u00e9galit\u00e9s sociales et p\u00e9rinatalit\u00e9<\/strong><br><br>Mod\u00e9rateurs :<br>Dr Farid BOUBRED : N\u00e9onatologiste &#8211; H\u00f4pital de la Conception &#8211; Marseille.<br>Pr Pierre-Henri JARREAU : N\u00e9onatologiste &#8211; H\u00f4pital Cochin-Port-Royal &#8211; Paris.<\/p>\n\n\n\n<p>1- Les in\u00e9galit\u00e9s socio-spatiales de mortalit\u00e9 et de morbidit\u00e9 \u00e0 la naissance en France : causes et cons\u00e9quences<br>Dre Jennifer ZEITLIN, Epid\u00e9miologiste &#8211; Directrice de recherche Inserm &#8211; Equipe de recherche en \u00e9pid\u00e9miologie Obst\u00e9tricale, P\u00e9rinatale et P\u00e9diatrique (EPOP\u00e9) &#8211; Universit\u00e9 Paris-Cit\u00e9.<\/p>\n\n\n\n<p>2\u2212 In\u00e9galit\u00e9s de sant\u00e9 somatique et mentale maternelle entre femmes migrantes et natives dans les pays \u00e0 hauts revenus <br>Pr Elie AZRIA, Gyn\u00e9cologue-obst\u00e9tricien &#8211; Maternit\u00e9 Notre Dame de Bon Secours &#8211; Epid\u00e9miologiste &#8211; \u00c9quipe de recherche en Epid\u00e9miologie Obst\u00e9tricale, P\u00e9rinatale et P\u00e9diatrique (EPOP\u00e9) &#8211; Universit\u00e9 Paris Cit\u00e9.<\/p>\n\n\n\n<p>3\u2212 Influence du d\u00e9savantage social sur la sant\u00e9 des enfants n\u00e9s pr\u00e9matur\u00e9s.<br>Dr Farid BOUBRED, N\u00e9onatologiste &#8211; H\u00f4pital de la Conception &#8211; Marseille.<\/p>\n\n\n\n<p><br><strong>10h00-11h00 CONF\u00c9RENCE n\u00b0 1<\/strong> : <strong>Les 1000 premiers jours : les pratiques parentales \u00e0 l\u2019\u00e9preuve de la Science<\/strong><br><br>Mod\u00e9rateur :<br>Pr Laurent STORME : N\u00e9onatologiste &#8211; H\u00f4pital Jeanne de Flandre &#8211; Lille.<br><br>1\u2212 Interactions entre pr\u00e9dispositions g\u00e9n\u00e9tiques de l\u2019enfant et pratiques parentales<br>Pr Franck RAMUS, Directeur de Recherche CNRS, Laboratoire de Sciences Cognitives et Psycholinguistique,\u00c9cole Normale Sup\u00e9rieure &#8211; Paris.<br><br> 2\u2212Troubles du sommeil du jeune enfant : place des strat\u00e9gies comportementales<br>Pre Patricia FRANCO, Neurop\u00e9diatre, Responsable de l\u2019Unit\u00e9 Sommeil de l\u2019enfant et Directrice de Centre de R\u00e9f\u00e9rence Maladies rares pour la Narcolepsie-Hypersomnie idiopathique de l\u2019enfant, CHU de Lyon et INSERM &#8211; Paris.<br><br><strong><br>11h30-13h00 TABLE RONDE n\u00b0 2 : strat\u00e9gies de communication avec les familles<\/strong><br><br>Mod\u00e9rateurs :<br>Pre P\u00e9tra HUPPI : N\u00e9onatologiste &#8211; H\u00f4pital des Enfants des HUG &#8211; Gen\u00e8ve &#8211; Suisse.<br>Pr Patrick PLADYS : P\u00e9diatre &#8211; CHU de Rennes.<br><br>1\u2212 Entretien motivationnel et h\u00e9sitation vaccinale.<br>Pr Arnaud GAGNEUR, N\u00e9onatologiste &#8211; Chercheur &#8211; Universit\u00e9 de Sherbrooke &#8211; Canada<br><br>2\u2212 Impact de l\u2019aversion aux risques et de l\u2019intol\u00e9rance \u00e0 l\u2019incertitude des m\u00e9decins sur le discours port\u00e9 aux familles en n\u00e9onatologie.<br>Mme Kelly SAINT DENNY, Psychologue &#8211; H\u00f4pital Jeanne de Flandre &#8211; Lille.<br><br>P 3\u2212 Entretien pr\u00e9natal dans le cadre des grossesses \u00e0 risque.<br>Dre Nadia MAZILLE-ORFANOS, P\u00e9diatre &#8211; CHRU de Rennes &#8211; Site H\u00f4pital Sud &#8211; Rennes.<br><\/p>\n\n\n\n<h4 class=\"wp-block-heading\">Jeudi 27 mars \u2013 apr\u00e8s-midi<\/h4>\n\n\n\n<p><strong>14h00-15h00 SYMPOSIUM : Quelles preuves sur les \u00e9mulsions lipidiques chez l\u2019enfant pr\u00e9matur\u00e9 en 2025 ?<\/strong><br><br>Mod\u00e9rateur :<br>Dre S\u00e9verine JASKULSKI, Pharmacienne, Baxter.<br><br>Quelle strat\u00e9gie lipidique en nutrition chez l\u2019enfant pr\u00e9matur\u00e9 ?<br>Pr Jean-Charles PICAUD, N\u00e9onatologiste &#8211; H\u00f4pital de la Croix Rousse &#8211; Lyon.<br><br>Impact des acides gras en nutrition parent\u00e9rale.<br>Dr Thibault SENTERRE, N\u00e9onatologiste, Senior Director Global Medical Affairs Baxter.<br><br><strong>15h00-16h00 CONF\u00c9RENCE n\u00b0 2<\/strong> <strong>: Devenir des enfants de la cohorte EPIPAGE 2 \u00e0 10 ans<\/strong><br><br>Mod\u00e9rateur :<br>Pr St\u00e9phane MARRET : P\u00e9diatre &#8211; H\u00f4pital Charles-Nicolle &#8211; Rouen.<br>Dre V\u00e9ronique PIERRAT, N\u00e9onatologiste &#8211; CHIC de Cr\u00e9teil &#8211; Chercheure \u00e9quipe Inserm &#8211; Universit\u00e9 de Paris<br>EPOP\u00e9 &#8211; \u00ab Equipe de Recherche en \u00c9pid\u00e9miologie Obst\u00e9tricale, P\u00e9rinatale et P\u00e9diatrique \u00bb (CRESS).<br><br><strong>16h30-18h00 TABLE RONDE n\u00b03 : Clampage retard\u00e9 du cordon et m\u00e9thodes alternatives : Actualit\u00e9s 2025<\/strong><br><br>Mod\u00e9rateurs :<br>Pr Laurent STORME : N\u00e9onatologiste &#8211; H\u00f4pital Jeanne de Flandre &#8211; Lille.<br>Pr Pierre TOURNEUX : N\u00e9onatologiste &#8211; CHU Amiens &#8211; Picardie &#8211; Site Sud &#8211; Amiens.<br><br>1\u2212 Clampage retard\u00e9 du cordon : rationnel physiologique<br>Pr Laurent STORME, N\u00e9onatologiste &#8211; H\u00f4pital Jeanne de Flandre &#8211; Lille.<br><br>2\u2212 Quelles strat\u00e9gies issues de la litt\u00e9rature adopter chez le nouveau-n\u00e9 pr\u00e9matur\u00e9 ?<br>Pr Pierre TOURNEUX, N\u00e9onatologiste &#8211; CHU Amiens &#8211; Picardie &#8211; Site Sud &#8211; Amiens.<br><br>3\u2212 Nouveau-n\u00e9 non vigoureux \u00e0 la naissance : quelle place pour la traite du cordon ?<br>Pr Anup C KATHERIA, Neonatologiste &#8211; Sharp Mary Birch Hospital for Women &amp; Newborns &#8211; San Diego &#8211; USA.<br><br>4\u2212 B\u00e9n\u00e9fices et risques de la r\u00e9animation \u00e0 cordon intact : Pourquoi, Quand et Pour Qui ?<br>Dr K\u00e9vin Le DUC, N\u00e9onatologiste &#8211; H\u00f4pital Jeanne de Flandre &#8211; Lille.<\/p>\n\n\n\n<h4 class=\"wp-block-heading\">Vendredi 28 mars \u2013 matin<\/h4>\n\n\n\n<p><strong>8h30-10h00 TABLE RONDE n\u00b0 4 : Vaccin maternel et anticorps postnataux : deux modalit\u00e9s d\u2019immunisation passive pour prot\u00e9ger le nouveau-n\u00e9<\/strong><br><br>Mod\u00e9rateurs :<br>Dr Olivia ANSELEM : Gyn\u00e9cologue-obst\u00e9tricien &#8211; Maternit\u00e9 Port-Royal-H\u00f4pital Cochin &#8211; Paris.<br>Pre Marine BUTIN &#8211; N\u00e9onatologiste &#8211; H\u00f4pital Femme M\u00e8re Enfant &#8211; Bron.<br><br>1\u2212 Immunisation maternelle : principes et efficacit\u00e9.<br>Pre Odile LAUNAY, Infectiologue &#8211; H\u00f4pital Cochin &#8211; Paris.<br><br>P 2\u2212 Pr\u00e9vention de l\u2019infection \u00e0 VRS du nourrisson : de la vaccination maternelle \u00e0 l\u2019immunisation post natale.<br>Pre Marie-Laure CHARKALUK, N\u00e9onatologiste &#8211; H\u00f4pital Saint-Vincent-de-Paul &#8211; Lille.<br><br>P 3\u2212 Comment am\u00e9liorer l\u2019application des recommandations vaccinales chez la femme enceinte ?<br>Mme Caroline BROCHET, Sage-femme &#8211; H\u00f4pital Armand Trousseau &#8211; Paris.<\/p>\n\n\n\n<p><strong>10h00-11h00 CONF\u00c9RENCE n\u00b0 3 : Omphaloc\u00e8les g\u00e9antes : la face cach\u00e9e de l\u2019iceberg<\/strong><br><br>Mod\u00e9rateur :<br>Pre Marine BUTIN : N\u00e9onatologiste &#8211; H\u00f4pital Femme M\u00e8re Enfant &#8211; Bron.<br><br>1\u2212 Dr Mohamed Riadh BOUKHRIS, P\u00e9diatre &#8211; H\u00f4pital Jeanne de Flandre &#8211; Lille.<br>2\u2212 Dr Rony SFEIR, Chirurgien infantile &#8211; H\u00f4pital Jeanne de Flandre &#8211; Lille.<br><strong><br>11h30-13h00 TABLE RONDE n\u00b0 5 : Inflammation f\u0153tale et n\u00e9onatale. Complications et cons\u00e9quences.<\/strong><br><br>Mod\u00e9rateurs :<br>Pr Olivier BAUD : N\u00e9onatologiste &#8211; H\u00f4pital Cochin- Port-Royal &#8211; Paris.<br>Pr Pierre GRESSENS : P\u00e9diatre neurologue &#8211; Chercheur Inserm 1141 &#8211; H\u00f4pital Robert Debr\u00e9 &#8211; Paris.<br><br>1\u2013 Inflammation pr\u00e9natale et programming tissulaire.<br>Pre Yasmine BELKAID, Immunologiste &#8211; Directrice g\u00e9n\u00e9rale de l\u2019Institut Pasteur &#8211; Paris<br><br>2\u2013 Inflammation p\u00e9rinatale et organes en d\u00e9veloppement : \u00e9vidences \u00e9pid\u00e9miologiques.<br>Pr Olivier BAUD, N\u00e9onatologiste &#8211; H\u00f4pital Cochin &#8211; Port-Royal &#8211; Paris.<br><br>3\u2013 Cons\u00e9quences sur le cerveau en d\u00e9veloppement : de la neuro-inflammation aux troubles du neurod\u00e9veloppement.<br>Pre G\u00e9raldine FAVRAIS, Service de R\u00e9animation N\u00e9onatale &#8211; CHU de Caen.<\/p>\n\n\n\n<p><strong>14h30-16h00 TABLE RONDE n\u00b0 6 : R\u00f4le du lait maternel et de l&#8217;allaitement dans la pr\u00e9vention<\/strong><br><br>Mod\u00e9rateurs :<br>Pr Jean-Charles PICAUD : N\u00e9onatologiste &#8211; H\u00f4pital de la Croix Rousse &#8211; Lyon.<br>Pre Charlotte TSCHERNING : N\u00e9onatologiste &#8211; Universit\u00e9 d\u2019Oslo &#8211; Norv\u00e8ge.<br><br>1\u2212 Allaitement et pr\u00e9vention de l&#8217;allergie en maternit\u00e9<br>Dre Rachel BUFFIN, P\u00e9diatre &#8211; M\u00e9decin responsable du LARA (Lactarium Auvergne Rh\u00f4ne Alpes) &#8211; Ecully.<br><br>2\u2212 Pr\u00e9vention de l&#8217;allergie, diversification et allaitement.<br>Pre Karin Cecilie L\u00d8DRUP CARLSEN, P\u00e9diatre &#8211; Oslo University Hospital Norway &#8211; Norv\u00e8ge.<br><br>3\u2212 Lait maternel de don et pr\u00e9vention des complications li\u00e9es a la pr\u00e9maturit\u00e9.<br>Pr Jean-Charles PICAUD, N\u00e9onatologiste &#8211; H\u00f4pital de la Croix Rousse &#8211; Lyon.<\/p>\n","protected":false},"excerpt":{"rendered":"<p>Jeudi 27 mars \u2013 matin 8h30-10h00 TABLE RONDE n\u00b0 1 : In\u00e9galit\u00e9s sociales et p\u00e9rinatalit\u00e9 Mod\u00e9rateurs :Dr Farid BOUBRED : N\u00e9onatologiste &#8211; H\u00f4pital de la Conception &#8211; Marseille.Pr Pierre-Henri JARREAU : N\u00e9onatologiste &#8211; H\u00f4pital Cochin-Port-Royal &#8211; Paris. 1- Les in\u00e9galit\u00e9s socio-spatiales de mortalit\u00e9 et de morbidit\u00e9 \u00e0 la naissance en France : causes et cons\u00e9quencesDre [&hellip;]<\/p>\n","protected":false},"author":87,"featured_media":7815,"parent":255,"menu_order":60,"comment_status":"closed","ping_status":"closed","template":"","meta":{"_editorskit_title_hidden":false,"_editorskit_reading_time":0,"_editorskit_is_block_options_detached":false,"_editorskit_block_options_position":"{}","_uag_custom_page_level_css":"","footnotes":""},"class_list":["post-7813","page","type-page","status-publish","has-post-thumbnail","hentry"],"yoast_head":"<!-- This site is optimized with the Yoast SEO plugin v27.2 - https:\/\/yoast.com\/product\/yoast-seo-wordpress\/ -->\n<title>2025 - 54\u00e8mes Journ\u00e9es Nationales de N\u00e9onatologie - FHU Prem&#039;IMPACT<\/title>\n<meta name=\"robots\" content=\"index, follow, max-snippet:-1, max-image-preview:large, max-video-preview:-1\" \/>\n<link rel=\"canonical\" href=\"https:\/\/fhu-premimpact.org\/en\/enseignement\/congres\/https-relations-medicales-com-jnn_2025\/\" \/>\n<meta property=\"og:locale\" content=\"en_US\" \/>\n<meta property=\"og:type\" content=\"article\" \/>\n<meta property=\"og:title\" content=\"2025 - 54\u00e8mes Journ\u00e9es Nationales de N\u00e9onatologie - FHU Prem&#039;IMPACT\" \/>\n<meta property=\"og:description\" content=\"Jeudi 27 mars \u2013 matin 8h30-10h00 TABLE RONDE n\u00b0 1 : In\u00e9galit\u00e9s sociales et p\u00e9rinatalit\u00e9 Mod\u00e9rateurs :Dr Farid BOUBRED : N\u00e9onatologiste &#8211; H\u00f4pital de la Conception &#8211; Marseille.Pr Pierre-Henri JARREAU : N\u00e9onatologiste &#8211; H\u00f4pital Cochin-Port-Royal &#8211; Paris. 1- Les in\u00e9galit\u00e9s socio-spatiales de mortalit\u00e9 et de morbidit\u00e9 \u00e0 la naissance en France : causes et cons\u00e9quencesDre [&hellip;]\" \/>\n<meta property=\"og:url\" content=\"https:\/\/fhu-premimpact.org\/en\/enseignement\/congres\/https-relations-medicales-com-jnn_2025\/\" \/>\n<meta property=\"og:site_name\" content=\"FHU Prem&#039;IMPACT\" \/>\n<meta property=\"article:modified_time\" content=\"2026-04-23T13:50:10+00:00\" \/>\n<meta property=\"og:image\" content=\"https:\/\/fhu-premimpact.org\/wp-content\/uploads\/2025\/03\/JNN_Prochain-evenement-2025.png\" \/>\n\t<meta property=\"og:image:width\" content=\"1200\" \/>\n\t<meta property=\"og:image:height\" content=\"334\" \/>\n\t<meta property=\"og:image:type\" content=\"image\/png\" \/>\n<meta name=\"twitter:card\" content=\"summary_large_image\" \/>\n<meta name=\"twitter:label1\" content=\"Est. reading time\" \/>\n\t<meta name=\"twitter:data1\" content=\"5 minutes\" \/>\n<script type=\"application\/ld+json\" class=\"yoast-schema-graph\">{\"@context\":\"https:\/\/schema.org\",\"@graph\":[{\"@type\":\"WebPage\",\"@id\":\"https:\/\/fhu-premimpact.org\/en\/enseignement\/congres\/https-relations-medicales-com-jnn_2025\/\",\"url\":\"https:\/\/fhu-premimpact.org\/en\/enseignement\/congres\/https-relations-medicales-com-jnn_2025\/\",\"name\":\"2025 - 54\u00e8mes Journ\u00e9es Nationales de N\u00e9onatologie - FHU Prem&#039;IMPACT\",\"isPartOf\":{\"@id\":\"https:\/\/fhu-premimpact.org\/en\/#website\"},\"primaryImageOfPage\":{\"@id\":\"https:\/\/fhu-premimpact.org\/en\/enseignement\/congres\/https-relations-medicales-com-jnn_2025\/#primaryimage\"},\"image\":{\"@id\":\"https:\/\/fhu-premimpact.org\/en\/enseignement\/congres\/https-relations-medicales-com-jnn_2025\/#primaryimage\"},\"thumbnailUrl\":\"https:\/\/fhu-premimpact.org\/wp-content\/uploads\/2025\/03\/JNN_Prochain-evenement-2025.png\",\"datePublished\":\"2025-03-24T15:41:15+00:00\",\"dateModified\":\"2026-04-23T13:50:10+00:00\",\"breadcrumb\":{\"@id\":\"https:\/\/fhu-premimpact.org\/en\/enseignement\/congres\/https-relations-medicales-com-jnn_2025\/#breadcrumb\"},\"inLanguage\":\"en-US\",\"potentialAction\":[{\"@type\":\"ReadAction\",\"target\":[\"https:\/\/fhu-premimpact.org\/en\/enseignement\/congres\/https-relations-medicales-com-jnn_2025\/\"]}]},{\"@type\":\"ImageObject\",\"inLanguage\":\"en-US\",\"@id\":\"https:\/\/fhu-premimpact.org\/en\/enseignement\/congres\/https-relations-medicales-com-jnn_2025\/#primaryimage\",\"url\":\"https:\/\/fhu-premimpact.org\/wp-content\/uploads\/2025\/03\/JNN_Prochain-evenement-2025.png\",\"contentUrl\":\"https:\/\/fhu-premimpact.org\/wp-content\/uploads\/2025\/03\/JNN_Prochain-evenement-2025.png\",\"width\":1200,\"height\":334},{\"@type\":\"BreadcrumbList\",\"@id\":\"https:\/\/fhu-premimpact.org\/en\/enseignement\/congres\/https-relations-medicales-com-jnn_2025\/#breadcrumb\",\"itemListElement\":[{\"@type\":\"ListItem\",\"position\":1,\"name\":\"Accueil\",\"item\":\"https:\/\/fhu-premimpact.org\/en\/\"},{\"@type\":\"ListItem\",\"position\":2,\"name\":\"Enseignement\",\"item\":\"https:\/\/fhu-premimpact.org\/en\/enseignement\/\"},{\"@type\":\"ListItem\",\"position\":3,\"name\":\"Congr\u00e8s\",\"item\":\"https:\/\/fhu-premimpact.org\/en\/enseignement\/congres\/\"},{\"@type\":\"ListItem\",\"position\":4,\"name\":\"2025 &#8211; 54\u00e8mes Journ\u00e9es Nationales de N\u00e9onatologie\"}]},{\"@type\":\"WebSite\",\"@id\":\"https:\/\/fhu-premimpact.org\/en\/#website\",\"url\":\"https:\/\/fhu-premimpact.org\/en\/\",\"name\":\"FHU PREM'IMPACT\",\"description\":\"Perinatal inflammation and prematurity\",\"publisher\":{\"@id\":\"https:\/\/fhu-premimpact.org\/en\/#organization\"},\"potentialAction\":[{\"@type\":\"SearchAction\",\"target\":{\"@type\":\"EntryPoint\",\"urlTemplate\":\"https:\/\/fhu-premimpact.org\/en\/?s={search_term_string}\"},\"query-input\":{\"@type\":\"PropertyValueSpecification\",\"valueRequired\":true,\"valueName\":\"search_term_string\"}}],\"inLanguage\":\"en-US\"},{\"@type\":\"Organization\",\"@id\":\"https:\/\/fhu-premimpact.org\/en\/#organization\",\"name\":\"FHU PREM'IMPACT\",\"url\":\"https:\/\/fhu-premimpact.org\/en\/\",\"logo\":{\"@type\":\"ImageObject\",\"inLanguage\":\"en-US\",\"@id\":\"https:\/\/fhu-premimpact.org\/en\/#\/schema\/logo\/image\/\",\"url\":\"https:\/\/fhu-premimpact.org\/wp-content\/uploads\/2025\/03\/logo-grand-centre-fhupremimpact.jpg\",\"contentUrl\":\"https:\/\/fhu-premimpact.org\/wp-content\/uploads\/2025\/03\/logo-grand-centre-fhupremimpact.jpg\",\"width\":1280,\"height\":720,\"caption\":\"FHU PREM'IMPACT\"},\"image\":{\"@id\":\"https:\/\/fhu-premimpact.org\/en\/#\/schema\/logo\/image\/\"},\"sameAs\":[\"https:\/\/www.instagram.com\/fhupremimpact\/\",\"https:\/\/www.linkedin.com\/in\/fhu-prem-impact-ap-hp-inserm-universit-paris-cit-70b911253\/\"]}]}<\/script>\n<!-- \/ Yoast SEO plugin. -->","yoast_head_json":{"title":"2025 - 54\u00e8mes Journ\u00e9es Nationales de N\u00e9onatologie - FHU Prem&#039;IMPACT","robots":{"index":"index","follow":"follow","max-snippet":"max-snippet:-1","max-image-preview":"max-image-preview:large","max-video-preview":"max-video-preview:-1"},"canonical":"https:\/\/fhu-premimpact.org\/en\/enseignement\/congres\/https-relations-medicales-com-jnn_2025\/","og_locale":"en_US","og_type":"article","og_title":"2025 - 54\u00e8mes Journ\u00e9es Nationales de N\u00e9onatologie - FHU Prem&#039;IMPACT","og_description":"Jeudi 27 mars \u2013 matin 8h30-10h00 TABLE RONDE n\u00b0 1 : In\u00e9galit\u00e9s sociales et p\u00e9rinatalit\u00e9 Mod\u00e9rateurs :Dr Farid BOUBRED : N\u00e9onatologiste &#8211; H\u00f4pital de la Conception &#8211; Marseille.Pr Pierre-Henri JARREAU : N\u00e9onatologiste &#8211; H\u00f4pital Cochin-Port-Royal &#8211; Paris. 1- Les in\u00e9galit\u00e9s socio-spatiales de mortalit\u00e9 et de morbidit\u00e9 \u00e0 la naissance en France : causes et cons\u00e9quencesDre [&hellip;]","og_url":"https:\/\/fhu-premimpact.org\/en\/enseignement\/congres\/https-relations-medicales-com-jnn_2025\/","og_site_name":"FHU Prem&#039;IMPACT","article_modified_time":"2026-04-23T13:50:10+00:00","og_image":[{"width":1200,"height":334,"url":"https:\/\/fhu-premimpact.org\/wp-content\/uploads\/2025\/03\/JNN_Prochain-evenement-2025.png","type":"image\/png"}],"twitter_card":"summary_large_image","twitter_misc":{"Est. reading time":"5 minutes"},"schema":{"@context":"https:\/\/schema.org","@graph":[{"@type":"WebPage","@id":"https:\/\/fhu-premimpact.org\/en\/enseignement\/congres\/https-relations-medicales-com-jnn_2025\/","url":"https:\/\/fhu-premimpact.org\/en\/enseignement\/congres\/https-relations-medicales-com-jnn_2025\/","name":"2025 - 54\u00e8mes Journ\u00e9es Nationales de N\u00e9onatologie - FHU Prem&#039;IMPACT","isPartOf":{"@id":"https:\/\/fhu-premimpact.org\/en\/#website"},"primaryImageOfPage":{"@id":"https:\/\/fhu-premimpact.org\/en\/enseignement\/congres\/https-relations-medicales-com-jnn_2025\/#primaryimage"},"image":{"@id":"https:\/\/fhu-premimpact.org\/en\/enseignement\/congres\/https-relations-medicales-com-jnn_2025\/#primaryimage"},"thumbnailUrl":"https:\/\/fhu-premimpact.org\/wp-content\/uploads\/2025\/03\/JNN_Prochain-evenement-2025.png","datePublished":"2025-03-24T15:41:15+00:00","dateModified":"2026-04-23T13:50:10+00:00","breadcrumb":{"@id":"https:\/\/fhu-premimpact.org\/en\/enseignement\/congres\/https-relations-medicales-com-jnn_2025\/#breadcrumb"},"inLanguage":"en-US","potentialAction":[{"@type":"ReadAction","target":["https:\/\/fhu-premimpact.org\/en\/enseignement\/congres\/https-relations-medicales-com-jnn_2025\/"]}]},{"@type":"ImageObject","inLanguage":"en-US","@id":"https:\/\/fhu-premimpact.org\/en\/enseignement\/congres\/https-relations-medicales-com-jnn_2025\/#primaryimage","url":"https:\/\/fhu-premimpact.org\/wp-content\/uploads\/2025\/03\/JNN_Prochain-evenement-2025.png","contentUrl":"https:\/\/fhu-premimpact.org\/wp-content\/uploads\/2025\/03\/JNN_Prochain-evenement-2025.png","width":1200,"height":334},{"@type":"BreadcrumbList","@id":"https:\/\/fhu-premimpact.org\/en\/enseignement\/congres\/https-relations-medicales-com-jnn_2025\/#breadcrumb","itemListElement":[{"@type":"ListItem","position":1,"name":"Accueil","item":"https:\/\/fhu-premimpact.org\/en\/"},{"@type":"ListItem","position":2,"name":"Enseignement","item":"https:\/\/fhu-premimpact.org\/en\/enseignement\/"},{"@type":"ListItem","position":3,"name":"Congr\u00e8s","item":"https:\/\/fhu-premimpact.org\/en\/enseignement\/congres\/"},{"@type":"ListItem","position":4,"name":"2025 &#8211; 54\u00e8mes Journ\u00e9es Nationales de N\u00e9onatologie"}]},{"@type":"WebSite","@id":"https:\/\/fhu-premimpact.org\/en\/#website","url":"https:\/\/fhu-premimpact.org\/en\/","name":"FHU PREM'IMPACT","description":"Perinatal inflammation and prematurity","publisher":{"@id":"https:\/\/fhu-premimpact.org\/en\/#organization"},"potentialAction":[{"@type":"SearchAction","target":{"@type":"EntryPoint","urlTemplate":"https:\/\/fhu-premimpact.org\/en\/?s={search_term_string}"},"query-input":{"@type":"PropertyValueSpecification","valueRequired":true,"valueName":"search_term_string"}}],"inLanguage":"en-US"},{"@type":"Organization","@id":"https:\/\/fhu-premimpact.org\/en\/#organization","name":"FHU PREM'IMPACT","url":"https:\/\/fhu-premimpact.org\/en\/","logo":{"@type":"ImageObject","inLanguage":"en-US","@id":"https:\/\/fhu-premimpact.org\/en\/#\/schema\/logo\/image\/","url":"https:\/\/fhu-premimpact.org\/wp-content\/uploads\/2025\/03\/logo-grand-centre-fhupremimpact.jpg","contentUrl":"https:\/\/fhu-premimpact.org\/wp-content\/uploads\/2025\/03\/logo-grand-centre-fhupremimpact.jpg","width":1280,"height":720,"caption":"FHU PREM'IMPACT"},"image":{"@id":"https:\/\/fhu-premimpact.org\/en\/#\/schema\/logo\/image\/"},"sameAs":["https:\/\/www.instagram.com\/fhupremimpact\/","https:\/\/www.linkedin.com\/in\/fhu-prem-impact-ap-hp-inserm-universit-paris-cit-70b911253\/"]}]}},"uagb_featured_image_src":{"full":["https:\/\/fhu-premimpact.org\/wp-content\/uploads\/2025\/03\/JNN_Prochain-evenement-2025.png",1200,334,false],"thumbnail":["https:\/\/fhu-premimpact.org\/wp-content\/uploads\/2025\/03\/JNN_Prochain-evenement-2025-150x150.png",150,150,true],"medium":["https:\/\/fhu-premimpact.org\/wp-content\/uploads\/2025\/03\/JNN_Prochain-evenement-2025-300x84.png",300,84,true],"medium_large":["https:\/\/fhu-premimpact.org\/wp-content\/uploads\/2025\/03\/JNN_Prochain-evenement-2025-768x214.png",580,162,true],"large":["https:\/\/fhu-premimpact.org\/wp-content\/uploads\/2025\/03\/JNN_Prochain-evenement-2025-1024x285.png",580,161,true],"1536x1536":["https:\/\/fhu-premimpact.org\/wp-content\/uploads\/2025\/03\/JNN_Prochain-evenement-2025.png",1200,334,false],"2048x2048":["https:\/\/fhu-premimpact.org\/wp-content\/uploads\/2025\/03\/JNN_Prochain-evenement-2025.png",1200,334,false],"post-thumbnail":["https:\/\/fhu-premimpact.org\/wp-content\/uploads\/2025\/03\/JNN_Prochain-evenement-2025.png",1200,334,false],"twentytwenty-fullscreen":["https:\/\/fhu-premimpact.org\/wp-content\/uploads\/2025\/03\/JNN_Prochain-evenement-2025.png",1200,334,false]},"uagb_author_info":{"display_name":"Laurence Lecomte","author_link":"https:\/\/fhu-premimpact.org\/en\/author\/laurence-lecomte\/"},"uagb_comment_info":0,"uagb_excerpt":"Jeudi 27 mars \u2013 matin 8h30-10h00 TABLE RONDE n\u00b0 1 : In\u00e9galit\u00e9s sociales et p\u00e9rinatalit\u00e9 Mod\u00e9rateurs :Dr Farid BOUBRED : N\u00e9onatologiste &#8211; H\u00f4pital de la Conception &#8211; Marseille.Pr Pierre-Henri JARREAU : N\u00e9onatologiste &#8211; H\u00f4pital Cochin-Port-Royal &#8211; Paris. 1- Les in\u00e9galit\u00e9s socio-spatiales de mortalit\u00e9 et de morbidit\u00e9 \u00e0 la naissance en France : causes et cons\u00e9quencesDre&hellip;","_links":{"self":[{"href":"https:\/\/fhu-premimpact.org\/en\/wp-json\/wp\/v2\/pages\/7813","targetHints":{"allow":["GET"]}}],"collection":[{"href":"https:\/\/fhu-premimpact.org\/en\/wp-json\/wp\/v2\/pages"}],"about":[{"href":"https:\/\/fhu-premimpact.org\/en\/wp-json\/wp\/v2\/types\/page"}],"author":[{"embeddable":true,"href":"https:\/\/fhu-premimpact.org\/en\/wp-json\/wp\/v2\/users\/87"}],"replies":[{"embeddable":true,"href":"https:\/\/fhu-premimpact.org\/en\/wp-json\/wp\/v2\/comments?post=7813"}],"version-history":[{"count":9,"href":"https:\/\/fhu-premimpact.org\/en\/wp-json\/wp\/v2\/pages\/7813\/revisions"}],"predecessor-version":[{"id":9186,"href":"https:\/\/fhu-premimpact.org\/en\/wp-json\/wp\/v2\/pages\/7813\/revisions\/9186"}],"up":[{"embeddable":true,"href":"https:\/\/fhu-premimpact.org\/en\/wp-json\/wp\/v2\/pages\/255"}],"wp:featuredmedia":[{"embeddable":true,"href":"https:\/\/fhu-premimpact.org\/en\/wp-json\/wp\/v2\/media\/7815"}],"wp:attachment":[{"href":"https:\/\/fhu-premimpact.org\/en\/wp-json\/wp\/v2\/media?parent=7813"}],"curies":[{"name":"wp","href":"https:\/\/api.w.org\/{rel}","templated":true}]}}