{"id":7064,"date":"2023-07-20T15:01:10","date_gmt":"2023-07-20T13:01:10","guid":{"rendered":"https:\/\/fhu-premimpact.org\/?page_id=7064"},"modified":"2026-04-23T15:50:09","modified_gmt":"2026-04-23T13:50:09","slug":"perinatalite-et-infection-par-le-vih","status":"publish","type":"page","link":"https:\/\/fhu-premimpact.org\/en\/enseignement\/formations-et-dpc\/perinatalite-et-infection-par-le-vih\/","title":{"rendered":"2023- P\u00e9rinatalit\u00e9 et Infection par le VIH"},"content":{"rendered":"\n<h2 class=\"wp-block-heading has-text-align-center\">7\u00e8me journ\u00e9e de la maternit\u00e9 de Port-Royal et de la FHU PREMA<\/h2>\n\n\n\n<h3 class=\"wp-block-heading\">Vendredi 24 novembre 2023<\/h3>\n\n\n\n<h4 class=\"wp-block-heading\">8h30 : Accueil des participants<\/h4>\n\n\n\n<h5 class=\"wp-block-heading\">1<sup>\u00e8re<\/sup> Partie : PTME dans les pays du Sud <\/h5>\n\n\n\n<p>Mod\u00e9rateurs : Odile Launay ( Cochin, Paris) et Laurent Mandelbrot (Louis Mourier, Colombes)<\/p>\n\n\n\n<p>09h00 : Actualit\u00e9s et nouvelles recommandation de la PTME dans les pays du Sud. Didier Ekouevi (Lom\u00e9, Togo \/ Inserm U1219, Bordeaux)<\/p>\n\n\n\n<p>09h30 : Allaitement et PTME dans les pays du Sud. Nicolas Nagot (Montpellier)<\/p>\n\n\n\n<p>10h00 : Discussions<\/p>\n\n\n\n<p>10h20-10h40 : Pause<\/p>\n\n\n\n<h5 class=\"wp-block-heading\">2<sup>\u00e8me<\/sup> Partie : PTME dans les pays du Nord<\/h5>\n\n\n\n<p>Mod\u00e9rateurs : Emmanuelle Pannier (Port-Royal, Paris) et St\u00e9phane Blanche (Necker, Paris)<\/p>\n\n\n\n<p>10h40 : Actualit\u00e9s et nouvelles recommandation de la PTME en France. Laurent Mandelbrot (Louis Mourier, Colombes)<\/p>\n\n\n\n<p>11h00 : Nouvelles enqu\u00eates des pratiques. Jeanne Sibiude (Louis Mourier, Colombes)<\/p>\n\n\n\n<p>11h20 : Allaitement dans les pays du Nord : Donn\u00e9es actuelles. Catherine Dollfus (Trousseau, Paris)<\/p>\n\n\n\n<p>1h40 : Allaitement en France : questions pratiques sur l&#8217;organisation et les enjeux . Eva Sommerlatte (Comit\u00e9 des familles, Paris)<\/p>\n\n\n\n<p>12h00 : Discussions<\/p>\n\n\n\n<p>12h20-14h : D\u00e9jeuner sur place<\/p>\n\n\n\n<h5 class=\"wp-block-heading\">3<sup>\u00e8me<\/sup> Partie : Enfants, Ados, Transition ados-adultes et VIH<\/h5>\n\n\n\n<p>Mod\u00e9rateurs : Val\u00e9rie Marcou (Port-Royal, Paris) et Josiane Warszawski (Inserm U1018, Le Kremlin-Bic\u00eatre)<\/p>\n\n\n\n<p>14h00 : Etat de sant\u00e9 \u00e0 moyen et long terme des enfants non infect\u00e9s par le VIH expos\u00e9s aux antiviraux <em>in utero<\/em>.  Pierre Frange (Necker, Paris)<\/p>\n\n\n\n<p>14h20 : Donn\u00e9es issues de la cohorte COVERTE. Jean-Paul Viard (H\u00f4tel-Dieu, Paris)<\/p>\n\n\n\n<p>14h40 : Transition ados-adultes et VIH. Patricia Brazille (H\u00f4tel-Dieu, Paris)<\/p>\n\n\n\n<p>15h00 : Discussion<\/p>\n\n\n\n<h5 class=\"wp-block-heading\">4<sup>\u00e8me<\/sup> Partie : Actualit\u00e9s sur les antir\u00e9troviraux <\/h5>\n\n\n\n<p>Mod\u00e9rateurs : Laurent Slama( H\u00f4tel-Dieu, Paris), Caroline Charlier-Woerther (Cochin, Paris)<\/p>\n\n\n\n<p>15h20 : Traitement injectable et femmes en \u00e2ge de procr\u00e9er. Le point de vue de l&#8217;infectiologue. Roland Tubiana (La Piti\u00e9 Salp\u00eatri\u00e8re, Paris)  <\/p>\n\n\n\n<p>15h40 : Traitement injectable et femmes en \u00e2ge de procr\u00e9er. Le point de vue du pharmacologue. Gilles Peytavin (Bichat, Paris)<\/p>\n\n\n\n<p>16h00 : Actualit\u00e9s sur les antir\u00e9troviraux et formulations p\u00e9diatriques. Albert Faye (Robert Debr\u00e9, Paris)<\/p>\n\n\n\n<p>16h20 : Discussions<\/p>\n\n\n\n<p>16h40 : Synth\u00e8se des pr\u00e9sentations de la journ\u00e9e. St\u00e9phane Blanche (Necker, Paris)<\/p>\n\n\n\n<p>17h00: Cl\u00f4ture de la journ\u00e9e<\/p>\n\n\n\n<p><strong>Inscription gratuite et obligatoire  par mail : journeeperinatalite2023@gmail.com<\/strong><\/p>\n\n\n\n<p>Lieu : Centre des congr\u00e8s de la Maison de la Chimie, 28 rue Saint Dominique, 75007 Paris ( t\u00e9l\u00e9phone : 01 40 62 27 00)<\/p>\n\n\n\n<p><strong>Lien ci-dessous avec la fiche d&#8217;inscription, les information pratique et le programme <\/strong><\/p>\n\n\n<a class=\"wp-block-read-more\" href=\"https:\/\/fhu-premimpact.org\/en\/enseignement\/formations-et-dpc\/perinatalite-et-infection-par-le-vih\/\" target=\"_self\">https:\/\/fhu-premimpact.org\/wp-content\/uploads\/2023\/07\/PPT-7eme-Journee-Perinatalite-VIH-24-Nov-2023.pdf<span class=\"screen-reader-text\">: 2023- P\u00e9rinatalit\u00e9 et Infection par le VIH<\/span><\/a>","protected":false},"excerpt":{"rendered":"<p>7\u00e8me journ\u00e9e de la maternit\u00e9 de Port-Royal et de la FHU PREMA Vendredi 24 novembre 2023 8h30 : Accueil des participants 1\u00e8re Partie : PTME dans les pays du Sud Mod\u00e9rateurs : Odile Launay ( Cochin, Paris) et Laurent Mandelbrot (Louis Mourier, Colombes) 09h00 : Actualit\u00e9s et nouvelles recommandation de la PTME dans les pays [&hellip;]<\/p>\n","protected":false},"author":87,"featured_media":0,"parent":257,"menu_order":47,"comment_status":"closed","ping_status":"closed","template":"","meta":{"_editorskit_title_hidden":false,"_editorskit_reading_time":0,"_editorskit_is_block_options_detached":false,"_editorskit_block_options_position":"{}","_uag_custom_page_level_css":"","footnotes":""},"class_list":["post-7064","page","type-page","status-publish","hentry"],"yoast_head":"<!-- This site is optimized with the Yoast SEO plugin v27.2 - https:\/\/yoast.com\/product\/yoast-seo-wordpress\/ -->\n<title>2023- P\u00e9rinatalit\u00e9 et Infection par le VIH - FHU Prem&#039;IMPACT<\/title>\n<meta name=\"robots\" content=\"index, follow, max-snippet:-1, max-image-preview:large, max-video-preview:-1\" \/>\n<link rel=\"canonical\" href=\"https:\/\/fhu-premimpact.org\/en\/enseignement\/formations-et-dpc\/perinatalite-et-infection-par-le-vih\/\" \/>\n<meta property=\"og:locale\" content=\"en_US\" \/>\n<meta property=\"og:type\" content=\"article\" \/>\n<meta property=\"og:title\" content=\"2023- P\u00e9rinatalit\u00e9 et Infection par le VIH - FHU Prem&#039;IMPACT\" \/>\n<meta property=\"og:description\" content=\"7\u00e8me journ\u00e9e de la maternit\u00e9 de Port-Royal et de la FHU PREMA Vendredi 24 novembre 2023 8h30 : Accueil des participants 1\u00e8re Partie : PTME dans les pays du Sud Mod\u00e9rateurs : Odile Launay ( Cochin, Paris) et Laurent Mandelbrot (Louis Mourier, Colombes) 09h00 : Actualit\u00e9s et nouvelles recommandation de la PTME dans les pays [&hellip;]\" \/>\n<meta property=\"og:url\" content=\"https:\/\/fhu-premimpact.org\/en\/enseignement\/formations-et-dpc\/perinatalite-et-infection-par-le-vih\/\" \/>\n<meta property=\"og:site_name\" content=\"FHU Prem&#039;IMPACT\" \/>\n<meta property=\"article:modified_time\" content=\"2026-04-23T13:50:09+00:00\" \/>\n<meta name=\"twitter:card\" content=\"summary_large_image\" \/>\n<meta name=\"twitter:label1\" content=\"Est. reading time\" \/>\n\t<meta name=\"twitter:data1\" content=\"2 minutes\" \/>\n<script type=\"application\/ld+json\" class=\"yoast-schema-graph\">{\"@context\":\"https:\/\/schema.org\",\"@graph\":[{\"@type\":\"WebPage\",\"@id\":\"https:\/\/fhu-premimpact.org\/en\/enseignement\/formations-et-dpc\/perinatalite-et-infection-par-le-vih\/\",\"url\":\"https:\/\/fhu-premimpact.org\/en\/enseignement\/formations-et-dpc\/perinatalite-et-infection-par-le-vih\/\",\"name\":\"2023- P\u00e9rinatalit\u00e9 et Infection par le VIH - FHU Prem&#039;IMPACT\",\"isPartOf\":{\"@id\":\"https:\/\/fhu-premimpact.org\/en\/#website\"},\"datePublished\":\"2023-07-20T13:01:10+00:00\",\"dateModified\":\"2026-04-23T13:50:09+00:00\",\"breadcrumb\":{\"@id\":\"https:\/\/fhu-premimpact.org\/en\/enseignement\/formations-et-dpc\/perinatalite-et-infection-par-le-vih\/#breadcrumb\"},\"inLanguage\":\"en-US\",\"potentialAction\":[{\"@type\":\"ReadAction\",\"target\":[\"https:\/\/fhu-premimpact.org\/en\/enseignement\/formations-et-dpc\/perinatalite-et-infection-par-le-vih\/\"]}]},{\"@type\":\"BreadcrumbList\",\"@id\":\"https:\/\/fhu-premimpact.org\/en\/enseignement\/formations-et-dpc\/perinatalite-et-infection-par-le-vih\/#breadcrumb\",\"itemListElement\":[{\"@type\":\"ListItem\",\"position\":1,\"name\":\"Accueil\",\"item\":\"https:\/\/fhu-premimpact.org\/en\/\"},{\"@type\":\"ListItem\",\"position\":2,\"name\":\"Enseignement\",\"item\":\"https:\/\/fhu-premimpact.org\/en\/enseignement\/\"},{\"@type\":\"ListItem\",\"position\":3,\"name\":\"S\u00e9minaires et formations\",\"item\":\"https:\/\/fhu-premimpact.org\/en\/enseignement\/formations-et-dpc\/\"},{\"@type\":\"ListItem\",\"position\":4,\"name\":\"2023- P\u00e9rinatalit\u00e9 et Infection par le VIH\"}]},{\"@type\":\"WebSite\",\"@id\":\"https:\/\/fhu-premimpact.org\/en\/#website\",\"url\":\"https:\/\/fhu-premimpact.org\/en\/\",\"name\":\"FHU PREM'IMPACT\",\"description\":\"Perinatal inflammation and prematurity\",\"publisher\":{\"@id\":\"https:\/\/fhu-premimpact.org\/en\/#organization\"},\"potentialAction\":[{\"@type\":\"SearchAction\",\"target\":{\"@type\":\"EntryPoint\",\"urlTemplate\":\"https:\/\/fhu-premimpact.org\/en\/?s={search_term_string}\"},\"query-input\":{\"@type\":\"PropertyValueSpecification\",\"valueRequired\":true,\"valueName\":\"search_term_string\"}}],\"inLanguage\":\"en-US\"},{\"@type\":\"Organization\",\"@id\":\"https:\/\/fhu-premimpact.org\/en\/#organization\",\"name\":\"FHU PREM'IMPACT\",\"url\":\"https:\/\/fhu-premimpact.org\/en\/\",\"logo\":{\"@type\":\"ImageObject\",\"inLanguage\":\"en-US\",\"@id\":\"https:\/\/fhu-premimpact.org\/en\/#\/schema\/logo\/image\/\",\"url\":\"https:\/\/fhu-premimpact.org\/wp-content\/uploads\/2025\/03\/logo-grand-centre-fhupremimpact.jpg\",\"contentUrl\":\"https:\/\/fhu-premimpact.org\/wp-content\/uploads\/2025\/03\/logo-grand-centre-fhupremimpact.jpg\",\"width\":1280,\"height\":720,\"caption\":\"FHU PREM'IMPACT\"},\"image\":{\"@id\":\"https:\/\/fhu-premimpact.org\/en\/#\/schema\/logo\/image\/\"},\"sameAs\":[\"https:\/\/www.instagram.com\/fhupremimpact\/\",\"https:\/\/www.linkedin.com\/in\/fhu-prem-impact-ap-hp-inserm-universit-paris-cit-70b911253\/\"]}]}<\/script>\n<!-- \/ Yoast SEO plugin. -->","yoast_head_json":{"title":"2023- P\u00e9rinatalit\u00e9 et Infection par le VIH - FHU Prem&#039;IMPACT","robots":{"index":"index","follow":"follow","max-snippet":"max-snippet:-1","max-image-preview":"max-image-preview:large","max-video-preview":"max-video-preview:-1"},"canonical":"https:\/\/fhu-premimpact.org\/en\/enseignement\/formations-et-dpc\/perinatalite-et-infection-par-le-vih\/","og_locale":"en_US","og_type":"article","og_title":"2023- P\u00e9rinatalit\u00e9 et Infection par le VIH - FHU Prem&#039;IMPACT","og_description":"7\u00e8me journ\u00e9e de la maternit\u00e9 de Port-Royal et de la FHU PREMA Vendredi 24 novembre 2023 8h30 : Accueil des participants 1\u00e8re Partie : PTME dans les pays du Sud Mod\u00e9rateurs : Odile Launay ( Cochin, Paris) et Laurent Mandelbrot (Louis Mourier, Colombes) 09h00 : Actualit\u00e9s et nouvelles recommandation de la PTME dans les pays [&hellip;]","og_url":"https:\/\/fhu-premimpact.org\/en\/enseignement\/formations-et-dpc\/perinatalite-et-infection-par-le-vih\/","og_site_name":"FHU Prem&#039;IMPACT","article_modified_time":"2026-04-23T13:50:09+00:00","twitter_card":"summary_large_image","twitter_misc":{"Est. reading time":"2 minutes"},"schema":{"@context":"https:\/\/schema.org","@graph":[{"@type":"WebPage","@id":"https:\/\/fhu-premimpact.org\/en\/enseignement\/formations-et-dpc\/perinatalite-et-infection-par-le-vih\/","url":"https:\/\/fhu-premimpact.org\/en\/enseignement\/formations-et-dpc\/perinatalite-et-infection-par-le-vih\/","name":"2023- P\u00e9rinatalit\u00e9 et Infection par le VIH - FHU Prem&#039;IMPACT","isPartOf":{"@id":"https:\/\/fhu-premimpact.org\/en\/#website"},"datePublished":"2023-07-20T13:01:10+00:00","dateModified":"2026-04-23T13:50:09+00:00","breadcrumb":{"@id":"https:\/\/fhu-premimpact.org\/en\/enseignement\/formations-et-dpc\/perinatalite-et-infection-par-le-vih\/#breadcrumb"},"inLanguage":"en-US","potentialAction":[{"@type":"ReadAction","target":["https:\/\/fhu-premimpact.org\/en\/enseignement\/formations-et-dpc\/perinatalite-et-infection-par-le-vih\/"]}]},{"@type":"BreadcrumbList","@id":"https:\/\/fhu-premimpact.org\/en\/enseignement\/formations-et-dpc\/perinatalite-et-infection-par-le-vih\/#breadcrumb","itemListElement":[{"@type":"ListItem","position":1,"name":"Accueil","item":"https:\/\/fhu-premimpact.org\/en\/"},{"@type":"ListItem","position":2,"name":"Enseignement","item":"https:\/\/fhu-premimpact.org\/en\/enseignement\/"},{"@type":"ListItem","position":3,"name":"S\u00e9minaires et formations","item":"https:\/\/fhu-premimpact.org\/en\/enseignement\/formations-et-dpc\/"},{"@type":"ListItem","position":4,"name":"2023- P\u00e9rinatalit\u00e9 et Infection par le VIH"}]},{"@type":"WebSite","@id":"https:\/\/fhu-premimpact.org\/en\/#website","url":"https:\/\/fhu-premimpact.org\/en\/","name":"FHU PREM'IMPACT","description":"Perinatal inflammation and prematurity","publisher":{"@id":"https:\/\/fhu-premimpact.org\/en\/#organization"},"potentialAction":[{"@type":"SearchAction","target":{"@type":"EntryPoint","urlTemplate":"https:\/\/fhu-premimpact.org\/en\/?s={search_term_string}"},"query-input":{"@type":"PropertyValueSpecification","valueRequired":true,"valueName":"search_term_string"}}],"inLanguage":"en-US"},{"@type":"Organization","@id":"https:\/\/fhu-premimpact.org\/en\/#organization","name":"FHU PREM'IMPACT","url":"https:\/\/fhu-premimpact.org\/en\/","logo":{"@type":"ImageObject","inLanguage":"en-US","@id":"https:\/\/fhu-premimpact.org\/en\/#\/schema\/logo\/image\/","url":"https:\/\/fhu-premimpact.org\/wp-content\/uploads\/2025\/03\/logo-grand-centre-fhupremimpact.jpg","contentUrl":"https:\/\/fhu-premimpact.org\/wp-content\/uploads\/2025\/03\/logo-grand-centre-fhupremimpact.jpg","width":1280,"height":720,"caption":"FHU PREM'IMPACT"},"image":{"@id":"https:\/\/fhu-premimpact.org\/en\/#\/schema\/logo\/image\/"},"sameAs":["https:\/\/www.instagram.com\/fhupremimpact\/","https:\/\/www.linkedin.com\/in\/fhu-prem-impact-ap-hp-inserm-universit-paris-cit-70b911253\/"]}]}},"uagb_featured_image_src":{"full":false,"thumbnail":false,"medium":false,"medium_large":false,"large":false,"1536x1536":false,"2048x2048":false,"post-thumbnail":false,"twentytwenty-fullscreen":false},"uagb_author_info":{"display_name":"Laurence Lecomte","author_link":"https:\/\/fhu-premimpact.org\/en\/author\/laurence-lecomte\/"},"uagb_comment_info":0,"uagb_excerpt":"7\u00e8me journ\u00e9e de la maternit\u00e9 de Port-Royal et de la FHU PREMA Vendredi 24 novembre 2023 8h30 : Accueil des participants 1\u00e8re Partie : PTME dans les pays du Sud Mod\u00e9rateurs : Odile Launay ( Cochin, Paris) et Laurent Mandelbrot (Louis Mourier, Colombes) 09h00 : Actualit\u00e9s et nouvelles recommandation de la PTME dans les pays&hellip;","_links":{"self":[{"href":"https:\/\/fhu-premimpact.org\/en\/wp-json\/wp\/v2\/pages\/7064","targetHints":{"allow":["GET"]}}],"collection":[{"href":"https:\/\/fhu-premimpact.org\/en\/wp-json\/wp\/v2\/pages"}],"about":[{"href":"https:\/\/fhu-premimpact.org\/en\/wp-json\/wp\/v2\/types\/page"}],"author":[{"embeddable":true,"href":"https:\/\/fhu-premimpact.org\/en\/wp-json\/wp\/v2\/users\/87"}],"replies":[{"embeddable":true,"href":"https:\/\/fhu-premimpact.org\/en\/wp-json\/wp\/v2\/comments?post=7064"}],"version-history":[{"count":10,"href":"https:\/\/fhu-premimpact.org\/en\/wp-json\/wp\/v2\/pages\/7064\/revisions"}],"predecessor-version":[{"id":7079,"href":"https:\/\/fhu-premimpact.org\/en\/wp-json\/wp\/v2\/pages\/7064\/revisions\/7079"}],"up":[{"embeddable":true,"href":"https:\/\/fhu-premimpact.org\/en\/wp-json\/wp\/v2\/pages\/257"}],"wp:attachment":[{"href":"https:\/\/fhu-premimpact.org\/en\/wp-json\/wp\/v2\/media?parent=7064"}],"curies":[{"name":"wp","href":"https:\/\/api.w.org\/{rel}","templated":true}]}}