{"id":5119,"date":"2023-02-01T15:56:39","date_gmt":"2023-02-01T14:56:39","guid":{"rendered":"https:\/\/fhu-premimpact.org\/?page_id=5119"},"modified":"2026-04-23T15:50:04","modified_gmt":"2026-04-23T13:50:04","slug":"allaitement-et-prematurite","status":"publish","type":"page","link":"https:\/\/fhu-premimpact.org\/en\/tout-public\/allaitement-et-prematurite\/","title":{"rendered":"Allaitement et pr\u00e9maturit\u00e9"},"content":{"rendered":"\n<h3 class=\"wp-block-heading has-text-align-center\">ou quand l\u2019enfant n\u2019est pas assez mature pour t\u00e9ter au sein\u2026<\/h3>\n\n\n\n<p>L\u2019enfant grand pr\u00e9matur\u00e9 n\u2019est pas encore assez mature pour t\u00e9ter au sein. Cependant, allaiter un enfant n\u00e9 pr\u00e9matur\u00e9 est tout \u00e0 fait possible, bien que cela ne ressemble pas \u00e0 l\u2019id\u00e9e que l\u2019on se fait d\u2019un allaitement classique.<br>Le lait maternel est pour un enfant pr\u00e9matur\u00e9 d\u2019autant plus b\u00e9n\u00e9fique que l\u2019enfant est immature. Le lait maternel apporte des nutriments essentiels \u00e0 la maturation des organes et sa croissance et lui permet de mieux se d\u00e9fendre contre les infections notamment digestives. On sait aujourd\u2019hui que l\u2019allaitement maternel participe \u00e0 de diminuer le temps d\u2019hospitalisation et \u00e0 l\u2019am\u00e9lioration du d\u00e9veloppement de votre enfant.<\/p>\n\n\n\n<h4 class=\"wp-block-heading has-text-align-center\">Vous vous posez des questions&nbsp;:<\/h4>\n\n\n\n<ul class=\"wp-block-list\">\n<li>Allaiter ou pas&nbsp;?<\/li>\n\n\n\n<li>Comment faire&nbsp;?<\/li>\n\n\n\n<li>Mon lait est-il bon&nbsp;?<\/li>\n<\/ul>\n\n\n\n<p class=\"has-text-align-center\"><strong>Les 10 vid\u00e9os de la FHU PREMA <\/strong>(F\u00e9d\u00e9ration Hospitalo-Universitaire qui a pr\u00e9c\u00e9d\u00e9 la FHU Prem&#8217;IMPACT)<br><strong> vous aident \u00e0 connaitre les enjeux, les b\u00e9n\u00e9fices et comment surmonter les difficult\u00e9s.<\/strong><\/p>\n\n\n\n<h4 class=\"wp-block-heading\">et pour commencer des t\u00e9moignages de parents<\/h4>\n\n\n\n<section class=\"wp-block-uagb-section uagb-section__wrap uagb-section__background-undefined uagb-block-10315778 mooc\"><div class=\"uagb-section__overlay\"><\/div><div class=\"uagb-section__inner-wrap\">\n<div class=\"wp-block-columns is-layout-flex wp-container-core-columns-is-layout-9d6595d7 wp-block-columns-is-layout-flex\">\n<div class=\"wp-block-column is-layout-flow wp-block-column-is-layout-flow\">\n<p><\/p>\n\n\n\n<p><\/p>\n\n\n\n<h4 class=\"wp-block-heading has-text-align-center\">Parole de parents<\/h4>\n<\/div>\n\n\n\n<div class=\"wp-block-column is-layout-flow wp-block-column-is-layout-flow\">\n<div class=\"wp-block-getwid-video-popup has-image\"><a class=\"wp-block-getwid-video-popup__link\" href=\"https:\/\/youtu.be\/CXbEWn_EXIQ\" aria-label=\"<br&gt;\"><div class=\"wp-block-getwid-video-popup__wrapper\" style=\"min-height:130px\"><img loading=\"lazy\" decoding=\"async\" width=\"1920\" height=\"1080\" src=\"https:\/\/fhu-premimpact.org\/wp-content\/uploads\/2022\/05\/VIDEO-1-.00_04_47_16.Still003-paille.jpg\" alt=\"<br&gt;\" class=\"wp-block-getwid-video-popup__image wp-block-getwid-video-popup__source wp-image-5159\" srcset=\"https:\/\/fhu-premimpact.org\/wp-content\/uploads\/2022\/05\/VIDEO-1-.00_04_47_16.Still003-paille.jpg 1920w, https:\/\/fhu-premimpact.org\/wp-content\/uploads\/2022\/05\/VIDEO-1-.00_04_47_16.Still003-paille-300x169.jpg 300w, https:\/\/fhu-premimpact.org\/wp-content\/uploads\/2022\/05\/VIDEO-1-.00_04_47_16.Still003-paille-1024x576.jpg 1024w, https:\/\/fhu-premimpact.org\/wp-content\/uploads\/2022\/05\/VIDEO-1-.00_04_47_16.Still003-paille-768x432.jpg 768w, https:\/\/fhu-premimpact.org\/wp-content\/uploads\/2022\/05\/VIDEO-1-.00_04_47_16.Still003-paille-1536x864.jpg 1536w, https:\/\/fhu-premimpact.org\/wp-content\/uploads\/2022\/05\/VIDEO-1-.00_04_47_16.Still003-paille-1200x675.jpg 1200w, https:\/\/fhu-premimpact.org\/wp-content\/uploads\/2022\/05\/VIDEO-1-.00_04_47_16.Still003-paille-1320x743.jpg 1320w\" sizes=\"auto, (max-width: 1920px) 100vw, 1920px\" \/><div class=\"wp-block-getwid-video-popup__button is-style-default is-size-small\" style=\"border-color:#44aac6\"><div class=\"wp-block-getwid-video-popup__icon has-background has-accent-background-color\" style=\"border-color:#44aac6\"><i class=\"fas fa-play\" aria-hidden=\"true\"><\/i><\/div><\/div><\/div><\/a><div class=\"wp-block-getwid-video-popup__caption\"><p class=\"wp-block-getwid-video-popup__title\"><br><\/p><\/div><\/div>\n<\/div>\n\n\n\n<div class=\"wp-block-column is-layout-flow wp-block-column-is-layout-flow\">\n<p><\/p>\n\n\n\n<h4 class=\"wp-block-heading has-text-align-center\">R\u00e9alisation <\/h4>\n\n\n\n<p class=\"has-text-align-center\">Marie Anton<br>Benoit Lordelot<\/p>\n<\/div>\n<\/div>\n<\/div><\/section>\n\n\n\n<div class=\"wp-block-columns is-layout-flex wp-container-core-columns-is-layout-9d6595d7 wp-block-columns-is-layout-flex\">\n<div class=\"wp-block-column is-layout-flow wp-block-column-is-layout-flow\">\n<p>1 : Les particularit\u00e9s de l\u2019allaitement<\/p>\n\n\n\n<p>2 : D\u00e9buter l\u2019allaitement de mon b\u00e9b\u00e9 pr\u00e9matur\u00e9<\/p>\n\n\n\n<p>3 : Les contre-indications \u00e0 l\u2019allaitement d\u2019un b\u00e9b\u00e9 pr\u00e9matur\u00e9<\/p>\n\n\n\n<p>4 : Les b\u00e9n\u00e9fices \u00e0 allaiter mon b\u00e9b\u00e9 pr\u00e9matur\u00e9<\/p>\n\n\n\n<p>5 : Les premi\u00e8res gouttes de mon lait<\/p>\n<\/div>\n\n\n\n<div class=\"wp-block-column is-layout-flow wp-block-column-is-layout-flow\">\n<p>&nbsp;6 : Les conseils d\u2019hygi\u00e8ne et la conservation du lait<\/p>\n\n\n\n<p>7 : La pasteurisation de mon lait<\/p>\n\n\n\n<p>8 : Le peau-\u00e0-peau, essentiel pour l\u2019allaitement<\/p>\n\n\n\n<p>9 : Guider mon b\u00e9b\u00e9 pr\u00e9matur\u00e9 vers l\u2019allaitement au sein <\/p>\n\n\n\n<p>10 : Allaiter mon b\u00e9b\u00e9 pr\u00e9matur\u00e9 \u00e0 la maison<\/p>\n<\/div>\n<\/div>\n\n\n\n<section class=\"wp-block-uagb-section uagb-section__wrap uagb-section__background-undefined uagb-block-32a3b61f mooc\"><div class=\"uagb-section__overlay\"><\/div><div class=\"uagb-section__inner-wrap\">\n<div class=\"wp-block-columns is-layout-flex wp-container-core-columns-is-layout-9d6595d7 wp-block-columns-is-layout-flex\">\n<div class=\"wp-block-column is-layout-flow wp-block-column-is-layout-flow\">\n<div class=\"wp-block-getwid-video-popup has-image has-foreground-30\"><a class=\"wp-block-getwid-video-popup__link\" href=\"https:\/\/youtu.be\/YeBhDZ4tyUc\" aria-label=\"Les particularit\u00e9s de l\u2019allaitement d'un nouveau-n\u00e9 pr\u00e9matur\u00e9<br&gt;H\u00e9l\u00e8ne Missillier\"><div class=\"wp-block-getwid-video-popup__wrapper\" style=\"min-height:130px\"><img loading=\"lazy\" decoding=\"async\" width=\"320\" height=\"180\" src=\"https:\/\/fhu-premimpact.org\/wp-content\/uploads\/2022\/05\/Helene-Missillier.jpeg\" alt=\"Les particularit\u00e9s de l\u2019allaitement d'un nouveau-n\u00e9 pr\u00e9matur\u00e9<br&gt;H\u00e9l\u00e8ne Missillier\" class=\"wp-block-getwid-video-popup__image wp-block-getwid-video-popup__source wp-image-5138\" srcset=\"https:\/\/fhu-premimpact.org\/wp-content\/uploads\/2022\/05\/Helene-Missillier.jpeg 320w, https:\/\/fhu-premimpact.org\/wp-content\/uploads\/2022\/05\/Helene-Missillier-300x169.jpeg 300w\" sizes=\"auto, (max-width: 320px) 100vw, 320px\" \/><div class=\"wp-block-getwid-video-popup__button is-style-default is-size-small\" style=\"border-color:#44aac6\"><div class=\"wp-block-getwid-video-popup__icon has-background has-accent-background-color\" style=\"border-color:#44aac6\"><i class=\"fas fa-play\" aria-hidden=\"true\"><\/i><\/div><\/div><\/div><\/a><div class=\"wp-block-getwid-video-popup__caption\"><p class=\"wp-block-getwid-video-popup__title\">Les particularit\u00e9s de l\u2019allaitement d&#8217;un nouveau-n\u00e9 pr\u00e9matur\u00e9<br>H\u00e9l\u00e8ne Missillier<\/p><\/div><\/div>\n<\/div>\n\n\n\n<div class=\"wp-block-column is-layout-flow wp-block-column-is-layout-flow\">\n<div class=\"wp-block-getwid-video-popup has-image\"><a class=\"wp-block-getwid-video-popup__link\" href=\"https:\/\/youtu.be\/um187OwwG7o\" aria-label=\"D\u00e9buter l'allaitement <br&gt;de mon b\u00e9b\u00e9 pr\u00e9matur\u00e9<br&gt;H\u00e9l\u00e8ne Missillier\"><div class=\"wp-block-getwid-video-popup__wrapper\" style=\"min-height:130px\"><img loading=\"lazy\" decoding=\"async\" width=\"320\" height=\"180\" src=\"https:\/\/fhu-premimpact.org\/wp-content\/uploads\/2022\/05\/Helene-Missillier2.jpeg\" alt=\"D\u00e9buter l'allaitement <br&gt;de mon b\u00e9b\u00e9 pr\u00e9matur\u00e9<br&gt;H\u00e9l\u00e8ne Missillier\" class=\"wp-block-getwid-video-popup__image wp-block-getwid-video-popup__source wp-image-5142\" srcset=\"https:\/\/fhu-premimpact.org\/wp-content\/uploads\/2022\/05\/Helene-Missillier2.jpeg 320w, https:\/\/fhu-premimpact.org\/wp-content\/uploads\/2022\/05\/Helene-Missillier2-300x169.jpeg 300w\" sizes=\"auto, (max-width: 320px) 100vw, 320px\" \/><div class=\"wp-block-getwid-video-popup__button is-style-default is-size-small\" style=\"border-color:#44aac6\"><div class=\"wp-block-getwid-video-popup__icon has-background has-accent-background-color\" style=\"border-color:#44aac6\"><i class=\"fas fa-play\" aria-hidden=\"true\"><\/i><\/div><\/div><\/div><\/a><div class=\"wp-block-getwid-video-popup__caption\"><p class=\"wp-block-getwid-video-popup__title\">D\u00e9buter l&#8217;allaitement <br>de mon b\u00e9b\u00e9 pr\u00e9matur\u00e9<br>H\u00e9l\u00e8ne Missillier<\/p><\/div><\/div>\n<\/div>\n\n\n\n<div class=\"wp-block-column is-layout-flow wp-block-column-is-layout-flow\">\n<div class=\"wp-block-getwid-video-popup has-image\"><a class=\"wp-block-getwid-video-popup__link\" href=\"https:\/\/youtu.be\/OBe6bCZKz7A\" aria-label=\"Les contre-indications \u00e0 l'allaitement de mon b\u00e9b\u00e9<br&gt;Dr Catherine Huon\"><div class=\"wp-block-getwid-video-popup__wrapper\" style=\"min-height:130px\"><img loading=\"lazy\" decoding=\"async\" width=\"320\" height=\"180\" src=\"https:\/\/fhu-premimpact.org\/wp-content\/uploads\/2022\/05\/HUON.jpeg\" alt=\"Les contre-indications \u00e0 l'allaitement de mon b\u00e9b\u00e9<br&gt;Dr Catherine Huon\" class=\"wp-block-getwid-video-popup__image wp-block-getwid-video-popup__source wp-image-5144\" srcset=\"https:\/\/fhu-premimpact.org\/wp-content\/uploads\/2022\/05\/HUON.jpeg 320w, https:\/\/fhu-premimpact.org\/wp-content\/uploads\/2022\/05\/HUON-300x169.jpeg 300w\" sizes=\"auto, (max-width: 320px) 100vw, 320px\" \/><div class=\"wp-block-getwid-video-popup__button is-style-default is-size-small\" style=\"border-color:#44aac6\"><div class=\"wp-block-getwid-video-popup__icon has-background has-accent-background-color\" style=\"border-color:#44aac6\"><i class=\"fas fa-play\" aria-hidden=\"true\"><\/i><\/div><\/div><\/div><\/a><div class=\"wp-block-getwid-video-popup__caption\"><p class=\"wp-block-getwid-video-popup__title\">Les contre-indications \u00e0 l&#8217;allaitement de mon b\u00e9b\u00e9<br>Dr Catherine Huon<\/p><\/div><\/div>\n<\/div>\n<\/div>\n\n\n\n<div class=\"wp-block-columns is-layout-flex wp-container-core-columns-is-layout-9d6595d7 wp-block-columns-is-layout-flex\">\n<div class=\"wp-block-column is-layout-flow wp-block-column-is-layout-flow\">\n<div class=\"wp-block-getwid-video-popup has-image\"><a class=\"wp-block-getwid-video-popup__link\" href=\"https:\/\/youtu.be\/m6B-T1YAvFw\" aria-label=\"Les b\u00e9n\u00e9fices <br&gt;\u00e0 allaiter mon b\u00e9b\u00e9 pr\u00e9matur\u00e9<br&gt;Dr Sophie Parat\"><div class=\"wp-block-getwid-video-popup__wrapper\" style=\"min-height:130px\"><img loading=\"lazy\" decoding=\"async\" width=\"320\" height=\"180\" src=\"https:\/\/fhu-premimpact.org\/wp-content\/uploads\/2022\/05\/PARAT.jpeg\" alt=\"Les b\u00e9n\u00e9fices <br&gt;\u00e0 allaiter mon b\u00e9b\u00e9 pr\u00e9matur\u00e9<br&gt;Dr Sophie Parat\" class=\"wp-block-getwid-video-popup__image wp-block-getwid-video-popup__source wp-image-5146\" srcset=\"https:\/\/fhu-premimpact.org\/wp-content\/uploads\/2022\/05\/PARAT.jpeg 320w, https:\/\/fhu-premimpact.org\/wp-content\/uploads\/2022\/05\/PARAT-300x169.jpeg 300w\" sizes=\"auto, (max-width: 320px) 100vw, 320px\" \/><div class=\"wp-block-getwid-video-popup__button is-style-default is-size-small\" style=\"border-color:#44aac6\"><div class=\"wp-block-getwid-video-popup__icon has-background has-accent-background-color\" style=\"border-color:#44aac6\"><i class=\"fas fa-play\" aria-hidden=\"true\"><\/i><\/div><\/div><\/div><\/a><div class=\"wp-block-getwid-video-popup__caption\"><p class=\"wp-block-getwid-video-popup__title\">Les b\u00e9n\u00e9fices <br>\u00e0 allaiter mon b\u00e9b\u00e9 pr\u00e9matur\u00e9<br>Dr Sophie Parat<\/p><\/div><\/div>\n<\/div>\n\n\n\n<div class=\"wp-block-column is-layout-flow wp-block-column-is-layout-flow\">\n<div class=\"wp-block-getwid-video-popup has-image\"><a class=\"wp-block-getwid-video-popup__link\" href=\"https:\/\/youtu.be\/xD0fQMIWOVE\" aria-label=\"Les premi\u00e8res gouttes de mon lait<br&gt;Nathalie Perrillat\"><div class=\"wp-block-getwid-video-popup__wrapper\" style=\"min-height:130px\"><img loading=\"lazy\" decoding=\"async\" width=\"1920\" height=\"1080\" src=\"https:\/\/fhu-premimpact.org\/wp-content\/uploads\/2022\/05\/Perrillat.jpg\" alt=\"Les premi\u00e8res gouttes de mon lait<br&gt;Nathalie Perrillat\" class=\"wp-block-getwid-video-popup__image wp-block-getwid-video-popup__source wp-image-5148\" srcset=\"https:\/\/fhu-premimpact.org\/wp-content\/uploads\/2022\/05\/Perrillat.jpg 1920w, https:\/\/fhu-premimpact.org\/wp-content\/uploads\/2022\/05\/Perrillat-300x169.jpg 300w, https:\/\/fhu-premimpact.org\/wp-content\/uploads\/2022\/05\/Perrillat-1024x576.jpg 1024w, https:\/\/fhu-premimpact.org\/wp-content\/uploads\/2022\/05\/Perrillat-768x432.jpg 768w, https:\/\/fhu-premimpact.org\/wp-content\/uploads\/2022\/05\/Perrillat-1536x864.jpg 1536w, https:\/\/fhu-premimpact.org\/wp-content\/uploads\/2022\/05\/Perrillat-1200x675.jpg 1200w, https:\/\/fhu-premimpact.org\/wp-content\/uploads\/2022\/05\/Perrillat-1320x743.jpg 1320w\" sizes=\"auto, (max-width: 1920px) 100vw, 1920px\" \/><div class=\"wp-block-getwid-video-popup__button is-style-default is-size-small\" style=\"border-color:#44aac6\"><div class=\"wp-block-getwid-video-popup__icon has-background has-accent-background-color\" style=\"border-color:#44aac6\"><i class=\"fas fa-play\" aria-hidden=\"true\"><\/i><\/div><\/div><\/div><\/a><div class=\"wp-block-getwid-video-popup__caption\"><p class=\"wp-block-getwid-video-popup__title\">Les premi\u00e8res gouttes de mon lait<br>Nathalie Perrillat<\/p><\/div><\/div>\n<\/div>\n\n\n\n<div class=\"wp-block-column is-layout-flow wp-block-column-is-layout-flow\">\n<div class=\"wp-block-getwid-video-popup has-image\"><a class=\"wp-block-getwid-video-popup__link\" href=\"https:\/\/youtu.be\/7LGVY8NPtwA\" aria-label=\"Les conseils d'hygi\u00e8ne et la conservation de mon lait<br&gt;Sidonie Nyam\u00e9\"><div class=\"wp-block-getwid-video-popup__wrapper\" style=\"min-height:130px\"><img loading=\"lazy\" decoding=\"async\" width=\"1920\" height=\"1080\" src=\"https:\/\/fhu-premimpact.org\/wp-content\/uploads\/2022\/05\/NYAME.jpg\" alt=\"Les conseils d'hygi\u00e8ne et la conservation de mon lait<br&gt;Sidonie Nyam\u00e9\" class=\"wp-block-getwid-video-popup__image wp-block-getwid-video-popup__source wp-image-5150\" srcset=\"https:\/\/fhu-premimpact.org\/wp-content\/uploads\/2022\/05\/NYAME.jpg 1920w, https:\/\/fhu-premimpact.org\/wp-content\/uploads\/2022\/05\/NYAME-300x169.jpg 300w, https:\/\/fhu-premimpact.org\/wp-content\/uploads\/2022\/05\/NYAME-1024x576.jpg 1024w, https:\/\/fhu-premimpact.org\/wp-content\/uploads\/2022\/05\/NYAME-768x432.jpg 768w, https:\/\/fhu-premimpact.org\/wp-content\/uploads\/2022\/05\/NYAME-1536x864.jpg 1536w, https:\/\/fhu-premimpact.org\/wp-content\/uploads\/2022\/05\/NYAME-1200x675.jpg 1200w, https:\/\/fhu-premimpact.org\/wp-content\/uploads\/2022\/05\/NYAME-1320x743.jpg 1320w\" sizes=\"auto, (max-width: 1920px) 100vw, 1920px\" \/><div class=\"wp-block-getwid-video-popup__button is-style-default is-size-small\" style=\"border-color:#44aac6\"><div class=\"wp-block-getwid-video-popup__icon has-background has-accent-background-color\" style=\"border-color:#44aac6\"><i class=\"fas fa-play\" aria-hidden=\"true\"><\/i><\/div><\/div><\/div><\/a><div class=\"wp-block-getwid-video-popup__caption\"><p class=\"wp-block-getwid-video-popup__title\">Les conseils d&#8217;hygi\u00e8ne et la conservation de mon lait<br>Sidonie Nyam\u00e9<\/p><\/div><\/div>\n<\/div>\n<\/div>\n\n\n\n<div class=\"wp-block-columns is-layout-flex wp-container-core-columns-is-layout-9d6595d7 wp-block-columns-is-layout-flex\">\n<div class=\"wp-block-column is-layout-flow wp-block-column-is-layout-flow\">\n<div class=\"wp-block-getwid-video-popup has-image\"><a class=\"wp-block-getwid-video-popup__link\" href=\"https:\/\/youtu.be\/h_KS6YEg6Zo\" aria-label=\"La pasteurisation du lait<br&gt;Dr Sophie Parat\"><div class=\"wp-block-getwid-video-popup__wrapper\" style=\"min-height:130px\"><img loading=\"lazy\" decoding=\"async\" width=\"320\" height=\"180\" src=\"https:\/\/fhu-premimpact.org\/wp-content\/uploads\/2022\/05\/PARAT.jpeg\" alt=\"La pasteurisation du lait<br&gt;Dr Sophie Parat\" class=\"wp-block-getwid-video-popup__image wp-block-getwid-video-popup__source wp-image-5146\" srcset=\"https:\/\/fhu-premimpact.org\/wp-content\/uploads\/2022\/05\/PARAT.jpeg 320w, https:\/\/fhu-premimpact.org\/wp-content\/uploads\/2022\/05\/PARAT-300x169.jpeg 300w\" sizes=\"auto, (max-width: 320px) 100vw, 320px\" \/><div class=\"wp-block-getwid-video-popup__button is-style-default is-size-small\" style=\"border-color:#44aac6\"><div class=\"wp-block-getwid-video-popup__icon has-background has-accent-background-color\" style=\"border-color:#44aac6\"><i class=\"fas fa-play\" aria-hidden=\"true\"><\/i><\/div><\/div><\/div><\/a><div class=\"wp-block-getwid-video-popup__caption\"><p class=\"wp-block-getwid-video-popup__title\">La pasteurisation du lait<br>Dr Sophie Parat<\/p><\/div><\/div>\n<\/div>\n\n\n\n<div class=\"wp-block-column is-layout-flow wp-block-column-is-layout-flow\">\n<div class=\"wp-block-getwid-video-popup has-image\"><a class=\"wp-block-getwid-video-popup__link\" href=\"https:\/\/youtu.be\/xHt_j_vq4y8\" aria-label=\"Le peau-\u00e0-peau, essentiel pour l'allaitement<br&gt;Isabelle Adam\"><div class=\"wp-block-getwid-video-popup__wrapper\" style=\"min-height:130px\"><img loading=\"lazy\" decoding=\"async\" width=\"1920\" height=\"1080\" src=\"https:\/\/fhu-premimpact.org\/wp-content\/uploads\/2022\/05\/ADAM.jpg\" alt=\"Le peau-\u00e0-peau, essentiel pour l'allaitement<br&gt;Isabelle Adam\" class=\"wp-block-getwid-video-popup__image wp-block-getwid-video-popup__source wp-image-5152\" srcset=\"https:\/\/fhu-premimpact.org\/wp-content\/uploads\/2022\/05\/ADAM.jpg 1920w, https:\/\/fhu-premimpact.org\/wp-content\/uploads\/2022\/05\/ADAM-300x169.jpg 300w, https:\/\/fhu-premimpact.org\/wp-content\/uploads\/2022\/05\/ADAM-1024x576.jpg 1024w, https:\/\/fhu-premimpact.org\/wp-content\/uploads\/2022\/05\/ADAM-768x432.jpg 768w, https:\/\/fhu-premimpact.org\/wp-content\/uploads\/2022\/05\/ADAM-1536x864.jpg 1536w, https:\/\/fhu-premimpact.org\/wp-content\/uploads\/2022\/05\/ADAM-1200x675.jpg 1200w, https:\/\/fhu-premimpact.org\/wp-content\/uploads\/2022\/05\/ADAM-1320x743.jpg 1320w\" sizes=\"auto, (max-width: 1920px) 100vw, 1920px\" \/><div class=\"wp-block-getwid-video-popup__button is-style-default is-size-small\" style=\"border-color:#44aac6\"><div class=\"wp-block-getwid-video-popup__icon has-background has-accent-background-color\" style=\"border-color:#44aac6\"><i class=\"fas fa-play\" aria-hidden=\"true\"><\/i><\/div><\/div><\/div><\/a><div class=\"wp-block-getwid-video-popup__caption\"><p class=\"wp-block-getwid-video-popup__title\">Le peau-\u00e0-peau, essentiel pour l&#8217;allaitement<br>Isabelle Adam<\/p><\/div><\/div>\n<\/div>\n\n\n\n<div class=\"wp-block-column is-layout-flow wp-block-column-is-layout-flow\">\n<div class=\"wp-block-getwid-video-popup has-image\"><a class=\"wp-block-getwid-video-popup__link\" href=\"https:\/\/youtu.be\/kV1dijaokfA\" aria-label=\"Guider mon b\u00e9b\u00e9 pr\u00e9matur\u00e9 <br&gt;vers l'allaitement au sein<br&gt;Dr H\u00e9l\u00e8ne Suils\"><div class=\"wp-block-getwid-video-popup__wrapper\" style=\"min-height:132px\"><img loading=\"lazy\" decoding=\"async\" width=\"1920\" height=\"1080\" src=\"https:\/\/fhu-premimpact.org\/wp-content\/uploads\/2022\/05\/Suils.jpg\" alt=\"Guider mon b\u00e9b\u00e9 pr\u00e9matur\u00e9 <br&gt;vers l'allaitement au sein<br&gt;Dr H\u00e9l\u00e8ne Suils\" class=\"wp-block-getwid-video-popup__image wp-block-getwid-video-popup__source wp-image-5154\" srcset=\"https:\/\/fhu-premimpact.org\/wp-content\/uploads\/2022\/05\/Suils.jpg 1920w, https:\/\/fhu-premimpact.org\/wp-content\/uploads\/2022\/05\/Suils-300x169.jpg 300w, https:\/\/fhu-premimpact.org\/wp-content\/uploads\/2022\/05\/Suils-1024x576.jpg 1024w, https:\/\/fhu-premimpact.org\/wp-content\/uploads\/2022\/05\/Suils-768x432.jpg 768w, https:\/\/fhu-premimpact.org\/wp-content\/uploads\/2022\/05\/Suils-1536x864.jpg 1536w, https:\/\/fhu-premimpact.org\/wp-content\/uploads\/2022\/05\/Suils-1200x675.jpg 1200w, https:\/\/fhu-premimpact.org\/wp-content\/uploads\/2022\/05\/Suils-1320x743.jpg 1320w\" sizes=\"auto, (max-width: 1920px) 100vw, 1920px\" \/><div class=\"wp-block-getwid-video-popup__button is-style-default is-size-small\" style=\"border-color:#44aac6\"><div class=\"wp-block-getwid-video-popup__icon has-background has-accent-background-color\" style=\"border-color:#44aac6\"><i class=\"fas fa-play\" aria-hidden=\"true\"><\/i><\/div><\/div><\/div><\/a><div class=\"wp-block-getwid-video-popup__caption\"><p class=\"wp-block-getwid-video-popup__title\">Guider mon b\u00e9b\u00e9 pr\u00e9matur\u00e9 <br>vers l&#8217;allaitement au sein<br>Dr H\u00e9l\u00e8ne Suils<\/p><\/div><\/div>\n<\/div>\n<\/div>\n\n\n\n<div class=\"wp-block-columns is-layout-flex wp-container-core-columns-is-layout-9d6595d7 wp-block-columns-is-layout-flex\">\n<div class=\"wp-block-column is-layout-flow wp-block-column-is-layout-flow\"><\/div>\n\n\n\n<div class=\"wp-block-column is-layout-flow wp-block-column-is-layout-flow\">\n<div class=\"wp-block-getwid-video-popup has-image\"><a class=\"wp-block-getwid-video-popup__link\" href=\"https:\/\/youtu.be\/M5X1xOi4Tck\" aria-label=\"Allaiter \u00e0 la maison <br&gt;mon b\u00e9b\u00e9 n\u00e9 pr\u00e9matur\u00e9ment<br&gt;Dr H\u00e9l\u00e8ne Suils\"><div class=\"wp-block-getwid-video-popup__wrapper\" style=\"min-height:130px\"><img loading=\"lazy\" decoding=\"async\" width=\"1920\" height=\"1080\" src=\"https:\/\/fhu-premimpact.org\/wp-content\/uploads\/2022\/05\/Suils.jpg\" alt=\"Allaiter \u00e0 la maison <br&gt;mon b\u00e9b\u00e9 n\u00e9 pr\u00e9matur\u00e9ment<br&gt;Dr H\u00e9l\u00e8ne Suils\" class=\"wp-block-getwid-video-popup__image wp-block-getwid-video-popup__source wp-image-5154\" srcset=\"https:\/\/fhu-premimpact.org\/wp-content\/uploads\/2022\/05\/Suils.jpg 1920w, https:\/\/fhu-premimpact.org\/wp-content\/uploads\/2022\/05\/Suils-300x169.jpg 300w, https:\/\/fhu-premimpact.org\/wp-content\/uploads\/2022\/05\/Suils-1024x576.jpg 1024w, https:\/\/fhu-premimpact.org\/wp-content\/uploads\/2022\/05\/Suils-768x432.jpg 768w, https:\/\/fhu-premimpact.org\/wp-content\/uploads\/2022\/05\/Suils-1536x864.jpg 1536w, https:\/\/fhu-premimpact.org\/wp-content\/uploads\/2022\/05\/Suils-1200x675.jpg 1200w, https:\/\/fhu-premimpact.org\/wp-content\/uploads\/2022\/05\/Suils-1320x743.jpg 1320w\" sizes=\"auto, (max-width: 1920px) 100vw, 1920px\" \/><div class=\"wp-block-getwid-video-popup__button is-style-default is-size-small\" style=\"border-color:#44aac6\"><div class=\"wp-block-getwid-video-popup__icon has-background has-accent-background-color\" style=\"border-color:#44aac6\"><i class=\"fas fa-play\" aria-hidden=\"true\"><\/i><\/div><\/div><\/div><\/a><div class=\"wp-block-getwid-video-popup__caption\"><p class=\"wp-block-getwid-video-popup__title\">Allaiter \u00e0 la maison <br>mon b\u00e9b\u00e9 n\u00e9 pr\u00e9matur\u00e9ment<br>Dr H\u00e9l\u00e8ne Suils<\/p><\/div><\/div>\n<\/div>\n\n\n\n<div class=\"wp-block-column is-layout-flow wp-block-column-is-layout-flow\"><\/div>\n<\/div>\n\n\n\n<div class=\"wp-block-columns is-layout-flex wp-container-core-columns-is-layout-9d6595d7 wp-block-columns-is-layout-flex\">\n<div class=\"wp-block-column is-layout-flow wp-block-column-is-layout-flow\">\n<h4 class=\"wp-block-heading\">Des outils \u00e0 reproduire pour diffuser le lien vers les vid\u00e9os dans votre service ou autour de vous.<\/h4>\n<\/div>\n\n\n\n<div class=\"wp-block-column is-layout-flow wp-block-column-is-layout-flow\">\n<p><br><br><a aria-label=\"Un flyer avec un QR code (opens in a new tab)\" href=\"https:\/\/fhu-premimpact.org\/wp-content\/uploads\/2022\/07\/20220609_affiche-allaitement-v4.pdf\" target=\"_blank\" rel=\"noreferrer noopener\" class=\"ek-link\">Un flyer avec un QR code<\/a><br><a aria-label=\"Une affiche avec QR Code (opens in a new tab)\" href=\"https:\/\/fhu-premimpact.org\/wp-content\/uploads\/2022\/07\/20220609_affiche-allaitement-v4-1.pdf\" target=\"_blank\" rel=\"noreferrer noopener\" class=\"ek-link\">Une affiche avec QR Code<\/a><\/p>\n<\/div>\n<\/div>\n\n\n\n<h4 class=\"wp-block-heading\">Merci au comit\u00e9 d&#8217;expertes de la FHU PREMA (F\u00e9d\u00e9ration Hospitalo-Universitaire qui a pr\u00e9c\u00e9d\u00e9 la FHU Prem&#8217;IMPACT)<\/h4>\n\n\n\n<p><strong>Isabelle ADAM<\/strong>, infirmi\u00e8re, consultante en lactation, service de m\u00e9decine et de r\u00e9animation n\u00e9onatale, H\u00f4pital Louis Mourier, AP-HP<br><strong>Catherine HUON<\/strong>, p\u00e9diatre, service de m\u00e9decine et de r\u00e9animation n\u00e9onatale, H\u00f4pital Louis Mourier, AP-HP<br><strong>H\u00e9l\u00e8ne MISSILLIER<\/strong>, infirmi\u00e8re pu\u00e9ricultrice, consultante en allaitement, service de n\u00e9onatalogie, H\u00f4pital Armand Trousseau, AP-HP<br><strong>Sidonie NYAME<\/strong>, infirmi\u00e8re pu\u00e9ricultrice, consultante en lactation, IBCLC, service de m\u00e9decine et de r\u00e9animation n\u00e9onatale, H\u00f4pital Cochin-Port-Royal, AP-HP<br><strong>Sophie PARAT<\/strong>, p\u00e9diatre, service de m\u00e9decine et de r\u00e9animation n\u00e9onatale, H\u00f4pital Cochin-Port-Royal, AP-HP<br><strong>Nathalie PERRILLAT<\/strong>, sage-femme, dipl\u00f4m\u00e9e en lactation, maternit\u00e9 Port-Royal, H\u00f4pital Cochin-Port-Royal, AP-HP<br><strong>Sarah SPYRIDAKIS-COQUERY<\/strong>, p\u00e9diatre, hospitalisation \u00e0 domicile et maternit\u00e9, H\u00f4pital Louis Mourier, AP-HP<br><strong>H\u00e9l\u00e8ne SUILS<\/strong>, p\u00e9diatre, consultante en allaitement, service de n\u00e9onatalogie et maternit\u00e9, GH Paris Saint-Joseph<br><strong>V\u00e9ronique TESSIER<\/strong>, sage-femme cheffe de projet, FHU PREMA, Direction de la Recherche Clinique et de l&#8217;Innovation, AP-HP<\/p>\n<\/div><\/section>\n\n\n\n<p><\/p>\n","protected":false},"excerpt":{"rendered":"<p>ou quand l\u2019enfant n\u2019est pas assez mature pour t\u00e9ter au sein\u2026 L\u2019enfant grand pr\u00e9matur\u00e9 n\u2019est pas encore assez mature pour t\u00e9ter au sein. Cependant, allaiter un enfant n\u00e9 pr\u00e9matur\u00e9 est tout \u00e0 fait possible, bien que cela ne ressemble pas \u00e0 l\u2019id\u00e9e que l\u2019on se fait d\u2019un allaitement classique.Le lait maternel est pour un enfant [&hellip;]<\/p>\n","protected":false},"author":87,"featured_media":0,"parent":245,"menu_order":8,"comment_status":"closed","ping_status":"closed","template":"","meta":{"_editorskit_title_hidden":false,"_editorskit_reading_time":2,"_editorskit_is_block_options_detached":false,"_editorskit_block_options_position":"{}","_uag_custom_page_level_css":"","footnotes":""},"class_list":["post-5119","page","type-page","status-publish","hentry"],"yoast_head":"<!-- This site is optimized with the Yoast SEO plugin v27.2 - https:\/\/yoast.com\/product\/yoast-seo-wordpress\/ -->\n<title>Allaitement et pr\u00e9maturit\u00e9 - FHU Prem&#039;IMPACT<\/title>\n<meta name=\"robots\" content=\"index, follow, max-snippet:-1, max-image-preview:large, max-video-preview:-1\" \/>\n<link rel=\"canonical\" href=\"https:\/\/fhu-premimpact.org\/en\/tout-public\/allaitement-et-prematurite\/\" \/>\n<meta property=\"og:locale\" content=\"en_US\" \/>\n<meta property=\"og:type\" content=\"article\" \/>\n<meta property=\"og:title\" content=\"Allaitement et pr\u00e9maturit\u00e9 - FHU Prem&#039;IMPACT\" \/>\n<meta property=\"og:description\" content=\"ou quand l\u2019enfant n\u2019est pas assez mature pour t\u00e9ter au sein\u2026 L\u2019enfant grand pr\u00e9matur\u00e9 n\u2019est pas encore assez mature pour t\u00e9ter au sein. Cependant, allaiter un enfant n\u00e9 pr\u00e9matur\u00e9 est tout \u00e0 fait possible, bien que cela ne ressemble pas \u00e0 l\u2019id\u00e9e que l\u2019on se fait d\u2019un allaitement classique.Le lait maternel est pour un enfant [&hellip;]\" \/>\n<meta property=\"og:url\" content=\"https:\/\/fhu-premimpact.org\/en\/tout-public\/allaitement-et-prematurite\/\" \/>\n<meta property=\"og:site_name\" content=\"FHU Prem&#039;IMPACT\" \/>\n<meta property=\"article:modified_time\" content=\"2026-04-23T13:50:04+00:00\" \/>\n<meta property=\"og:image\" content=\"https:\/\/fhu-premimpact.org\/wp-content\/uploads\/2022\/05\/VIDEO-1-.00_04_47_16.Still003-paille.jpg\" \/>\n\t<meta property=\"og:image:width\" content=\"1920\" \/>\n\t<meta property=\"og:image:height\" content=\"1080\" \/>\n\t<meta property=\"og:image:type\" content=\"image\/jpeg\" \/>\n<meta name=\"twitter:card\" content=\"summary_large_image\" \/>\n<meta name=\"twitter:label1\" content=\"Est. reading time\" \/>\n\t<meta name=\"twitter:data1\" content=\"6 minutes\" \/>\n<script type=\"application\/ld+json\" class=\"yoast-schema-graph\">{\"@context\":\"https:\/\/schema.org\",\"@graph\":[{\"@type\":\"WebPage\",\"@id\":\"https:\/\/fhu-premimpact.org\/en\/tout-public\/allaitement-et-prematurite\/\",\"url\":\"https:\/\/fhu-premimpact.org\/en\/tout-public\/allaitement-et-prematurite\/\",\"name\":\"Allaitement et pr\u00e9maturit\u00e9 - FHU Prem&#039;IMPACT\",\"isPartOf\":{\"@id\":\"https:\/\/fhu-premimpact.org\/en\/#website\"},\"primaryImageOfPage\":{\"@id\":\"https:\/\/fhu-premimpact.org\/en\/tout-public\/allaitement-et-prematurite\/#primaryimage\"},\"image\":{\"@id\":\"https:\/\/fhu-premimpact.org\/en\/tout-public\/allaitement-et-prematurite\/#primaryimage\"},\"thumbnailUrl\":\"https:\/\/fhu-premimpact.org\/wp-content\/uploads\/2022\/05\/VIDEO-1-.00_04_47_16.Still003-paille.jpg\",\"datePublished\":\"2023-02-01T14:56:39+00:00\",\"dateModified\":\"2026-04-23T13:50:04+00:00\",\"breadcrumb\":{\"@id\":\"https:\/\/fhu-premimpact.org\/en\/tout-public\/allaitement-et-prematurite\/#breadcrumb\"},\"inLanguage\":\"en-US\",\"potentialAction\":[{\"@type\":\"ReadAction\",\"target\":[\"https:\/\/fhu-premimpact.org\/en\/tout-public\/allaitement-et-prematurite\/\"]}]},{\"@type\":\"ImageObject\",\"inLanguage\":\"en-US\",\"@id\":\"https:\/\/fhu-premimpact.org\/en\/tout-public\/allaitement-et-prematurite\/#primaryimage\",\"url\":\"https:\/\/fhu-premimpact.org\/wp-content\/uploads\/2022\/05\/VIDEO-1-.00_04_47_16.Still003-paille.jpg\",\"contentUrl\":\"https:\/\/fhu-premimpact.org\/wp-content\/uploads\/2022\/05\/VIDEO-1-.00_04_47_16.Still003-paille.jpg\"},{\"@type\":\"BreadcrumbList\",\"@id\":\"https:\/\/fhu-premimpact.org\/en\/tout-public\/allaitement-et-prematurite\/#breadcrumb\",\"itemListElement\":[{\"@type\":\"ListItem\",\"position\":1,\"name\":\"Accueil\",\"item\":\"https:\/\/fhu-premimpact.org\/en\/\"},{\"@type\":\"ListItem\",\"position\":2,\"name\":\"Tout public\",\"item\":\"https:\/\/fhu-premimpact.org\/en\/tout-public\/\"},{\"@type\":\"ListItem\",\"position\":3,\"name\":\"Allaitement et pr\u00e9maturit\u00e9\"}]},{\"@type\":\"WebSite\",\"@id\":\"https:\/\/fhu-premimpact.org\/en\/#website\",\"url\":\"https:\/\/fhu-premimpact.org\/en\/\",\"name\":\"FHU PREM'IMPACT\",\"description\":\"Perinatal inflammation and prematurity\",\"publisher\":{\"@id\":\"https:\/\/fhu-premimpact.org\/en\/#organization\"},\"potentialAction\":[{\"@type\":\"SearchAction\",\"target\":{\"@type\":\"EntryPoint\",\"urlTemplate\":\"https:\/\/fhu-premimpact.org\/en\/?s={search_term_string}\"},\"query-input\":{\"@type\":\"PropertyValueSpecification\",\"valueRequired\":true,\"valueName\":\"search_term_string\"}}],\"inLanguage\":\"en-US\"},{\"@type\":\"Organization\",\"@id\":\"https:\/\/fhu-premimpact.org\/en\/#organization\",\"name\":\"FHU PREM'IMPACT\",\"url\":\"https:\/\/fhu-premimpact.org\/en\/\",\"logo\":{\"@type\":\"ImageObject\",\"inLanguage\":\"en-US\",\"@id\":\"https:\/\/fhu-premimpact.org\/en\/#\/schema\/logo\/image\/\",\"url\":\"https:\/\/fhu-premimpact.org\/wp-content\/uploads\/2025\/03\/logo-grand-centre-fhupremimpact.jpg\",\"contentUrl\":\"https:\/\/fhu-premimpact.org\/wp-content\/uploads\/2025\/03\/logo-grand-centre-fhupremimpact.jpg\",\"width\":1280,\"height\":720,\"caption\":\"FHU PREM'IMPACT\"},\"image\":{\"@id\":\"https:\/\/fhu-premimpact.org\/en\/#\/schema\/logo\/image\/\"},\"sameAs\":[\"https:\/\/www.instagram.com\/fhupremimpact\/\",\"https:\/\/www.linkedin.com\/in\/fhu-prem-impact-ap-hp-inserm-universit-paris-cit-70b911253\/\"]}]}<\/script>\n<!-- \/ Yoast SEO plugin. -->","yoast_head_json":{"title":"Allaitement et pr\u00e9maturit\u00e9 - FHU Prem&#039;IMPACT","robots":{"index":"index","follow":"follow","max-snippet":"max-snippet:-1","max-image-preview":"max-image-preview:large","max-video-preview":"max-video-preview:-1"},"canonical":"https:\/\/fhu-premimpact.org\/en\/tout-public\/allaitement-et-prematurite\/","og_locale":"en_US","og_type":"article","og_title":"Allaitement et pr\u00e9maturit\u00e9 - FHU Prem&#039;IMPACT","og_description":"ou quand l\u2019enfant n\u2019est pas assez mature pour t\u00e9ter au sein\u2026 L\u2019enfant grand pr\u00e9matur\u00e9 n\u2019est pas encore assez mature pour t\u00e9ter au sein. Cependant, allaiter un enfant n\u00e9 pr\u00e9matur\u00e9 est tout \u00e0 fait possible, bien que cela ne ressemble pas \u00e0 l\u2019id\u00e9e que l\u2019on se fait d\u2019un allaitement classique.Le lait maternel est pour un enfant [&hellip;]","og_url":"https:\/\/fhu-premimpact.org\/en\/tout-public\/allaitement-et-prematurite\/","og_site_name":"FHU Prem&#039;IMPACT","article_modified_time":"2026-04-23T13:50:04+00:00","og_image":[{"width":1920,"height":1080,"url":"https:\/\/fhu-premimpact.org\/wp-content\/uploads\/2022\/05\/VIDEO-1-.00_04_47_16.Still003-paille.jpg","type":"image\/jpeg"}],"twitter_card":"summary_large_image","twitter_misc":{"Est. reading time":"6 minutes"},"schema":{"@context":"https:\/\/schema.org","@graph":[{"@type":"WebPage","@id":"https:\/\/fhu-premimpact.org\/en\/tout-public\/allaitement-et-prematurite\/","url":"https:\/\/fhu-premimpact.org\/en\/tout-public\/allaitement-et-prematurite\/","name":"Allaitement et pr\u00e9maturit\u00e9 - FHU Prem&#039;IMPACT","isPartOf":{"@id":"https:\/\/fhu-premimpact.org\/en\/#website"},"primaryImageOfPage":{"@id":"https:\/\/fhu-premimpact.org\/en\/tout-public\/allaitement-et-prematurite\/#primaryimage"},"image":{"@id":"https:\/\/fhu-premimpact.org\/en\/tout-public\/allaitement-et-prematurite\/#primaryimage"},"thumbnailUrl":"https:\/\/fhu-premimpact.org\/wp-content\/uploads\/2022\/05\/VIDEO-1-.00_04_47_16.Still003-paille.jpg","datePublished":"2023-02-01T14:56:39+00:00","dateModified":"2026-04-23T13:50:04+00:00","breadcrumb":{"@id":"https:\/\/fhu-premimpact.org\/en\/tout-public\/allaitement-et-prematurite\/#breadcrumb"},"inLanguage":"en-US","potentialAction":[{"@type":"ReadAction","target":["https:\/\/fhu-premimpact.org\/en\/tout-public\/allaitement-et-prematurite\/"]}]},{"@type":"ImageObject","inLanguage":"en-US","@id":"https:\/\/fhu-premimpact.org\/en\/tout-public\/allaitement-et-prematurite\/#primaryimage","url":"https:\/\/fhu-premimpact.org\/wp-content\/uploads\/2022\/05\/VIDEO-1-.00_04_47_16.Still003-paille.jpg","contentUrl":"https:\/\/fhu-premimpact.org\/wp-content\/uploads\/2022\/05\/VIDEO-1-.00_04_47_16.Still003-paille.jpg"},{"@type":"BreadcrumbList","@id":"https:\/\/fhu-premimpact.org\/en\/tout-public\/allaitement-et-prematurite\/#breadcrumb","itemListElement":[{"@type":"ListItem","position":1,"name":"Accueil","item":"https:\/\/fhu-premimpact.org\/en\/"},{"@type":"ListItem","position":2,"name":"Tout public","item":"https:\/\/fhu-premimpact.org\/en\/tout-public\/"},{"@type":"ListItem","position":3,"name":"Allaitement et pr\u00e9maturit\u00e9"}]},{"@type":"WebSite","@id":"https:\/\/fhu-premimpact.org\/en\/#website","url":"https:\/\/fhu-premimpact.org\/en\/","name":"FHU PREM'IMPACT","description":"Perinatal inflammation and prematurity","publisher":{"@id":"https:\/\/fhu-premimpact.org\/en\/#organization"},"potentialAction":[{"@type":"SearchAction","target":{"@type":"EntryPoint","urlTemplate":"https:\/\/fhu-premimpact.org\/en\/?s={search_term_string}"},"query-input":{"@type":"PropertyValueSpecification","valueRequired":true,"valueName":"search_term_string"}}],"inLanguage":"en-US"},{"@type":"Organization","@id":"https:\/\/fhu-premimpact.org\/en\/#organization","name":"FHU PREM'IMPACT","url":"https:\/\/fhu-premimpact.org\/en\/","logo":{"@type":"ImageObject","inLanguage":"en-US","@id":"https:\/\/fhu-premimpact.org\/en\/#\/schema\/logo\/image\/","url":"https:\/\/fhu-premimpact.org\/wp-content\/uploads\/2025\/03\/logo-grand-centre-fhupremimpact.jpg","contentUrl":"https:\/\/fhu-premimpact.org\/wp-content\/uploads\/2025\/03\/logo-grand-centre-fhupremimpact.jpg","width":1280,"height":720,"caption":"FHU PREM'IMPACT"},"image":{"@id":"https:\/\/fhu-premimpact.org\/en\/#\/schema\/logo\/image\/"},"sameAs":["https:\/\/www.instagram.com\/fhupremimpact\/","https:\/\/www.linkedin.com\/in\/fhu-prem-impact-ap-hp-inserm-universit-paris-cit-70b911253\/"]}]}},"uagb_featured_image_src":{"full":false,"thumbnail":false,"medium":false,"medium_large":false,"large":false,"1536x1536":false,"2048x2048":false,"post-thumbnail":false,"twentytwenty-fullscreen":false},"uagb_author_info":{"display_name":"Laurence Lecomte","author_link":"https:\/\/fhu-premimpact.org\/en\/author\/laurence-lecomte\/"},"uagb_comment_info":0,"uagb_excerpt":"ou quand l\u2019enfant n\u2019est pas assez mature pour t\u00e9ter au sein\u2026 L\u2019enfant grand pr\u00e9matur\u00e9 n\u2019est pas encore assez mature pour t\u00e9ter au sein. Cependant, allaiter un enfant n\u00e9 pr\u00e9matur\u00e9 est tout \u00e0 fait possible, bien que cela ne ressemble pas \u00e0 l\u2019id\u00e9e que l\u2019on se fait d\u2019un allaitement classique.Le lait maternel est pour un enfant&hellip;","_links":{"self":[{"href":"https:\/\/fhu-premimpact.org\/en\/wp-json\/wp\/v2\/pages\/5119","targetHints":{"allow":["GET"]}}],"collection":[{"href":"https:\/\/fhu-premimpact.org\/en\/wp-json\/wp\/v2\/pages"}],"about":[{"href":"https:\/\/fhu-premimpact.org\/en\/wp-json\/wp\/v2\/types\/page"}],"author":[{"embeddable":true,"href":"https:\/\/fhu-premimpact.org\/en\/wp-json\/wp\/v2\/users\/87"}],"replies":[{"embeddable":true,"href":"https:\/\/fhu-premimpact.org\/en\/wp-json\/wp\/v2\/comments?post=5119"}],"version-history":[{"count":24,"href":"https:\/\/fhu-premimpact.org\/en\/wp-json\/wp\/v2\/pages\/5119\/revisions"}],"predecessor-version":[{"id":8278,"href":"https:\/\/fhu-premimpact.org\/en\/wp-json\/wp\/v2\/pages\/5119\/revisions\/8278"}],"up":[{"embeddable":true,"href":"https:\/\/fhu-premimpact.org\/en\/wp-json\/wp\/v2\/pages\/245"}],"wp:attachment":[{"href":"https:\/\/fhu-premimpact.org\/en\/wp-json\/wp\/v2\/media?parent=5119"}],"curies":[{"name":"wp","href":"https:\/\/api.w.org\/{rel}","templated":true}]}}