{"id":4130,"date":"2021-07-27T17:15:42","date_gmt":"2021-07-27T15:15:42","guid":{"rendered":"https:\/\/fhu-premimpact.org\/?page_id=4130"},"modified":"2026-04-23T15:50:10","modified_gmt":"2026-04-23T13:50:10","slug":"rencontres-du-groupe-de-la-francophonie-placentaire","status":"publish","type":"page","link":"https:\/\/fhu-premimpact.org\/en\/enseignement\/congres\/rencontres-du-groupe-de-la-francophonie-placentaire\/","title":{"rendered":"2021 &#8211; Rencontres du Groupe de la francophonie Placentaire"},"content":{"rendered":"\n<div class=\"wp-block-media-text alignwide is-stacked-on-mobile\" style=\"grid-template-columns:28% auto\"><figure class=\"wp-block-media-text__media\"><img loading=\"lazy\" decoding=\"async\" width=\"1024\" height=\"1024\" src=\"https:\/\/fhu-premimpact.org\/wp-content\/uploads\/2021\/07\/superposition-1-CORRIG2-1024x1024.jpg\" alt=\"\" class=\"wp-image-4131 size-full\" srcset=\"https:\/\/fhu-premimpact.org\/wp-content\/uploads\/2021\/07\/superposition-1-CORRIG2.jpg 1024w, https:\/\/fhu-premimpact.org\/wp-content\/uploads\/2021\/07\/superposition-1-CORRIG2-300x300.jpg 300w, https:\/\/fhu-premimpact.org\/wp-content\/uploads\/2021\/07\/superposition-1-CORRIG2-150x150.jpg 150w, https:\/\/fhu-premimpact.org\/wp-content\/uploads\/2021\/07\/superposition-1-CORRIG2-768x768.jpg 768w\" sizes=\"auto, (max-width: 1024px) 100vw, 1024px\" \/><\/figure><div class=\"wp-block-media-text__content\">\n<h2 class=\"has-text-align-center wp-block-heading\">&#8220;Ma m\u00e8re, Mon placenta et Moi&#8221; <\/h2>\n\n\n\n<p class=\"has-text-align-center\">6-7 septembre 2021 au format virtuel<\/p>\n\n\n\n<p><\/p>\n\n\n\n<p><\/p>\n\n\n\n<figure class=\"wp-block-table\"><table><tbody><tr><td><em>Imagerie confocale \u00e0 fluorescence de la vascularisation f\u0153to-placentaire au premier trimestre.<br>Bleu : ADN ; Rouge : CK7 ; Vert : Lectine ; Blanc : ASA<br>UMR-S 1139, 3PHM, Th. Fournier<\/em><\/td><\/tr><\/tbody><\/table><\/figure>\n<\/div><\/div>\n\n\n\n<p>Ce colloque a pour objectif d\u2019encourager la recherche sur le placenta et les pathologies obst\u00e9tricales associ\u00e9es, de faciliter les collaborations internationales francophones, et les \u00e9changes scientifiques et m\u00e9thodologique dans notre domaine.<\/p>\n\n\n\n<p>Le colloque est ouvert aux chercheurs, enseignants, \u00e9tudiants et cliniciens. Les conf\u00e9renciers invit\u00e9s sont des sp\u00e9cialistes du placenta ou des pathologies d\u2019origines placentaires, venant de divers horizons (immunologistes, g\u00e9n\u00e9ticiens, physiologistes, obst\u00e9triciens, biochimistes, pathologistes, toxicologistes&#8230;).<\/p>\n\n\n\n<p>La rencontre s\u2019organise pour permettre \u00e0 tous les participants, s\u2019ils le souhaitent, d\u2019exposer leur projet de recherche et de discuter.<\/p>\n\n\n\n<h4 class=\"wp-block-heading\"><a href=\"https:\/\/colloque.inrae.fr\/gfp-nantes-2020\/\" target=\"_blank\" aria-label=\"Pour en savoir plus (opens in a new tab)\" rel=\"noreferrer noopener\" class=\"ek-link\">Pour en savoir plus<\/a><\/h4>\n\n\n\n<p>Suivez-nous sur <img decoding=\"async\" alt=\"Twitter\" src=\"https:\/\/colloque.inrae.fr\/var\/gfp_nantes_2020\/storage\/images\/media\/images\/twitter\/35046-1-fre-FR\/Twitter_tiny.png\"> &nbsp;<strong>#RencontresGfP2021<\/strong><\/p>\n\n\n\n<h4 class=\"wp-block-heading\"><a href=\"https:\/\/colloque.inrae.fr\/gfp-nantes-2020\/Inscription2\" target=\"_blank\" aria-label=\"Inscriptions (opens in a new tab)\" rel=\"noreferrer noopener\" class=\"ek-link\">Inscriptions<\/a> <\/h4>\n","protected":false},"excerpt":{"rendered":"<p>&#8220;Ma m\u00e8re, Mon placenta et Moi&#8221; 6-7 septembre 2021 au format virtuel Imagerie confocale \u00e0 fluorescence de la vascularisation f\u0153to-placentaire au premier trimestre.Bleu : ADN ; Rouge : CK7 ; Vert : Lectine ; Blanc : ASAUMR-S 1139, 3PHM, Th. Fournier Ce colloque a pour objectif d\u2019encourager la recherche sur le placenta et les pathologies [&hellip;]<\/p>\n","protected":false},"author":87,"featured_media":4131,"parent":255,"menu_order":61,"comment_status":"closed","ping_status":"closed","template":"","meta":{"_editorskit_title_hidden":false,"_editorskit_reading_time":1,"_editorskit_is_block_options_detached":false,"_editorskit_block_options_position":"{}","_uag_custom_page_level_css":"","footnotes":""},"class_list":["post-4130","page","type-page","status-publish","has-post-thumbnail","hentry"],"yoast_head":"<!-- This site is optimized with the Yoast SEO plugin v27.2 - https:\/\/yoast.com\/product\/yoast-seo-wordpress\/ -->\n<title>2021 - Rencontres du Groupe de la francophonie Placentaire - FHU Prem&#039;IMPACT<\/title>\n<meta name=\"robots\" content=\"index, follow, max-snippet:-1, max-image-preview:large, max-video-preview:-1\" \/>\n<link rel=\"canonical\" href=\"https:\/\/fhu-premimpact.org\/en\/enseignement\/congres\/rencontres-du-groupe-de-la-francophonie-placentaire\/\" \/>\n<meta property=\"og:locale\" content=\"en_US\" \/>\n<meta property=\"og:type\" content=\"article\" \/>\n<meta property=\"og:title\" content=\"2021 - Rencontres du Groupe de la francophonie Placentaire - FHU Prem&#039;IMPACT\" \/>\n<meta property=\"og:description\" content=\"&#8220;Ma m\u00e8re, Mon placenta et Moi&#8221; 6-7 septembre 2021 au format virtuel Imagerie confocale \u00e0 fluorescence de la vascularisation f\u0153to-placentaire au premier trimestre.Bleu : ADN ; Rouge : CK7 ; Vert : Lectine ; Blanc : ASAUMR-S 1139, 3PHM, Th. Fournier Ce colloque a pour objectif d\u2019encourager la recherche sur le placenta et les pathologies [&hellip;]\" \/>\n<meta property=\"og:url\" content=\"https:\/\/fhu-premimpact.org\/en\/enseignement\/congres\/rencontres-du-groupe-de-la-francophonie-placentaire\/\" \/>\n<meta property=\"og:site_name\" content=\"FHU Prem&#039;IMPACT\" \/>\n<meta property=\"article:modified_time\" content=\"2026-04-23T13:50:10+00:00\" \/>\n<meta property=\"og:image\" content=\"https:\/\/fhu-premimpact.org\/wp-content\/uploads\/2021\/07\/superposition-1-CORRIG2.jpg\" \/>\n\t<meta property=\"og:image:width\" content=\"1024\" \/>\n\t<meta property=\"og:image:height\" content=\"1024\" \/>\n\t<meta property=\"og:image:type\" content=\"image\/jpeg\" \/>\n<meta name=\"twitter:card\" content=\"summary_large_image\" \/>\n<meta name=\"twitter:label1\" content=\"Est. reading time\" \/>\n\t<meta name=\"twitter:data1\" content=\"1 minute\" \/>\n<script type=\"application\/ld+json\" class=\"yoast-schema-graph\">{\"@context\":\"https:\/\/schema.org\",\"@graph\":[{\"@type\":\"WebPage\",\"@id\":\"https:\/\/fhu-premimpact.org\/en\/enseignement\/congres\/rencontres-du-groupe-de-la-francophonie-placentaire\/\",\"url\":\"https:\/\/fhu-premimpact.org\/en\/enseignement\/congres\/rencontres-du-groupe-de-la-francophonie-placentaire\/\",\"name\":\"2021 - Rencontres du Groupe de la francophonie Placentaire - FHU Prem&#039;IMPACT\",\"isPartOf\":{\"@id\":\"https:\/\/fhu-premimpact.org\/en\/#website\"},\"primaryImageOfPage\":{\"@id\":\"https:\/\/fhu-premimpact.org\/en\/enseignement\/congres\/rencontres-du-groupe-de-la-francophonie-placentaire\/#primaryimage\"},\"image\":{\"@id\":\"https:\/\/fhu-premimpact.org\/en\/enseignement\/congres\/rencontres-du-groupe-de-la-francophonie-placentaire\/#primaryimage\"},\"thumbnailUrl\":\"https:\/\/fhu-premimpact.org\/wp-content\/uploads\/2021\/07\/superposition-1-CORRIG2.jpg\",\"datePublished\":\"2021-07-27T15:15:42+00:00\",\"dateModified\":\"2026-04-23T13:50:10+00:00\",\"breadcrumb\":{\"@id\":\"https:\/\/fhu-premimpact.org\/en\/enseignement\/congres\/rencontres-du-groupe-de-la-francophonie-placentaire\/#breadcrumb\"},\"inLanguage\":\"en-US\",\"potentialAction\":[{\"@type\":\"ReadAction\",\"target\":[\"https:\/\/fhu-premimpact.org\/en\/enseignement\/congres\/rencontres-du-groupe-de-la-francophonie-placentaire\/\"]}]},{\"@type\":\"ImageObject\",\"inLanguage\":\"en-US\",\"@id\":\"https:\/\/fhu-premimpact.org\/en\/enseignement\/congres\/rencontres-du-groupe-de-la-francophonie-placentaire\/#primaryimage\",\"url\":\"https:\/\/fhu-premimpact.org\/wp-content\/uploads\/2021\/07\/superposition-1-CORRIG2.jpg\",\"contentUrl\":\"https:\/\/fhu-premimpact.org\/wp-content\/uploads\/2021\/07\/superposition-1-CORRIG2.jpg\",\"width\":1024,\"height\":1024,\"caption\":\"Imagerie confocale \u00e0 fluorescence de la vascularisation f\u0153to-placentaire au premier trimestre. Bleu : ADN ; Rouge : CK7 ; Vert : Lectine ; Blanc : ASA UMR-S 1139, 3PHM, Th. Fournier\"},{\"@type\":\"BreadcrumbList\",\"@id\":\"https:\/\/fhu-premimpact.org\/en\/enseignement\/congres\/rencontres-du-groupe-de-la-francophonie-placentaire\/#breadcrumb\",\"itemListElement\":[{\"@type\":\"ListItem\",\"position\":1,\"name\":\"Accueil\",\"item\":\"https:\/\/fhu-premimpact.org\/en\/\"},{\"@type\":\"ListItem\",\"position\":2,\"name\":\"Enseignement\",\"item\":\"https:\/\/fhu-premimpact.org\/en\/enseignement\/\"},{\"@type\":\"ListItem\",\"position\":3,\"name\":\"Congr\u00e8s\",\"item\":\"https:\/\/fhu-premimpact.org\/en\/enseignement\/congres\/\"},{\"@type\":\"ListItem\",\"position\":4,\"name\":\"2021 &#8211; Rencontres du Groupe de la francophonie Placentaire\"}]},{\"@type\":\"WebSite\",\"@id\":\"https:\/\/fhu-premimpact.org\/en\/#website\",\"url\":\"https:\/\/fhu-premimpact.org\/en\/\",\"name\":\"FHU PREM'IMPACT\",\"description\":\"Perinatal inflammation and prematurity\",\"publisher\":{\"@id\":\"https:\/\/fhu-premimpact.org\/en\/#organization\"},\"potentialAction\":[{\"@type\":\"SearchAction\",\"target\":{\"@type\":\"EntryPoint\",\"urlTemplate\":\"https:\/\/fhu-premimpact.org\/en\/?s={search_term_string}\"},\"query-input\":{\"@type\":\"PropertyValueSpecification\",\"valueRequired\":true,\"valueName\":\"search_term_string\"}}],\"inLanguage\":\"en-US\"},{\"@type\":\"Organization\",\"@id\":\"https:\/\/fhu-premimpact.org\/en\/#organization\",\"name\":\"FHU PREM'IMPACT\",\"url\":\"https:\/\/fhu-premimpact.org\/en\/\",\"logo\":{\"@type\":\"ImageObject\",\"inLanguage\":\"en-US\",\"@id\":\"https:\/\/fhu-premimpact.org\/en\/#\/schema\/logo\/image\/\",\"url\":\"https:\/\/fhu-premimpact.org\/wp-content\/uploads\/2025\/03\/logo-grand-centre-fhupremimpact.jpg\",\"contentUrl\":\"https:\/\/fhu-premimpact.org\/wp-content\/uploads\/2025\/03\/logo-grand-centre-fhupremimpact.jpg\",\"width\":1280,\"height\":720,\"caption\":\"FHU PREM'IMPACT\"},\"image\":{\"@id\":\"https:\/\/fhu-premimpact.org\/en\/#\/schema\/logo\/image\/\"},\"sameAs\":[\"https:\/\/www.instagram.com\/fhupremimpact\/\",\"https:\/\/www.linkedin.com\/in\/fhu-prem-impact-ap-hp-inserm-universit-paris-cit-70b911253\/\"]}]}<\/script>\n<!-- \/ Yoast SEO plugin. -->","yoast_head_json":{"title":"2021 - Rencontres du Groupe de la francophonie Placentaire - FHU Prem&#039;IMPACT","robots":{"index":"index","follow":"follow","max-snippet":"max-snippet:-1","max-image-preview":"max-image-preview:large","max-video-preview":"max-video-preview:-1"},"canonical":"https:\/\/fhu-premimpact.org\/en\/enseignement\/congres\/rencontres-du-groupe-de-la-francophonie-placentaire\/","og_locale":"en_US","og_type":"article","og_title":"2021 - Rencontres du Groupe de la francophonie Placentaire - FHU Prem&#039;IMPACT","og_description":"&#8220;Ma m\u00e8re, Mon placenta et Moi&#8221; 6-7 septembre 2021 au format virtuel Imagerie confocale \u00e0 fluorescence de la vascularisation f\u0153to-placentaire au premier trimestre.Bleu : ADN ; Rouge : CK7 ; Vert : Lectine ; Blanc : ASAUMR-S 1139, 3PHM, Th. Fournier Ce colloque a pour objectif d\u2019encourager la recherche sur le placenta et les pathologies [&hellip;]","og_url":"https:\/\/fhu-premimpact.org\/en\/enseignement\/congres\/rencontres-du-groupe-de-la-francophonie-placentaire\/","og_site_name":"FHU Prem&#039;IMPACT","article_modified_time":"2026-04-23T13:50:10+00:00","og_image":[{"width":1024,"height":1024,"url":"https:\/\/fhu-premimpact.org\/wp-content\/uploads\/2021\/07\/superposition-1-CORRIG2.jpg","type":"image\/jpeg"}],"twitter_card":"summary_large_image","twitter_misc":{"Est. reading time":"1 minute"},"schema":{"@context":"https:\/\/schema.org","@graph":[{"@type":"WebPage","@id":"https:\/\/fhu-premimpact.org\/en\/enseignement\/congres\/rencontres-du-groupe-de-la-francophonie-placentaire\/","url":"https:\/\/fhu-premimpact.org\/en\/enseignement\/congres\/rencontres-du-groupe-de-la-francophonie-placentaire\/","name":"2021 - Rencontres du Groupe de la francophonie Placentaire - FHU Prem&#039;IMPACT","isPartOf":{"@id":"https:\/\/fhu-premimpact.org\/en\/#website"},"primaryImageOfPage":{"@id":"https:\/\/fhu-premimpact.org\/en\/enseignement\/congres\/rencontres-du-groupe-de-la-francophonie-placentaire\/#primaryimage"},"image":{"@id":"https:\/\/fhu-premimpact.org\/en\/enseignement\/congres\/rencontres-du-groupe-de-la-francophonie-placentaire\/#primaryimage"},"thumbnailUrl":"https:\/\/fhu-premimpact.org\/wp-content\/uploads\/2021\/07\/superposition-1-CORRIG2.jpg","datePublished":"2021-07-27T15:15:42+00:00","dateModified":"2026-04-23T13:50:10+00:00","breadcrumb":{"@id":"https:\/\/fhu-premimpact.org\/en\/enseignement\/congres\/rencontres-du-groupe-de-la-francophonie-placentaire\/#breadcrumb"},"inLanguage":"en-US","potentialAction":[{"@type":"ReadAction","target":["https:\/\/fhu-premimpact.org\/en\/enseignement\/congres\/rencontres-du-groupe-de-la-francophonie-placentaire\/"]}]},{"@type":"ImageObject","inLanguage":"en-US","@id":"https:\/\/fhu-premimpact.org\/en\/enseignement\/congres\/rencontres-du-groupe-de-la-francophonie-placentaire\/#primaryimage","url":"https:\/\/fhu-premimpact.org\/wp-content\/uploads\/2021\/07\/superposition-1-CORRIG2.jpg","contentUrl":"https:\/\/fhu-premimpact.org\/wp-content\/uploads\/2021\/07\/superposition-1-CORRIG2.jpg","width":1024,"height":1024,"caption":"Imagerie confocale \u00e0 fluorescence de la vascularisation f\u0153to-placentaire au premier trimestre. Bleu : ADN ; Rouge : CK7 ; Vert : Lectine ; Blanc : ASA UMR-S 1139, 3PHM, Th. Fournier"},{"@type":"BreadcrumbList","@id":"https:\/\/fhu-premimpact.org\/en\/enseignement\/congres\/rencontres-du-groupe-de-la-francophonie-placentaire\/#breadcrumb","itemListElement":[{"@type":"ListItem","position":1,"name":"Accueil","item":"https:\/\/fhu-premimpact.org\/en\/"},{"@type":"ListItem","position":2,"name":"Enseignement","item":"https:\/\/fhu-premimpact.org\/en\/enseignement\/"},{"@type":"ListItem","position":3,"name":"Congr\u00e8s","item":"https:\/\/fhu-premimpact.org\/en\/enseignement\/congres\/"},{"@type":"ListItem","position":4,"name":"2021 &#8211; Rencontres du Groupe de la francophonie Placentaire"}]},{"@type":"WebSite","@id":"https:\/\/fhu-premimpact.org\/en\/#website","url":"https:\/\/fhu-premimpact.org\/en\/","name":"FHU PREM'IMPACT","description":"Perinatal inflammation and prematurity","publisher":{"@id":"https:\/\/fhu-premimpact.org\/en\/#organization"},"potentialAction":[{"@type":"SearchAction","target":{"@type":"EntryPoint","urlTemplate":"https:\/\/fhu-premimpact.org\/en\/?s={search_term_string}"},"query-input":{"@type":"PropertyValueSpecification","valueRequired":true,"valueName":"search_term_string"}}],"inLanguage":"en-US"},{"@type":"Organization","@id":"https:\/\/fhu-premimpact.org\/en\/#organization","name":"FHU PREM'IMPACT","url":"https:\/\/fhu-premimpact.org\/en\/","logo":{"@type":"ImageObject","inLanguage":"en-US","@id":"https:\/\/fhu-premimpact.org\/en\/#\/schema\/logo\/image\/","url":"https:\/\/fhu-premimpact.org\/wp-content\/uploads\/2025\/03\/logo-grand-centre-fhupremimpact.jpg","contentUrl":"https:\/\/fhu-premimpact.org\/wp-content\/uploads\/2025\/03\/logo-grand-centre-fhupremimpact.jpg","width":1280,"height":720,"caption":"FHU PREM'IMPACT"},"image":{"@id":"https:\/\/fhu-premimpact.org\/en\/#\/schema\/logo\/image\/"},"sameAs":["https:\/\/www.instagram.com\/fhupremimpact\/","https:\/\/www.linkedin.com\/in\/fhu-prem-impact-ap-hp-inserm-universit-paris-cit-70b911253\/"]}]}},"uagb_featured_image_src":{"full":["https:\/\/fhu-premimpact.org\/wp-content\/uploads\/2021\/07\/superposition-1-CORRIG2.jpg",1024,1024,false],"thumbnail":["https:\/\/fhu-premimpact.org\/wp-content\/uploads\/2021\/07\/superposition-1-CORRIG2-150x150.jpg",150,150,true],"medium":["https:\/\/fhu-premimpact.org\/wp-content\/uploads\/2021\/07\/superposition-1-CORRIG2-300x300.jpg",300,300,true],"medium_large":["https:\/\/fhu-premimpact.org\/wp-content\/uploads\/2021\/07\/superposition-1-CORRIG2-768x768.jpg",580,580,true],"large":["https:\/\/fhu-premimpact.org\/wp-content\/uploads\/2021\/07\/superposition-1-CORRIG2-1024x1024.jpg",580,580,true],"1536x1536":["https:\/\/fhu-premimpact.org\/wp-content\/uploads\/2021\/07\/superposition-1-CORRIG2.jpg",1024,1024,false],"2048x2048":["https:\/\/fhu-premimpact.org\/wp-content\/uploads\/2021\/07\/superposition-1-CORRIG2.jpg",1024,1024,false],"post-thumbnail":["https:\/\/fhu-premimpact.org\/wp-content\/uploads\/2021\/07\/superposition-1-CORRIG2.jpg",1024,1024,false],"twentytwenty-fullscreen":["https:\/\/fhu-premimpact.org\/wp-content\/uploads\/2021\/07\/superposition-1-CORRIG2.jpg",1024,1024,false]},"uagb_author_info":{"display_name":"Laurence Lecomte","author_link":"https:\/\/fhu-premimpact.org\/en\/author\/laurence-lecomte\/"},"uagb_comment_info":0,"uagb_excerpt":"&#8220;Ma m\u00e8re, Mon placenta et Moi&#8221; 6-7 septembre 2021 au format virtuel Imagerie confocale \u00e0 fluorescence de la vascularisation f\u0153to-placentaire au premier trimestre.Bleu : ADN ; Rouge : CK7 ; Vert : Lectine ; Blanc : ASAUMR-S 1139, 3PHM, Th. Fournier Ce colloque a pour objectif d\u2019encourager la recherche sur le placenta et les pathologies&hellip;","_links":{"self":[{"href":"https:\/\/fhu-premimpact.org\/en\/wp-json\/wp\/v2\/pages\/4130","targetHints":{"allow":["GET"]}}],"collection":[{"href":"https:\/\/fhu-premimpact.org\/en\/wp-json\/wp\/v2\/pages"}],"about":[{"href":"https:\/\/fhu-premimpact.org\/en\/wp-json\/wp\/v2\/types\/page"}],"author":[{"embeddable":true,"href":"https:\/\/fhu-premimpact.org\/en\/wp-json\/wp\/v2\/users\/87"}],"replies":[{"embeddable":true,"href":"https:\/\/fhu-premimpact.org\/en\/wp-json\/wp\/v2\/comments?post=4130"}],"version-history":[{"count":3,"href":"https:\/\/fhu-premimpact.org\/en\/wp-json\/wp\/v2\/pages\/4130\/revisions"}],"predecessor-version":[{"id":4710,"href":"https:\/\/fhu-premimpact.org\/en\/wp-json\/wp\/v2\/pages\/4130\/revisions\/4710"}],"up":[{"embeddable":true,"href":"https:\/\/fhu-premimpact.org\/en\/wp-json\/wp\/v2\/pages\/255"}],"wp:featuredmedia":[{"embeddable":true,"href":"https:\/\/fhu-premimpact.org\/en\/wp-json\/wp\/v2\/media\/4131"}],"wp:attachment":[{"href":"https:\/\/fhu-premimpact.org\/en\/wp-json\/wp\/v2\/media?parent=4130"}],"curies":[{"name":"wp","href":"https:\/\/api.w.org\/{rel}","templated":true}]}}