{"id":2016,"date":"2020-07-08T17:28:11","date_gmt":"2020-07-08T15:28:11","guid":{"rendered":"https:\/\/fhu-premimpact.org\/?page_id=2016"},"modified":"2026-04-23T15:50:10","modified_gmt":"2026-04-23T13:50:10","slug":"pathologies-et-urgences-perinatales","status":"publish","type":"page","link":"https:\/\/fhu-premimpact.org\/en\/enseignement\/du-diu\/pathologies-et-urgences-perinatales\/","title":{"rendered":"DIU Pathologies et urgences p\u00e9rinatales"},"content":{"rendered":"\n<p>Sorbonne Universit\u00e9 et Universit\u00e9 de Versailles Saint-Quentin<\/p>\n\n\n\n<div class=\"wp-block-group\"><div class=\"wp-block-group__inner-container is-layout-flow wp-block-group-is-layout-flow\">\n<div class=\"wp-block-columns alignfull is-layout-flex wp-container-core-columns-is-layout-9d6595d7 wp-block-columns-is-layout-flex\">\n<div class=\"wp-block-column is-layout-flow wp-block-column-is-layout-flow\">\n<h3 class=\"wp-block-heading\"><strong>Responsable<\/strong><\/h3>\n\n\n\n<p>Pr Gilles KAYEM<\/p>\n<\/div>\n\n\n\n<div class=\"wp-block-column is-layout-flow wp-block-column-is-layout-flow\">\n<div class=\"wp-block-image\"><figure class=\"aligncenter size-large is-resized\"><img loading=\"lazy\" decoding=\"async\" src=\"https:\/\/fhu-premimpact.org\/wp-content\/uploads\/2020\/07\/UVSQ.png\" alt=\"\" class=\"wp-image-2017\" width=\"206\" height=\"79\"\/><\/figure><\/div>\n<\/div>\n\n\n\n<div class=\"wp-block-column is-layout-flow wp-block-column-is-layout-flow\">\n<div class=\"wp-block-image\"><figure class=\"aligncenter size-large is-resized\"><img loading=\"lazy\" decoding=\"async\" src=\"https:\/\/fhu-premimpact.org\/wp-content\/uploads\/2020\/07\/Sorbonne-Universit\u00e9.png\" alt=\"\" class=\"wp-image-2019\" width=\"151\" height=\"61\"\/><\/figure><\/div>\n\n\n\n<p><\/p>\n<\/div>\n<\/div>\n<\/div><\/div>\n\n\n\n<h3 class=\"wp-block-heading\"><strong>Objectif<\/strong>s : <\/h3>\n\n\n\n<ul class=\"wp-block-list\"><li>Former obst\u00e9triciens, p\u00e9diatres, sages-femmes et anesth\u00e9sistes \u00e0 la m\u00e9decine p\u00e9rinatale, discipline transversale qui n\u00e9cessite une formation sp\u00e9cifique et une collaboration de praticiens ayant des sp\u00e9cificit\u00e9s compl\u00e9mentaires<strong>.<\/strong><\/li><li>Former \u00e0 la p\u00e9rinatalit\u00e9 pour faciliter les collaborations entre praticiens concern\u00e9s par le domaine. Obst\u00e9triciens, sages-femmes, p\u00e9diatres, anesth\u00e9sistes.<\/li><\/ul>\n\n\n\n<h3 class=\"wp-block-heading\"><strong>Conseil<\/strong> <strong>P\u00e9dagogique<\/strong><\/h3>\n\n\n\n<p>Dr Marie-Pierre Bonnet, Dr Marie Bornes, Dr Sarah Bydlowski, Pr Marc Dommergues, Dr Guillaume Girard, Dr Isabelle Guellec, Pr Jean-Marie Jouannic, Dr Mathilde Letouzey, Pr Ars\u00e8ne Mekinian, Dr Thibaud Quibel, Dr Agn\u00e8s Rigouzzo, Mme Mich\u00e8le Rivi\u00e8re, Mme Anne Rousseau.<\/p>\n\n\n\n<h3 class=\"wp-block-heading\"><strong>Public concern\u00e9<\/strong><\/h3>\n\n\n\n<p>Tous les acteurs m\u00e9dicaux de la p\u00e9rinatalit\u00e9 (inscriptions limit\u00e9es \u00e0 20 \u00e9tudiants)<\/p>\n\n\n\n<h3 class=\"wp-block-heading\"><strong>Candidature<\/strong><\/h3>\n\n\n\n<p>CV + lettre de motivation \u00e0 adresser entre Juin et Octobre 2020 \u00e0 Madame Linda Faivre (<a href=\"mailto:inscriptiondiu@outlook.fr\">inscriptiondiu@outlook.fr<\/a>)<\/p>\n\n\n\n<h3 class=\"wp-block-heading\"><strong>Principaux aspects abord\u00e9s<\/strong><\/h3>\n\n\n\n<ul class=\"wp-block-list\"><li>Diagnostic et prise en charge des pathologies maternelles \u00e0 retentissement f\u0153tal<\/li><li>En salle de naissance&nbsp;: Le d\u00e9clenchement, l\u2019accouchement, le post partum, les sp\u00e9cificit\u00e9s de la pr\u00e9maturit\u00e9, la r\u00e9animation du nouveau-n\u00e9.<\/li><li>Les pathologies maternelles et leurs cons\u00e9quences n\u00e9onatale<\/li><li>Autres aspects de la p\u00e9rinatalit\u00e9&nbsp;: organisationnels, psychosociaux, \u00e9thiques.<\/li><\/ul>\n\n\n\n<h3 class=\"wp-block-heading\"><strong>Enseignement th\u00e9orique<\/strong><\/h3>\n\n\n\n<p>3 modules de 5 jours \u00e0 l\u2019H\u00f4pital Armand Trousseau<br>Calendrier :<br>SEMAINE 1 Lundi 30 Novembre 2020 \u00e0 14h00 au Vendredi 04 d\u00e9cembre&nbsp;\u00e0 12h00<br>SEMAINE&nbsp;2 Lundi 08 F\u00e9vrier 2021 \u00e0 14h00 au Vendredi 12 F\u00e9vrier \u00e0 13h00<br>SEMAINE&nbsp;3 Lundi 12 Avril 2021 \u00e0 14h00 au Vendredi 16 Avril \u00e0 13h00<\/p>\n\n\n\n<h3 class=\"wp-block-heading\"><strong>Stage pratique<\/strong><\/h3>\n\n\n\n<p>Stage de 5 jours dans une maternit\u00e9 de type III<\/p>\n\n\n\n<h3 class=\"wp-block-heading\"><strong>Droits d&#8217;inscription<u><span style=\"text-decoration: underline;\" class=\"ek-underline\"><\/span><\/u><\/strong><\/h3>\n\n\n\n<p>Formation individuelle :&nbsp;&nbsp; &nbsp;&nbsp;&nbsp;&nbsp;&nbsp;&nbsp;&nbsp;&nbsp;&nbsp;&nbsp;&nbsp;&nbsp;&nbsp;&nbsp;&nbsp;&nbsp;&nbsp;&nbsp;&nbsp;&nbsp;&nbsp; 700 euros<br>Formation continue (non-salari\u00e9s) :&nbsp;&nbsp; 1300 euros <br>Formation continue (salari\u00e9s)&nbsp;:&nbsp;&nbsp;&nbsp;&nbsp;&nbsp;&nbsp;&nbsp;&nbsp;&nbsp;&nbsp; 1600 euros<\/p>\n\n\n\n<h3 class=\"wp-block-heading\"><strong>Renseignements<\/strong><\/h3>\n\n\n\n<p><strong><u>Secr\u00e9tariat p\u00e9dagogique :<\/u><\/strong><br>Madame Linda Faivre : <a href=\"mailto:inscriptiondiu@outlook.fr\">inscriptiondiu@outlook.fr<\/a><br><strong><u>Assistante de coordination des enseignements&nbsp;:<\/u><\/strong><br>Madame Jennifer Sommer&nbsp;: <a href=\"mailto:jennifer.sommer@aphp.fr\">jennifer.sommer<\/a>@frederic-barbutaphp-fr<\/p>\n","protected":false},"excerpt":{"rendered":"<p>Sorbonne Universit\u00e9 et Universit\u00e9 de Versailles Saint-Quentin Responsable Pr Gilles KAYEM Objectifs : Former obst\u00e9triciens, p\u00e9diatres, sages-femmes et anesth\u00e9sistes \u00e0 la m\u00e9decine p\u00e9rinatale, discipline transversale qui n\u00e9cessite une formation sp\u00e9cifique et une collaboration de praticiens ayant des sp\u00e9cificit\u00e9s compl\u00e9mentaires. Former \u00e0 la p\u00e9rinatalit\u00e9 pour faciliter les collaborations entre praticiens concern\u00e9s par le domaine. Obst\u00e9triciens, sages-femmes, [&hellip;]<\/p>\n","protected":false},"author":87,"featured_media":0,"parent":258,"menu_order":57,"comment_status":"closed","ping_status":"closed","template":"","meta":{"_editorskit_title_hidden":false,"_editorskit_reading_time":1,"_editorskit_is_block_options_detached":false,"_editorskit_block_options_position":"{}","_uag_custom_page_level_css":"","footnotes":""},"class_list":["post-2016","page","type-page","status-publish","hentry"],"yoast_head":"<!-- This site is optimized with the Yoast SEO plugin v27.2 - https:\/\/yoast.com\/product\/yoast-seo-wordpress\/ -->\n<title>DIU Pathologies et urgences p\u00e9rinatales - FHU Prem&#039;IMPACT<\/title>\n<meta name=\"robots\" content=\"index, follow, max-snippet:-1, max-image-preview:large, max-video-preview:-1\" \/>\n<link rel=\"canonical\" href=\"https:\/\/fhu-premimpact.org\/en\/enseignement\/du-diu\/pathologies-et-urgences-perinatales\/\" \/>\n<meta property=\"og:locale\" content=\"en_US\" \/>\n<meta property=\"og:type\" content=\"article\" \/>\n<meta property=\"og:title\" content=\"DIU Pathologies et urgences p\u00e9rinatales - FHU Prem&#039;IMPACT\" \/>\n<meta property=\"og:description\" content=\"Sorbonne Universit\u00e9 et Universit\u00e9 de Versailles Saint-Quentin Responsable Pr Gilles KAYEM Objectifs : Former obst\u00e9triciens, p\u00e9diatres, sages-femmes et anesth\u00e9sistes \u00e0 la m\u00e9decine p\u00e9rinatale, discipline transversale qui n\u00e9cessite une formation sp\u00e9cifique et une collaboration de praticiens ayant des sp\u00e9cificit\u00e9s compl\u00e9mentaires. Former \u00e0 la p\u00e9rinatalit\u00e9 pour faciliter les collaborations entre praticiens concern\u00e9s par le domaine. Obst\u00e9triciens, sages-femmes, [&hellip;]\" \/>\n<meta property=\"og:url\" content=\"https:\/\/fhu-premimpact.org\/en\/enseignement\/du-diu\/pathologies-et-urgences-perinatales\/\" \/>\n<meta property=\"og:site_name\" content=\"FHU Prem&#039;IMPACT\" \/>\n<meta property=\"article:modified_time\" content=\"2026-04-23T13:50:10+00:00\" \/>\n<meta property=\"og:image\" content=\"https:\/\/fhu-premimpact.org\/wp-content\/uploads\/2020\/07\/UVSQ.png\" \/>\n\t<meta property=\"og:image:width\" content=\"255\" \/>\n\t<meta property=\"og:image:height\" content=\"98\" \/>\n\t<meta property=\"og:image:type\" content=\"image\/png\" \/>\n<meta name=\"twitter:card\" content=\"summary_large_image\" \/>\n<meta name=\"twitter:label1\" content=\"Est. reading time\" \/>\n\t<meta name=\"twitter:data1\" content=\"2 minutes\" \/>\n<script type=\"application\/ld+json\" class=\"yoast-schema-graph\">{\"@context\":\"https:\/\/schema.org\",\"@graph\":[{\"@type\":\"WebPage\",\"@id\":\"https:\/\/fhu-premimpact.org\/en\/enseignement\/du-diu\/pathologies-et-urgences-perinatales\/\",\"url\":\"https:\/\/fhu-premimpact.org\/en\/enseignement\/du-diu\/pathologies-et-urgences-perinatales\/\",\"name\":\"DIU Pathologies et urgences p\u00e9rinatales - FHU Prem&#039;IMPACT\",\"isPartOf\":{\"@id\":\"https:\/\/fhu-premimpact.org\/en\/#website\"},\"primaryImageOfPage\":{\"@id\":\"https:\/\/fhu-premimpact.org\/en\/enseignement\/du-diu\/pathologies-et-urgences-perinatales\/#primaryimage\"},\"image\":{\"@id\":\"https:\/\/fhu-premimpact.org\/en\/enseignement\/du-diu\/pathologies-et-urgences-perinatales\/#primaryimage\"},\"thumbnailUrl\":\"https:\/\/fhu-premimpact.org\/wp-content\/uploads\/2020\/07\/UVSQ.png\",\"datePublished\":\"2020-07-08T15:28:11+00:00\",\"dateModified\":\"2026-04-23T13:50:10+00:00\",\"breadcrumb\":{\"@id\":\"https:\/\/fhu-premimpact.org\/en\/enseignement\/du-diu\/pathologies-et-urgences-perinatales\/#breadcrumb\"},\"inLanguage\":\"en-US\",\"potentialAction\":[{\"@type\":\"ReadAction\",\"target\":[\"https:\/\/fhu-premimpact.org\/en\/enseignement\/du-diu\/pathologies-et-urgences-perinatales\/\"]}]},{\"@type\":\"ImageObject\",\"inLanguage\":\"en-US\",\"@id\":\"https:\/\/fhu-premimpact.org\/en\/enseignement\/du-diu\/pathologies-et-urgences-perinatales\/#primaryimage\",\"url\":\"https:\/\/fhu-premimpact.org\/wp-content\/uploads\/2020\/07\/UVSQ.png\",\"contentUrl\":\"https:\/\/fhu-premimpact.org\/wp-content\/uploads\/2020\/07\/UVSQ.png\"},{\"@type\":\"BreadcrumbList\",\"@id\":\"https:\/\/fhu-premimpact.org\/en\/enseignement\/du-diu\/pathologies-et-urgences-perinatales\/#breadcrumb\",\"itemListElement\":[{\"@type\":\"ListItem\",\"position\":1,\"name\":\"Accueil\",\"item\":\"https:\/\/fhu-premimpact.org\/en\/\"},{\"@type\":\"ListItem\",\"position\":2,\"name\":\"Enseignement\",\"item\":\"https:\/\/fhu-premimpact.org\/en\/enseignement\/\"},{\"@type\":\"ListItem\",\"position\":3,\"name\":\"DU &#8211; DIU\",\"item\":\"https:\/\/fhu-premimpact.org\/en\/enseignement\/du-diu\/\"},{\"@type\":\"ListItem\",\"position\":4,\"name\":\"DIU Pathologies et urgences p\u00e9rinatales\"}]},{\"@type\":\"WebSite\",\"@id\":\"https:\/\/fhu-premimpact.org\/en\/#website\",\"url\":\"https:\/\/fhu-premimpact.org\/en\/\",\"name\":\"FHU PREM'IMPACT\",\"description\":\"Perinatal inflammation and prematurity\",\"publisher\":{\"@id\":\"https:\/\/fhu-premimpact.org\/en\/#organization\"},\"potentialAction\":[{\"@type\":\"SearchAction\",\"target\":{\"@type\":\"EntryPoint\",\"urlTemplate\":\"https:\/\/fhu-premimpact.org\/en\/?s={search_term_string}\"},\"query-input\":{\"@type\":\"PropertyValueSpecification\",\"valueRequired\":true,\"valueName\":\"search_term_string\"}}],\"inLanguage\":\"en-US\"},{\"@type\":\"Organization\",\"@id\":\"https:\/\/fhu-premimpact.org\/en\/#organization\",\"name\":\"FHU PREM'IMPACT\",\"url\":\"https:\/\/fhu-premimpact.org\/en\/\",\"logo\":{\"@type\":\"ImageObject\",\"inLanguage\":\"en-US\",\"@id\":\"https:\/\/fhu-premimpact.org\/en\/#\/schema\/logo\/image\/\",\"url\":\"https:\/\/fhu-premimpact.org\/wp-content\/uploads\/2025\/03\/logo-grand-centre-fhupremimpact.jpg\",\"contentUrl\":\"https:\/\/fhu-premimpact.org\/wp-content\/uploads\/2025\/03\/logo-grand-centre-fhupremimpact.jpg\",\"width\":1280,\"height\":720,\"caption\":\"FHU PREM'IMPACT\"},\"image\":{\"@id\":\"https:\/\/fhu-premimpact.org\/en\/#\/schema\/logo\/image\/\"},\"sameAs\":[\"https:\/\/www.instagram.com\/fhupremimpact\/\",\"https:\/\/www.linkedin.com\/in\/fhu-prem-impact-ap-hp-inserm-universit-paris-cit-70b911253\/\"]}]}<\/script>\n<!-- \/ Yoast SEO plugin. -->","yoast_head_json":{"title":"DIU Pathologies et urgences p\u00e9rinatales - FHU Prem&#039;IMPACT","robots":{"index":"index","follow":"follow","max-snippet":"max-snippet:-1","max-image-preview":"max-image-preview:large","max-video-preview":"max-video-preview:-1"},"canonical":"https:\/\/fhu-premimpact.org\/en\/enseignement\/du-diu\/pathologies-et-urgences-perinatales\/","og_locale":"en_US","og_type":"article","og_title":"DIU Pathologies et urgences p\u00e9rinatales - FHU Prem&#039;IMPACT","og_description":"Sorbonne Universit\u00e9 et Universit\u00e9 de Versailles Saint-Quentin Responsable Pr Gilles KAYEM Objectifs : Former obst\u00e9triciens, p\u00e9diatres, sages-femmes et anesth\u00e9sistes \u00e0 la m\u00e9decine p\u00e9rinatale, discipline transversale qui n\u00e9cessite une formation sp\u00e9cifique et une collaboration de praticiens ayant des sp\u00e9cificit\u00e9s compl\u00e9mentaires. Former \u00e0 la p\u00e9rinatalit\u00e9 pour faciliter les collaborations entre praticiens concern\u00e9s par le domaine. Obst\u00e9triciens, sages-femmes, [&hellip;]","og_url":"https:\/\/fhu-premimpact.org\/en\/enseignement\/du-diu\/pathologies-et-urgences-perinatales\/","og_site_name":"FHU Prem&#039;IMPACT","article_modified_time":"2026-04-23T13:50:10+00:00","og_image":[{"width":255,"height":98,"url":"https:\/\/fhu-premimpact.org\/wp-content\/uploads\/2020\/07\/UVSQ.png","type":"image\/png"}],"twitter_card":"summary_large_image","twitter_misc":{"Est. reading time":"2 minutes"},"schema":{"@context":"https:\/\/schema.org","@graph":[{"@type":"WebPage","@id":"https:\/\/fhu-premimpact.org\/en\/enseignement\/du-diu\/pathologies-et-urgences-perinatales\/","url":"https:\/\/fhu-premimpact.org\/en\/enseignement\/du-diu\/pathologies-et-urgences-perinatales\/","name":"DIU Pathologies et urgences p\u00e9rinatales - FHU Prem&#039;IMPACT","isPartOf":{"@id":"https:\/\/fhu-premimpact.org\/en\/#website"},"primaryImageOfPage":{"@id":"https:\/\/fhu-premimpact.org\/en\/enseignement\/du-diu\/pathologies-et-urgences-perinatales\/#primaryimage"},"image":{"@id":"https:\/\/fhu-premimpact.org\/en\/enseignement\/du-diu\/pathologies-et-urgences-perinatales\/#primaryimage"},"thumbnailUrl":"https:\/\/fhu-premimpact.org\/wp-content\/uploads\/2020\/07\/UVSQ.png","datePublished":"2020-07-08T15:28:11+00:00","dateModified":"2026-04-23T13:50:10+00:00","breadcrumb":{"@id":"https:\/\/fhu-premimpact.org\/en\/enseignement\/du-diu\/pathologies-et-urgences-perinatales\/#breadcrumb"},"inLanguage":"en-US","potentialAction":[{"@type":"ReadAction","target":["https:\/\/fhu-premimpact.org\/en\/enseignement\/du-diu\/pathologies-et-urgences-perinatales\/"]}]},{"@type":"ImageObject","inLanguage":"en-US","@id":"https:\/\/fhu-premimpact.org\/en\/enseignement\/du-diu\/pathologies-et-urgences-perinatales\/#primaryimage","url":"https:\/\/fhu-premimpact.org\/wp-content\/uploads\/2020\/07\/UVSQ.png","contentUrl":"https:\/\/fhu-premimpact.org\/wp-content\/uploads\/2020\/07\/UVSQ.png"},{"@type":"BreadcrumbList","@id":"https:\/\/fhu-premimpact.org\/en\/enseignement\/du-diu\/pathologies-et-urgences-perinatales\/#breadcrumb","itemListElement":[{"@type":"ListItem","position":1,"name":"Accueil","item":"https:\/\/fhu-premimpact.org\/en\/"},{"@type":"ListItem","position":2,"name":"Enseignement","item":"https:\/\/fhu-premimpact.org\/en\/enseignement\/"},{"@type":"ListItem","position":3,"name":"DU &#8211; DIU","item":"https:\/\/fhu-premimpact.org\/en\/enseignement\/du-diu\/"},{"@type":"ListItem","position":4,"name":"DIU Pathologies et urgences p\u00e9rinatales"}]},{"@type":"WebSite","@id":"https:\/\/fhu-premimpact.org\/en\/#website","url":"https:\/\/fhu-premimpact.org\/en\/","name":"FHU PREM'IMPACT","description":"Perinatal inflammation and prematurity","publisher":{"@id":"https:\/\/fhu-premimpact.org\/en\/#organization"},"potentialAction":[{"@type":"SearchAction","target":{"@type":"EntryPoint","urlTemplate":"https:\/\/fhu-premimpact.org\/en\/?s={search_term_string}"},"query-input":{"@type":"PropertyValueSpecification","valueRequired":true,"valueName":"search_term_string"}}],"inLanguage":"en-US"},{"@type":"Organization","@id":"https:\/\/fhu-premimpact.org\/en\/#organization","name":"FHU PREM'IMPACT","url":"https:\/\/fhu-premimpact.org\/en\/","logo":{"@type":"ImageObject","inLanguage":"en-US","@id":"https:\/\/fhu-premimpact.org\/en\/#\/schema\/logo\/image\/","url":"https:\/\/fhu-premimpact.org\/wp-content\/uploads\/2025\/03\/logo-grand-centre-fhupremimpact.jpg","contentUrl":"https:\/\/fhu-premimpact.org\/wp-content\/uploads\/2025\/03\/logo-grand-centre-fhupremimpact.jpg","width":1280,"height":720,"caption":"FHU PREM'IMPACT"},"image":{"@id":"https:\/\/fhu-premimpact.org\/en\/#\/schema\/logo\/image\/"},"sameAs":["https:\/\/www.instagram.com\/fhupremimpact\/","https:\/\/www.linkedin.com\/in\/fhu-prem-impact-ap-hp-inserm-universit-paris-cit-70b911253\/"]}]}},"uagb_featured_image_src":{"full":false,"thumbnail":false,"medium":false,"medium_large":false,"large":false,"1536x1536":false,"2048x2048":false,"post-thumbnail":false,"twentytwenty-fullscreen":false},"uagb_author_info":{"display_name":"Laurence Lecomte","author_link":"https:\/\/fhu-premimpact.org\/en\/author\/laurence-lecomte\/"},"uagb_comment_info":0,"uagb_excerpt":"Sorbonne Universit\u00e9 et Universit\u00e9 de Versailles Saint-Quentin Responsable Pr Gilles KAYEM Objectifs : Former obst\u00e9triciens, p\u00e9diatres, sages-femmes et anesth\u00e9sistes \u00e0 la m\u00e9decine p\u00e9rinatale, discipline transversale qui n\u00e9cessite une formation sp\u00e9cifique et une collaboration de praticiens ayant des sp\u00e9cificit\u00e9s compl\u00e9mentaires. Former \u00e0 la p\u00e9rinatalit\u00e9 pour faciliter les collaborations entre praticiens concern\u00e9s par le domaine. Obst\u00e9triciens, sages-femmes,&hellip;","_links":{"self":[{"href":"https:\/\/fhu-premimpact.org\/en\/wp-json\/wp\/v2\/pages\/2016","targetHints":{"allow":["GET"]}}],"collection":[{"href":"https:\/\/fhu-premimpact.org\/en\/wp-json\/wp\/v2\/pages"}],"about":[{"href":"https:\/\/fhu-premimpact.org\/en\/wp-json\/wp\/v2\/types\/page"}],"author":[{"embeddable":true,"href":"https:\/\/fhu-premimpact.org\/en\/wp-json\/wp\/v2\/users\/87"}],"replies":[{"embeddable":true,"href":"https:\/\/fhu-premimpact.org\/en\/wp-json\/wp\/v2\/comments?post=2016"}],"version-history":[{"count":4,"href":"https:\/\/fhu-premimpact.org\/en\/wp-json\/wp\/v2\/pages\/2016\/revisions"}],"predecessor-version":[{"id":2026,"href":"https:\/\/fhu-premimpact.org\/en\/wp-json\/wp\/v2\/pages\/2016\/revisions\/2026"}],"up":[{"embeddable":true,"href":"https:\/\/fhu-premimpact.org\/en\/wp-json\/wp\/v2\/pages\/258"}],"wp:attachment":[{"href":"https:\/\/fhu-premimpact.org\/en\/wp-json\/wp\/v2\/media?parent=2016"}],"curies":[{"name":"wp","href":"https:\/\/api.w.org\/{rel}","templated":true}]}}