{"id":1783,"date":"2020-06-08T15:20:00","date_gmt":"2020-06-08T13:20:21","guid":{"rendered":"https:\/\/fhu-premimpact.org\/?page_id=1783"},"modified":"2026-04-23T15:50:10","modified_gmt":"2026-04-23T13:50:10","slug":"diplome-universitaire-precarite-sante-maternelle-sante-perinatale","status":"publish","type":"page","link":"https:\/\/fhu-premimpact.org\/en\/enseignement\/du-diu\/diplome-universitaire-precarite-sante-maternelle-sante-perinatale\/","title":{"rendered":"Dipl\u00f4me Universitaire Pr\u00e9carit\u00e9, Sant\u00e9 maternelle, Sant\u00e9 p\u00e9rinatale"},"content":{"rendered":"\n<h4 class=\"wp-block-heading has-text-align-center\"><strong>IMPORTANT : <mark style=\"background-color:rgba(0, 0, 0, 0)\" class=\"has-inline-color has-accent-color\">PAS D&#8217; OUVERTURE DES INSCRIPTIONS EN 2025-2026. R\u00c9OUVERTURE POUR 2026-2027.<\/mark><\/strong><\/h4>\n\n\n\n<h4 class=\"wp-block-heading\">Pr\u00e9sentation<\/h4>\n\n\n\n<p>Dipl\u00f4me universitaire destin\u00e9 \u00e0 r\u00e9pondre \u00e0 une demande des professionnels intervenant dans le champ de la p\u00e9rinatalit\u00e9 et amen\u00e9s \u00e0 prendre en charge des femmes et\/ou leurs enfants en situation de pr\u00e9carit\u00e9 sociale.<br>Il s\u2019agit dans cet enseignement non seulement d\u2019aborder les probl\u00e9matiques en lien avec la pr\u00e9carit\u00e9 maternelle et la p\u00e9rinatalit\u00e9 en confrontant les regards des professionnels de terrain (soignants, travailleurs sociaux, responsables associatifs, politiques, membres d\u2019ONG\u2026) \u00e0 ceux des chercheurs, mais \u00e9galement de l\u2019envisager via des approches issues de champs disciplinaires multiples (m\u00e9tiers de la sant\u00e9, \u00e9pid\u00e9miologie, g\u00e9ographie, sociologie, anthropologie, histoire, \u00e9conomie, sciences politiques, psychologie\u2026).<\/p>\n\n\n\n<h4 class=\"wp-block-heading\">D\u00e9bouch\u00e9s<\/h4>\n\n\n\n<p>Formation dipl\u00f4mante, interdisciplinaire et pluri professionnelle s\u2019int\u00e9grant dans le d\u00e9veloppement professionnel continu des professions m\u00e9dicales.<br>Ce dipl\u00f4me peut permettre aux professionnels du secteur psychosocial de justifier d\u2019une connaissance du contexte tr\u00e8s particulier de la p\u00e9rinatalit\u00e9.<\/p>\n\n\n\n<h4 class=\"wp-block-heading\">Public<\/h4>\n\n\n\n<p>Professions m\u00e9dicales (m\u00e9decins sp\u00e9cialistes ou g\u00e9n\u00e9ralistes en exercice ou en formation, internes), M\u00e9decins titulaires d\u2019un dipl\u00f4me \u00e9tranger, Sages-femmes, Professions para-m\u00e9dicales, Cadres hospitaliers, Directeurs d\u2019h\u00f4pitaux ou membres de services administratifs des \u00e9tablissements de sant\u00e9, Psychologues Assistants socio-\u00e9ducatifs, membres de structures m\u00e9dico-sociales ou sociales,<br>Chercheurs\u2026<\/p>\n\n\n\n<h4 class=\"wp-block-heading\">Organisation<\/h4>\n\n\n\n<p>L\u2019enseignement est organis\u00e9 en 6 modules (voir programme ci-dessous)<\/p>\n\n\n\n<p>Les cours se tiendront par session de 2 jours tous les mois de janvier \u00e0 juin 2023 au sein du Groupe Hospitalier Paris Saint Joseph <strong>en<\/strong> <strong>pr\u00e9sentiel et\/ou en distanciel.<\/strong><\/p>\n\n\n\n<h4 class=\"wp-block-heading\">Tarifs de la formation<\/h4>\n\n\n\n<p>De 700 \u00e0 1300 euros suivant le statut de l\u2019\u00e9tudiant et l\u2019organisme finan\u00e7ant la formation.<\/p>\n\n\n\n<h4 class=\"wp-block-heading\">Comit\u00e9 p\u00e9dagogique et coordination<\/h4>\n\n\n\n<p>Elie Azria, Laurence Boujenah, Cl\u00e9lia Gasquet-Blanchard, Ghada Hatem, Sandrine Lioret, Priscille Sauvegrain, Sol\u00e8ne<br>Vigoureux.<\/p>\n\n\n\n<p>Informations : eazria@ghpsj.fr ; garevallo@ghpsj.fr<br>Inscription administrative en ligne \u00e0 partir du mois de juillet 2022 :<br>service de la formation continue de l\u2019Universit\u00e9 de Paris<\/p>\n\n\n\n<p><a href=\"https:\/\/odf.u-paris.fr\/fr\/offre-de-formation\/diplome-d-universite-du-diu-1\/sciences-technologies-sante-STS\/du-precarite-sante-maternelle-et-perinatale-XUN2_131.html\" target=\"_blank\" aria-label=\"https:\/\/odf.u-paris.fr\/fr\/offre-de-formation\/diplome-d-universite-du-diu-1\/sciences-technologies-sante-STS\/du-precarite-sante-maternelle-et-perinatale-XUN2_131.html  (opens in a new tab)\" rel=\"noreferrer noopener\" class=\"ek-link\">https:\/\/odf.u-paris.fr\/fr\/offre-de-formation\/diplome-d-universite-du-diu-1\/sciences-technologies-sante-STS\/du-precarite-sante-maternelle-et-perinatale-XUN2_131.html <\/a><\/p>\n\n\n\n<h4 class=\"wp-block-heading\">Programme d&#8217;enseignement 2023 <\/h4>\n\n\n\n<ul class=\"wp-block-list\">\n<li>19 et 20 janvier 2023 : Module N\u00b01&#8243; &#8220;Introduction aux in\u00e9galit\u00e9s sociales de sant\u00e9 &#8220;<\/li>\n<\/ul>\n\n\n\n<ul class=\"wp-block-list\">\n<li>2 et 3 f\u00e9vrier 2023 : Module N\u00b02 &#8220;Cons\u00e9quences maternelle et p\u00e9rinatale de la pr\u00e9carit\u00e9 sociale&#8221;<\/li>\n<\/ul>\n\n\n\n<ul class=\"wp-block-list\">\n<li>15, 16 et 17 mars 2023 : Module N\u00b0 3 &#8221; Migrations, pr\u00e9carit\u00e9 et p\u00e9rinatalit\u00e9&#8221;<\/li>\n<\/ul>\n\n\n\n<ul class=\"wp-block-list\">\n<li>12, 13 et 14 avril 2023: Module N\u00b04 &#8220;R\u00f4le de l&#8217;environnement et des comportements dans la construction des in\u00e9galit\u00e9s de sant\u00e9 en p\u00e9rinatalit\u00e9<\/li>\n<\/ul>\n\n\n\n<ul class=\"wp-block-list\">\n<li>11 mai : Module N\u00b0 5 &#8220;Violence, pr\u00e9carit\u00e9 et sant\u00e9&#8221;<\/li>\n<\/ul>\n\n\n\n<ul class=\"wp-block-list\">\n<li>12 mai , 8 et 9 juin 2023: Module N\u00b06 &#8221; Politique de sant\u00e9 et intervention en sant\u00e9 publique en faveur ou d\u00e9faveur des familles en situation de pr\u00e9carit\u00e9 : Impact et limites<\/li>\n<\/ul>\n\n\n\n<ul class=\"wp-block-list\">\n<li><\/li>\n<\/ul>\n\n\n\n<h4 class=\"wp-block-heading\">Biblioth\u00e8que des enseignements<\/h4>\n\n\n\n<p>Espace r\u00e9serv\u00e9 aux \u00e9tudiants inscrits au DU<\/p>\n\n\n\n<p><\/p>\n\n\n\n<p>Pour consulter  les vid\u00e9os des cours et les supports des cours, consulter les pages suivantes .<\/p>\n","protected":false},"excerpt":{"rendered":"<p>IMPORTANT : PAS D&#8217; OUVERTURE DES INSCRIPTIONS EN 2025-2026. R\u00c9OUVERTURE POUR 2026-2027. Pr\u00e9sentation Dipl\u00f4me universitaire destin\u00e9 \u00e0 r\u00e9pondre \u00e0 une demande des professionnels intervenant dans le champ de la p\u00e9rinatalit\u00e9 et amen\u00e9s \u00e0 prendre en charge des femmes et\/ou leurs enfants en situation de pr\u00e9carit\u00e9 sociale.Il s\u2019agit dans cet enseignement non seulement d\u2019aborder les probl\u00e9matiques [&hellip;]<\/p>\n","protected":false},"author":1,"featured_media":0,"parent":258,"menu_order":56,"comment_status":"closed","ping_status":"closed","template":"","meta":{"_editorskit_title_hidden":false,"_editorskit_reading_time":2,"_editorskit_is_block_options_detached":false,"_editorskit_block_options_position":"{}","_uag_custom_page_level_css":"","footnotes":""},"class_list":["post-1783","page","type-page","status-publish","hentry"],"yoast_head":"<!-- This site is optimized with the Yoast SEO plugin v27.2 - https:\/\/yoast.com\/product\/yoast-seo-wordpress\/ -->\n<title>Dipl\u00f4me Universitaire Pr\u00e9carit\u00e9, Sant\u00e9 maternelle, Sant\u00e9 p\u00e9rinatale - FHU Prem&#039;IMPACT<\/title>\n<meta name=\"robots\" content=\"index, follow, max-snippet:-1, max-image-preview:large, max-video-preview:-1\" \/>\n<link rel=\"canonical\" href=\"https:\/\/fhu-premimpact.org\/en\/enseignement\/du-diu\/diplome-universitaire-precarite-sante-maternelle-sante-perinatale\/\" \/>\n<meta property=\"og:locale\" content=\"en_US\" \/>\n<meta property=\"og:type\" content=\"article\" \/>\n<meta property=\"og:title\" content=\"Dipl\u00f4me Universitaire Pr\u00e9carit\u00e9, Sant\u00e9 maternelle, Sant\u00e9 p\u00e9rinatale - FHU Prem&#039;IMPACT\" \/>\n<meta property=\"og:description\" content=\"IMPORTANT : PAS D&#8217; OUVERTURE DES INSCRIPTIONS EN 2025-2026. R\u00c9OUVERTURE POUR 2026-2027. Pr\u00e9sentation Dipl\u00f4me universitaire destin\u00e9 \u00e0 r\u00e9pondre \u00e0 une demande des professionnels intervenant dans le champ de la p\u00e9rinatalit\u00e9 et amen\u00e9s \u00e0 prendre en charge des femmes et\/ou leurs enfants en situation de pr\u00e9carit\u00e9 sociale.Il s\u2019agit dans cet enseignement non seulement d\u2019aborder les probl\u00e9matiques [&hellip;]\" \/>\n<meta property=\"og:url\" content=\"https:\/\/fhu-premimpact.org\/en\/enseignement\/du-diu\/diplome-universitaire-precarite-sante-maternelle-sante-perinatale\/\" \/>\n<meta property=\"og:site_name\" content=\"FHU Prem&#039;IMPACT\" \/>\n<meta property=\"article:modified_time\" content=\"2026-04-23T13:50:10+00:00\" \/>\n<meta name=\"twitter:card\" content=\"summary_large_image\" \/>\n<meta name=\"twitter:label1\" content=\"Est. reading time\" \/>\n\t<meta name=\"twitter:data1\" content=\"3 minutes\" \/>\n<script type=\"application\/ld+json\" class=\"yoast-schema-graph\">{\"@context\":\"https:\/\/schema.org\",\"@graph\":[{\"@type\":\"WebPage\",\"@id\":\"https:\/\/fhu-premimpact.org\/en\/enseignement\/du-diu\/diplome-universitaire-precarite-sante-maternelle-sante-perinatale\/\",\"url\":\"https:\/\/fhu-premimpact.org\/en\/enseignement\/du-diu\/diplome-universitaire-precarite-sante-maternelle-sante-perinatale\/\",\"name\":\"Dipl\u00f4me Universitaire Pr\u00e9carit\u00e9, Sant\u00e9 maternelle, Sant\u00e9 p\u00e9rinatale - FHU Prem&#039;IMPACT\",\"isPartOf\":{\"@id\":\"https:\/\/fhu-premimpact.org\/en\/#website\"},\"datePublished\":\"2020-06-08T13:20:21+00:00\",\"dateModified\":\"2026-04-23T13:50:10+00:00\",\"breadcrumb\":{\"@id\":\"https:\/\/fhu-premimpact.org\/en\/enseignement\/du-diu\/diplome-universitaire-precarite-sante-maternelle-sante-perinatale\/#breadcrumb\"},\"inLanguage\":\"en-US\",\"potentialAction\":[{\"@type\":\"ReadAction\",\"target\":[\"https:\/\/fhu-premimpact.org\/en\/enseignement\/du-diu\/diplome-universitaire-precarite-sante-maternelle-sante-perinatale\/\"]}]},{\"@type\":\"BreadcrumbList\",\"@id\":\"https:\/\/fhu-premimpact.org\/en\/enseignement\/du-diu\/diplome-universitaire-precarite-sante-maternelle-sante-perinatale\/#breadcrumb\",\"itemListElement\":[{\"@type\":\"ListItem\",\"position\":1,\"name\":\"Accueil\",\"item\":\"https:\/\/fhu-premimpact.org\/en\/\"},{\"@type\":\"ListItem\",\"position\":2,\"name\":\"Enseignement\",\"item\":\"https:\/\/fhu-premimpact.org\/en\/enseignement\/\"},{\"@type\":\"ListItem\",\"position\":3,\"name\":\"DU &#8211; DIU\",\"item\":\"https:\/\/fhu-premimpact.org\/en\/enseignement\/du-diu\/\"},{\"@type\":\"ListItem\",\"position\":4,\"name\":\"Dipl\u00f4me Universitaire Pr\u00e9carit\u00e9, Sant\u00e9 maternelle, Sant\u00e9 p\u00e9rinatale\"}]},{\"@type\":\"WebSite\",\"@id\":\"https:\/\/fhu-premimpact.org\/en\/#website\",\"url\":\"https:\/\/fhu-premimpact.org\/en\/\",\"name\":\"FHU PREM'IMPACT\",\"description\":\"Perinatal inflammation and prematurity\",\"publisher\":{\"@id\":\"https:\/\/fhu-premimpact.org\/en\/#organization\"},\"potentialAction\":[{\"@type\":\"SearchAction\",\"target\":{\"@type\":\"EntryPoint\",\"urlTemplate\":\"https:\/\/fhu-premimpact.org\/en\/?s={search_term_string}\"},\"query-input\":{\"@type\":\"PropertyValueSpecification\",\"valueRequired\":true,\"valueName\":\"search_term_string\"}}],\"inLanguage\":\"en-US\"},{\"@type\":\"Organization\",\"@id\":\"https:\/\/fhu-premimpact.org\/en\/#organization\",\"name\":\"FHU PREM'IMPACT\",\"url\":\"https:\/\/fhu-premimpact.org\/en\/\",\"logo\":{\"@type\":\"ImageObject\",\"inLanguage\":\"en-US\",\"@id\":\"https:\/\/fhu-premimpact.org\/en\/#\/schema\/logo\/image\/\",\"url\":\"https:\/\/fhu-premimpact.org\/wp-content\/uploads\/2025\/03\/logo-grand-centre-fhupremimpact.jpg\",\"contentUrl\":\"https:\/\/fhu-premimpact.org\/wp-content\/uploads\/2025\/03\/logo-grand-centre-fhupremimpact.jpg\",\"width\":1280,\"height\":720,\"caption\":\"FHU PREM'IMPACT\"},\"image\":{\"@id\":\"https:\/\/fhu-premimpact.org\/en\/#\/schema\/logo\/image\/\"},\"sameAs\":[\"https:\/\/www.instagram.com\/fhupremimpact\/\",\"https:\/\/www.linkedin.com\/in\/fhu-prem-impact-ap-hp-inserm-universit-paris-cit-70b911253\/\"]}]}<\/script>\n<!-- \/ Yoast SEO plugin. -->","yoast_head_json":{"title":"Dipl\u00f4me Universitaire Pr\u00e9carit\u00e9, Sant\u00e9 maternelle, Sant\u00e9 p\u00e9rinatale - FHU Prem&#039;IMPACT","robots":{"index":"index","follow":"follow","max-snippet":"max-snippet:-1","max-image-preview":"max-image-preview:large","max-video-preview":"max-video-preview:-1"},"canonical":"https:\/\/fhu-premimpact.org\/en\/enseignement\/du-diu\/diplome-universitaire-precarite-sante-maternelle-sante-perinatale\/","og_locale":"en_US","og_type":"article","og_title":"Dipl\u00f4me Universitaire Pr\u00e9carit\u00e9, Sant\u00e9 maternelle, Sant\u00e9 p\u00e9rinatale - FHU Prem&#039;IMPACT","og_description":"IMPORTANT : PAS D&#8217; OUVERTURE DES INSCRIPTIONS EN 2025-2026. R\u00c9OUVERTURE POUR 2026-2027. Pr\u00e9sentation Dipl\u00f4me universitaire destin\u00e9 \u00e0 r\u00e9pondre \u00e0 une demande des professionnels intervenant dans le champ de la p\u00e9rinatalit\u00e9 et amen\u00e9s \u00e0 prendre en charge des femmes et\/ou leurs enfants en situation de pr\u00e9carit\u00e9 sociale.Il s\u2019agit dans cet enseignement non seulement d\u2019aborder les probl\u00e9matiques [&hellip;]","og_url":"https:\/\/fhu-premimpact.org\/en\/enseignement\/du-diu\/diplome-universitaire-precarite-sante-maternelle-sante-perinatale\/","og_site_name":"FHU Prem&#039;IMPACT","article_modified_time":"2026-04-23T13:50:10+00:00","twitter_card":"summary_large_image","twitter_misc":{"Est. reading time":"3 minutes"},"schema":{"@context":"https:\/\/schema.org","@graph":[{"@type":"WebPage","@id":"https:\/\/fhu-premimpact.org\/en\/enseignement\/du-diu\/diplome-universitaire-precarite-sante-maternelle-sante-perinatale\/","url":"https:\/\/fhu-premimpact.org\/en\/enseignement\/du-diu\/diplome-universitaire-precarite-sante-maternelle-sante-perinatale\/","name":"Dipl\u00f4me Universitaire Pr\u00e9carit\u00e9, Sant\u00e9 maternelle, Sant\u00e9 p\u00e9rinatale - FHU Prem&#039;IMPACT","isPartOf":{"@id":"https:\/\/fhu-premimpact.org\/en\/#website"},"datePublished":"2020-06-08T13:20:21+00:00","dateModified":"2026-04-23T13:50:10+00:00","breadcrumb":{"@id":"https:\/\/fhu-premimpact.org\/en\/enseignement\/du-diu\/diplome-universitaire-precarite-sante-maternelle-sante-perinatale\/#breadcrumb"},"inLanguage":"en-US","potentialAction":[{"@type":"ReadAction","target":["https:\/\/fhu-premimpact.org\/en\/enseignement\/du-diu\/diplome-universitaire-precarite-sante-maternelle-sante-perinatale\/"]}]},{"@type":"BreadcrumbList","@id":"https:\/\/fhu-premimpact.org\/en\/enseignement\/du-diu\/diplome-universitaire-precarite-sante-maternelle-sante-perinatale\/#breadcrumb","itemListElement":[{"@type":"ListItem","position":1,"name":"Accueil","item":"https:\/\/fhu-premimpact.org\/en\/"},{"@type":"ListItem","position":2,"name":"Enseignement","item":"https:\/\/fhu-premimpact.org\/en\/enseignement\/"},{"@type":"ListItem","position":3,"name":"DU &#8211; DIU","item":"https:\/\/fhu-premimpact.org\/en\/enseignement\/du-diu\/"},{"@type":"ListItem","position":4,"name":"Dipl\u00f4me Universitaire Pr\u00e9carit\u00e9, Sant\u00e9 maternelle, Sant\u00e9 p\u00e9rinatale"}]},{"@type":"WebSite","@id":"https:\/\/fhu-premimpact.org\/en\/#website","url":"https:\/\/fhu-premimpact.org\/en\/","name":"FHU PREM'IMPACT","description":"Perinatal inflammation and prematurity","publisher":{"@id":"https:\/\/fhu-premimpact.org\/en\/#organization"},"potentialAction":[{"@type":"SearchAction","target":{"@type":"EntryPoint","urlTemplate":"https:\/\/fhu-premimpact.org\/en\/?s={search_term_string}"},"query-input":{"@type":"PropertyValueSpecification","valueRequired":true,"valueName":"search_term_string"}}],"inLanguage":"en-US"},{"@type":"Organization","@id":"https:\/\/fhu-premimpact.org\/en\/#organization","name":"FHU PREM'IMPACT","url":"https:\/\/fhu-premimpact.org\/en\/","logo":{"@type":"ImageObject","inLanguage":"en-US","@id":"https:\/\/fhu-premimpact.org\/en\/#\/schema\/logo\/image\/","url":"https:\/\/fhu-premimpact.org\/wp-content\/uploads\/2025\/03\/logo-grand-centre-fhupremimpact.jpg","contentUrl":"https:\/\/fhu-premimpact.org\/wp-content\/uploads\/2025\/03\/logo-grand-centre-fhupremimpact.jpg","width":1280,"height":720,"caption":"FHU PREM'IMPACT"},"image":{"@id":"https:\/\/fhu-premimpact.org\/en\/#\/schema\/logo\/image\/"},"sameAs":["https:\/\/www.instagram.com\/fhupremimpact\/","https:\/\/www.linkedin.com\/in\/fhu-prem-impact-ap-hp-inserm-universit-paris-cit-70b911253\/"]}]}},"uagb_featured_image_src":{"full":false,"thumbnail":false,"medium":false,"medium_large":false,"large":false,"1536x1536":false,"2048x2048":false,"post-thumbnail":false,"twentytwenty-fullscreen":false},"uagb_author_info":{"display_name":"adm_fhup_la","author_link":"https:\/\/fhu-premimpact.org\/en\/author\/adm_fhup_la\/"},"uagb_comment_info":0,"uagb_excerpt":"IMPORTANT : PAS D&#8217; OUVERTURE DES INSCRIPTIONS EN 2025-2026. R\u00c9OUVERTURE POUR 2026-2027. Pr\u00e9sentation Dipl\u00f4me universitaire destin\u00e9 \u00e0 r\u00e9pondre \u00e0 une demande des professionnels intervenant dans le champ de la p\u00e9rinatalit\u00e9 et amen\u00e9s \u00e0 prendre en charge des femmes et\/ou leurs enfants en situation de pr\u00e9carit\u00e9 sociale.Il s\u2019agit dans cet enseignement non seulement d\u2019aborder les probl\u00e9matiques&hellip;","_links":{"self":[{"href":"https:\/\/fhu-premimpact.org\/en\/wp-json\/wp\/v2\/pages\/1783","targetHints":{"allow":["GET"]}}],"collection":[{"href":"https:\/\/fhu-premimpact.org\/en\/wp-json\/wp\/v2\/pages"}],"about":[{"href":"https:\/\/fhu-premimpact.org\/en\/wp-json\/wp\/v2\/types\/page"}],"author":[{"embeddable":true,"href":"https:\/\/fhu-premimpact.org\/en\/wp-json\/wp\/v2\/users\/1"}],"replies":[{"embeddable":true,"href":"https:\/\/fhu-premimpact.org\/en\/wp-json\/wp\/v2\/comments?post=1783"}],"version-history":[{"count":17,"href":"https:\/\/fhu-premimpact.org\/en\/wp-json\/wp\/v2\/pages\/1783\/revisions"}],"predecessor-version":[{"id":9081,"href":"https:\/\/fhu-premimpact.org\/en\/wp-json\/wp\/v2\/pages\/1783\/revisions\/9081"}],"up":[{"embeddable":true,"href":"https:\/\/fhu-premimpact.org\/en\/wp-json\/wp\/v2\/pages\/258"}],"wp:attachment":[{"href":"https:\/\/fhu-premimpact.org\/en\/wp-json\/wp\/v2\/media?parent=1783"}],"curies":[{"name":"wp","href":"https:\/\/api.w.org\/{rel}","templated":true}]}}