{"id":1720,"date":"2020-06-05T17:22:31","date_gmt":"2020-06-05T15:22:31","guid":{"rendered":"https:\/\/fhu-premimpact.org\/?page_id=1720"},"modified":"2026-04-23T15:50:09","modified_gmt":"2026-04-23T13:50:09","slug":"diu-de-medecine-perinatale","status":"publish","type":"page","link":"https:\/\/fhu-premimpact.org\/en\/enseignement\/du-diu\/diu-de-medecine-perinatale\/","title":{"rendered":"DIU de M\u00e9decine p\u00e9rinatale"},"content":{"rendered":"\n<p>Universit\u00e9 de Paris<\/p>\n\n\n\n<p><strong>Responsables de l&#8217;enseignement : <\/strong>Pr Pierre-Henri Jarreau \/ Pr Camille Le Ray \/ Dr Jeanne Sibiude<\/p>\n\n\n\n<h2 class=\"wp-block-heading\">Pr\u00e9sentation<\/h2>\n\n\n\n<p>Les pathologies de la grossesse sont prises en charge dans des centres obst\u00e9trico-p\u00e9diatriques ou centres p\u00e9rinataux. La collaboration entre obst\u00e9triciens, n\u00e9onatalogistes et anesth\u00e9sistes r\u00e9animateurs est fondamentale pour optimiser cette prise en charge. Pour que cette collaboration soit efficace et interactive, chaque praticien d\u2019une discipline a besoin d\u2019acqu\u00e9rir un minimum de connaissances dans les deux autres disciplines. Ce langage minimal et cette compr\u00e9hension des probl\u00e8mes qui se sont pos\u00e9s en amont ou qui vont se poser en aval permettent d\u2019harmoniser au mieux les conduites tenues.<\/p>\n\n\n\n<p>Une grande part de cet enseignement sera r\u00e9serv\u00e9e aux pathologies de la grossesse les plus fr\u00e9quemment rencontr\u00e9es, prises en charge par les praticiens de ces trois disciplines :<\/p>\n\n\n\n<ul class=\"wp-block-list\">\n<li>Les pathologies maternelles gravidiques (pr\u00e9\u00e9clampsie , diab\u00e8te gestionnel, rupture des membranes, &#8230;)<\/li>\n\n\n\n<li>Les pathologies p\u00e9rinatales non malformatives (hypotrophie, pr\u00e9maturit\u00e9,&#8230;)<\/li>\n\n\n\n<li>Les infections materno-foetales (bact\u00e9riennes, h\u00e9patites, VIH, &#8230;)<\/li>\n<\/ul>\n\n\n\n<h2 class=\"wp-block-heading\">Organisation de la formation<\/h2>\n\n\n\n<p><strong>Calendrier : <\/strong>Novembre \u00e0 avril<br><strong>Rythme :<\/strong> 12 journ\u00e9es de 8 heures correspondant \u00e0 12 modules (un mardi et mercredi chaque mois pendant 6 mois)<br><strong>Moyens p\u00e9dagogiques et techniques : <\/strong>les supports p\u00e9dagogiques sont mis \u00e0 disposition des stagiaires sur Moodle<\/p>\n\n\n\n<h2 class=\"wp-block-heading\">Programme<\/h2>\n\n\n\n<p><strong>Module 1 : Pathologie de l\u2019accouchement \u00e0 terme<\/strong><\/p>\n\n\n\n<ul class=\"wp-block-list\">\n<li>Traumatismes obst\u00e9tricaux &#8211; Man\u0153uvres obst\u00e9tricales<\/li>\n\n\n\n<li>Asphyxie p\u00e9rinatale<\/li>\n<\/ul>\n\n\n\n<p><strong>Module 2 : Pr\u00e9maturit\u00e9 I&nbsp;: menace d\u2019accouchement pr\u00e9matur\u00e9 &#8211; choix \u00e9thique<\/strong><\/p>\n\n\n\n<p><strong>Module 3 : Pr\u00e9maturit\u00e9 II&nbsp;: prise en charge n\u00e9onatale<\/strong><\/p>\n\n\n\n<ul class=\"wp-block-list\">\n<li>MMH et dysplasie broncho-pulmonaire<\/li>\n\n\n\n<li>Cons\u00e9quences neurologiques de la pr\u00e9maturit\u00e9<\/li>\n<\/ul>\n\n\n\n<p><strong>Module 4 : Pr\u00e9\u00e9clampsie et retard de croissance intra-ut\u00e9rin<\/strong><\/p>\n\n\n\n<ul class=\"wp-block-list\">\n<li>Pr\u00e9\u00e9clampsie<\/li>\n\n\n\n<li>RCIU<\/li>\n<\/ul>\n\n\n\n<p><strong>Module 5 : Infections materno-foetales bact\u00e9riennes<\/strong><\/p>\n\n\n\n<p><strong>Module 6 : Infections materno-foetales virales<\/strong><\/p>\n\n\n\n<p><strong>Module 7 : Prise en charge du diab\u00e8te et des toxicomanies<\/strong><\/p>\n\n\n\n<ul class=\"wp-block-list\">\n<li>Diab\u00e8te<\/li>\n\n\n\n<li>Toxicomanies<\/li>\n<\/ul>\n\n\n\n<p><strong>Module 8 : Anesth\u00e9siologie &#8211; Prise en charge de la douleur<\/strong><\/p>\n\n\n\n<ul class=\"wp-block-list\">\n<li>Probl\u00e8mes anesth\u00e9siques chez la m\u00e8re<\/li>\n\n\n\n<li>Nouveau-n\u00e9<\/li>\n<\/ul>\n\n\n\n<p><strong>Module 9 : H\u00e9matologie p\u00e9rinatale<\/strong><\/p>\n\n\n\n<ul class=\"wp-block-list\">\n<li>Immunisation-rh\u00e9sus<\/li>\n\n\n\n<li>Allo-immunisations anti-plaquettaires<\/li>\n\n\n\n<li>Transfusion<\/li>\n<\/ul>\n\n\n\n<p><strong>Module 10 : Grossesses multiples<\/strong><\/p>\n\n\n\n<p><strong>Module 11 : Pharmacologie p\u00e9rinatale &#8211; Cardiologie p\u00e9rinatale<\/strong><\/p>\n\n\n\n<ul class=\"wp-block-list\">\n<li>Pharmacologie p\u00e9rinatale<\/li>\n\n\n\n<li>Malformations cardiaques<\/li>\n<\/ul>\n\n\n\n<p><strong>Module 12 : \u00c9valuation des pratiques obst\u00e9trico-p\u00e9diatriques<\/strong><\/p>\n\n\n\n<ul class=\"wp-block-list\">\n<li>Aspects m\u00e9thodologique des \u00e9tudes en p\u00e9rinatalogie<\/li>\n\n\n\n<li>Mortalit\u00e9 et morbidit\u00e9 maternelle<\/li>\n\n\n\n<li>Pr\u00e9maturit\u00e9<\/li>\n<\/ul>\n\n\n\n<h2 class=\"wp-block-heading\">Contr\u00f4le des connaissances<\/h2>\n\n\n\n<p>Un examen de fin d&#8217;\u00e9tude compos\u00e9 de deux \u00e9preuves \u00e9crites.<br>Une note de 07\/20 est \u00e9liminatoire<em>.<\/em><br>Pour \u00eatre admis, le candidat doit satisfaire aux conditions d&#8217;assiduit\u00e9, avoir valid\u00e9 le stage et avoir obtenu une note au moins \u00e9gale \u00e0 10\/20 \u00e0 l&#8217;ensemble des \u00e9preuves.&nbsp;<\/p>\n\n\n\n<p>Ces journ\u00e9es de formation sont valorisables au titre du DPC (D\u00e9veloppement Professionnel Continu) <strong>sous la r\u00e9f\u00e9rence 10652000027<\/strong>. La participation \u00e0 ces formations valident une partie de votre obligation triennale DPC.<\/p>\n\n\n\n<p><strong>Forme de l&#8217;enseignement :<\/strong> en pr\u00e9sentiel<br><strong>Universit\u00e9s partenaires :<\/strong> Universit\u00e9 Paris Sorbonne<br>P<a href=\"https:\/\/app.parisdescartes.fr\/cgi-bin\/WebObjects\/CanditOnline.woa\/\">our vous inscrire, d\u00e9posez votre candidature sur C@nditOnLine<\/a><br><strong>R\u00e9f\u00e9rence formation <\/strong>(\u00e0 rappeler dans toute correspondance)<strong> : XUT41<\/strong><\/p>\n\n\n\n<p><\/p>\n","protected":false},"excerpt":{"rendered":"<p>Universit\u00e9 de Paris Responsables de l&#8217;enseignement : Pr Pierre-Henri Jarreau \/ Pr Camille Le Ray \/ Dr Jeanne Sibiude Pr\u00e9sentation Les pathologies de la grossesse sont prises en charge dans des centres obst\u00e9trico-p\u00e9diatriques ou centres p\u00e9rinataux. La collaboration entre obst\u00e9triciens, n\u00e9onatalogistes et anesth\u00e9sistes r\u00e9animateurs est fondamentale pour optimiser cette prise en charge. Pour que cette [&hellip;]<\/p>\n","protected":false},"author":87,"featured_media":0,"parent":258,"menu_order":55,"comment_status":"closed","ping_status":"closed","template":"","meta":{"_editorskit_title_hidden":false,"_editorskit_reading_time":1,"_editorskit_is_block_options_detached":false,"_editorskit_block_options_position":"{}","_uag_custom_page_level_css":"","footnotes":""},"class_list":["post-1720","page","type-page","status-publish","hentry"],"yoast_head":"<!-- This site is optimized with the Yoast SEO plugin v27.2 - https:\/\/yoast.com\/product\/yoast-seo-wordpress\/ -->\n<title>DIU de M\u00e9decine p\u00e9rinatale - FHU Prem&#039;IMPACT<\/title>\n<meta name=\"robots\" content=\"index, follow, max-snippet:-1, max-image-preview:large, max-video-preview:-1\" \/>\n<link rel=\"canonical\" href=\"https:\/\/fhu-premimpact.org\/en\/enseignement\/du-diu\/diu-de-medecine-perinatale\/\" \/>\n<meta property=\"og:locale\" content=\"en_US\" \/>\n<meta property=\"og:type\" content=\"article\" \/>\n<meta property=\"og:title\" content=\"DIU de M\u00e9decine p\u00e9rinatale - FHU Prem&#039;IMPACT\" \/>\n<meta property=\"og:description\" content=\"Universit\u00e9 de Paris Responsables de l&#8217;enseignement : Pr Pierre-Henri Jarreau \/ Pr Camille Le Ray \/ Dr Jeanne Sibiude Pr\u00e9sentation Les pathologies de la grossesse sont prises en charge dans des centres obst\u00e9trico-p\u00e9diatriques ou centres p\u00e9rinataux. La collaboration entre obst\u00e9triciens, n\u00e9onatalogistes et anesth\u00e9sistes r\u00e9animateurs est fondamentale pour optimiser cette prise en charge. Pour que cette [&hellip;]\" \/>\n<meta property=\"og:url\" content=\"https:\/\/fhu-premimpact.org\/en\/enseignement\/du-diu\/diu-de-medecine-perinatale\/\" \/>\n<meta property=\"og:site_name\" content=\"FHU Prem&#039;IMPACT\" \/>\n<meta property=\"article:modified_time\" content=\"2026-04-23T13:50:09+00:00\" \/>\n<meta name=\"twitter:card\" content=\"summary_large_image\" \/>\n<meta name=\"twitter:label1\" content=\"Est. reading time\" \/>\n\t<meta name=\"twitter:data1\" content=\"3 minutes\" \/>\n<script type=\"application\/ld+json\" class=\"yoast-schema-graph\">{\"@context\":\"https:\/\/schema.org\",\"@graph\":[{\"@type\":\"WebPage\",\"@id\":\"https:\/\/fhu-premimpact.org\/en\/enseignement\/du-diu\/diu-de-medecine-perinatale\/\",\"url\":\"https:\/\/fhu-premimpact.org\/en\/enseignement\/du-diu\/diu-de-medecine-perinatale\/\",\"name\":\"DIU de M\u00e9decine p\u00e9rinatale - FHU Prem&#039;IMPACT\",\"isPartOf\":{\"@id\":\"https:\/\/fhu-premimpact.org\/en\/#website\"},\"datePublished\":\"2020-06-05T15:22:31+00:00\",\"dateModified\":\"2026-04-23T13:50:09+00:00\",\"breadcrumb\":{\"@id\":\"https:\/\/fhu-premimpact.org\/en\/enseignement\/du-diu\/diu-de-medecine-perinatale\/#breadcrumb\"},\"inLanguage\":\"en-US\",\"potentialAction\":[{\"@type\":\"ReadAction\",\"target\":[\"https:\/\/fhu-premimpact.org\/en\/enseignement\/du-diu\/diu-de-medecine-perinatale\/\"]}]},{\"@type\":\"BreadcrumbList\",\"@id\":\"https:\/\/fhu-premimpact.org\/en\/enseignement\/du-diu\/diu-de-medecine-perinatale\/#breadcrumb\",\"itemListElement\":[{\"@type\":\"ListItem\",\"position\":1,\"name\":\"Accueil\",\"item\":\"https:\/\/fhu-premimpact.org\/en\/\"},{\"@type\":\"ListItem\",\"position\":2,\"name\":\"Enseignement\",\"item\":\"https:\/\/fhu-premimpact.org\/en\/enseignement\/\"},{\"@type\":\"ListItem\",\"position\":3,\"name\":\"DU &#8211; DIU\",\"item\":\"https:\/\/fhu-premimpact.org\/en\/enseignement\/du-diu\/\"},{\"@type\":\"ListItem\",\"position\":4,\"name\":\"DIU de M\u00e9decine p\u00e9rinatale\"}]},{\"@type\":\"WebSite\",\"@id\":\"https:\/\/fhu-premimpact.org\/en\/#website\",\"url\":\"https:\/\/fhu-premimpact.org\/en\/\",\"name\":\"FHU PREM'IMPACT\",\"description\":\"Perinatal inflammation and prematurity\",\"publisher\":{\"@id\":\"https:\/\/fhu-premimpact.org\/en\/#organization\"},\"potentialAction\":[{\"@type\":\"SearchAction\",\"target\":{\"@type\":\"EntryPoint\",\"urlTemplate\":\"https:\/\/fhu-premimpact.org\/en\/?s={search_term_string}\"},\"query-input\":{\"@type\":\"PropertyValueSpecification\",\"valueRequired\":true,\"valueName\":\"search_term_string\"}}],\"inLanguage\":\"en-US\"},{\"@type\":\"Organization\",\"@id\":\"https:\/\/fhu-premimpact.org\/en\/#organization\",\"name\":\"FHU PREM'IMPACT\",\"url\":\"https:\/\/fhu-premimpact.org\/en\/\",\"logo\":{\"@type\":\"ImageObject\",\"inLanguage\":\"en-US\",\"@id\":\"https:\/\/fhu-premimpact.org\/en\/#\/schema\/logo\/image\/\",\"url\":\"https:\/\/fhu-premimpact.org\/wp-content\/uploads\/2025\/03\/logo-grand-centre-fhupremimpact.jpg\",\"contentUrl\":\"https:\/\/fhu-premimpact.org\/wp-content\/uploads\/2025\/03\/logo-grand-centre-fhupremimpact.jpg\",\"width\":1280,\"height\":720,\"caption\":\"FHU PREM'IMPACT\"},\"image\":{\"@id\":\"https:\/\/fhu-premimpact.org\/en\/#\/schema\/logo\/image\/\"},\"sameAs\":[\"https:\/\/www.instagram.com\/fhupremimpact\/\",\"https:\/\/www.linkedin.com\/in\/fhu-prem-impact-ap-hp-inserm-universit-paris-cit-70b911253\/\"]}]}<\/script>\n<!-- \/ Yoast SEO plugin. -->","yoast_head_json":{"title":"DIU de M\u00e9decine p\u00e9rinatale - FHU Prem&#039;IMPACT","robots":{"index":"index","follow":"follow","max-snippet":"max-snippet:-1","max-image-preview":"max-image-preview:large","max-video-preview":"max-video-preview:-1"},"canonical":"https:\/\/fhu-premimpact.org\/en\/enseignement\/du-diu\/diu-de-medecine-perinatale\/","og_locale":"en_US","og_type":"article","og_title":"DIU de M\u00e9decine p\u00e9rinatale - FHU Prem&#039;IMPACT","og_description":"Universit\u00e9 de Paris Responsables de l&#8217;enseignement : Pr Pierre-Henri Jarreau \/ Pr Camille Le Ray \/ Dr Jeanne Sibiude Pr\u00e9sentation Les pathologies de la grossesse sont prises en charge dans des centres obst\u00e9trico-p\u00e9diatriques ou centres p\u00e9rinataux. La collaboration entre obst\u00e9triciens, n\u00e9onatalogistes et anesth\u00e9sistes r\u00e9animateurs est fondamentale pour optimiser cette prise en charge. Pour que cette [&hellip;]","og_url":"https:\/\/fhu-premimpact.org\/en\/enseignement\/du-diu\/diu-de-medecine-perinatale\/","og_site_name":"FHU Prem&#039;IMPACT","article_modified_time":"2026-04-23T13:50:09+00:00","twitter_card":"summary_large_image","twitter_misc":{"Est. reading time":"3 minutes"},"schema":{"@context":"https:\/\/schema.org","@graph":[{"@type":"WebPage","@id":"https:\/\/fhu-premimpact.org\/en\/enseignement\/du-diu\/diu-de-medecine-perinatale\/","url":"https:\/\/fhu-premimpact.org\/en\/enseignement\/du-diu\/diu-de-medecine-perinatale\/","name":"DIU de M\u00e9decine p\u00e9rinatale - FHU Prem&#039;IMPACT","isPartOf":{"@id":"https:\/\/fhu-premimpact.org\/en\/#website"},"datePublished":"2020-06-05T15:22:31+00:00","dateModified":"2026-04-23T13:50:09+00:00","breadcrumb":{"@id":"https:\/\/fhu-premimpact.org\/en\/enseignement\/du-diu\/diu-de-medecine-perinatale\/#breadcrumb"},"inLanguage":"en-US","potentialAction":[{"@type":"ReadAction","target":["https:\/\/fhu-premimpact.org\/en\/enseignement\/du-diu\/diu-de-medecine-perinatale\/"]}]},{"@type":"BreadcrumbList","@id":"https:\/\/fhu-premimpact.org\/en\/enseignement\/du-diu\/diu-de-medecine-perinatale\/#breadcrumb","itemListElement":[{"@type":"ListItem","position":1,"name":"Accueil","item":"https:\/\/fhu-premimpact.org\/en\/"},{"@type":"ListItem","position":2,"name":"Enseignement","item":"https:\/\/fhu-premimpact.org\/en\/enseignement\/"},{"@type":"ListItem","position":3,"name":"DU &#8211; DIU","item":"https:\/\/fhu-premimpact.org\/en\/enseignement\/du-diu\/"},{"@type":"ListItem","position":4,"name":"DIU de M\u00e9decine p\u00e9rinatale"}]},{"@type":"WebSite","@id":"https:\/\/fhu-premimpact.org\/en\/#website","url":"https:\/\/fhu-premimpact.org\/en\/","name":"FHU PREM'IMPACT","description":"Perinatal inflammation and prematurity","publisher":{"@id":"https:\/\/fhu-premimpact.org\/en\/#organization"},"potentialAction":[{"@type":"SearchAction","target":{"@type":"EntryPoint","urlTemplate":"https:\/\/fhu-premimpact.org\/en\/?s={search_term_string}"},"query-input":{"@type":"PropertyValueSpecification","valueRequired":true,"valueName":"search_term_string"}}],"inLanguage":"en-US"},{"@type":"Organization","@id":"https:\/\/fhu-premimpact.org\/en\/#organization","name":"FHU PREM'IMPACT","url":"https:\/\/fhu-premimpact.org\/en\/","logo":{"@type":"ImageObject","inLanguage":"en-US","@id":"https:\/\/fhu-premimpact.org\/en\/#\/schema\/logo\/image\/","url":"https:\/\/fhu-premimpact.org\/wp-content\/uploads\/2025\/03\/logo-grand-centre-fhupremimpact.jpg","contentUrl":"https:\/\/fhu-premimpact.org\/wp-content\/uploads\/2025\/03\/logo-grand-centre-fhupremimpact.jpg","width":1280,"height":720,"caption":"FHU PREM'IMPACT"},"image":{"@id":"https:\/\/fhu-premimpact.org\/en\/#\/schema\/logo\/image\/"},"sameAs":["https:\/\/www.instagram.com\/fhupremimpact\/","https:\/\/www.linkedin.com\/in\/fhu-prem-impact-ap-hp-inserm-universit-paris-cit-70b911253\/"]}]}},"uagb_featured_image_src":{"full":false,"thumbnail":false,"medium":false,"medium_large":false,"large":false,"1536x1536":false,"2048x2048":false,"post-thumbnail":false,"twentytwenty-fullscreen":false},"uagb_author_info":{"display_name":"Laurence Lecomte","author_link":"https:\/\/fhu-premimpact.org\/en\/author\/laurence-lecomte\/"},"uagb_comment_info":0,"uagb_excerpt":"Universit\u00e9 de Paris Responsables de l&#8217;enseignement : Pr Pierre-Henri Jarreau \/ Pr Camille Le Ray \/ Dr Jeanne Sibiude Pr\u00e9sentation Les pathologies de la grossesse sont prises en charge dans des centres obst\u00e9trico-p\u00e9diatriques ou centres p\u00e9rinataux. La collaboration entre obst\u00e9triciens, n\u00e9onatalogistes et anesth\u00e9sistes r\u00e9animateurs est fondamentale pour optimiser cette prise en charge. Pour que cette&hellip;","_links":{"self":[{"href":"https:\/\/fhu-premimpact.org\/en\/wp-json\/wp\/v2\/pages\/1720","targetHints":{"allow":["GET"]}}],"collection":[{"href":"https:\/\/fhu-premimpact.org\/en\/wp-json\/wp\/v2\/pages"}],"about":[{"href":"https:\/\/fhu-premimpact.org\/en\/wp-json\/wp\/v2\/types\/page"}],"author":[{"embeddable":true,"href":"https:\/\/fhu-premimpact.org\/en\/wp-json\/wp\/v2\/users\/87"}],"replies":[{"embeddable":true,"href":"https:\/\/fhu-premimpact.org\/en\/wp-json\/wp\/v2\/comments?post=1720"}],"version-history":[{"count":3,"href":"https:\/\/fhu-premimpact.org\/en\/wp-json\/wp\/v2\/pages\/1720\/revisions"}],"predecessor-version":[{"id":6071,"href":"https:\/\/fhu-premimpact.org\/en\/wp-json\/wp\/v2\/pages\/1720\/revisions\/6071"}],"up":[{"embeddable":true,"href":"https:\/\/fhu-premimpact.org\/en\/wp-json\/wp\/v2\/pages\/258"}],"wp:attachment":[{"href":"https:\/\/fhu-premimpact.org\/en\/wp-json\/wp\/v2\/media?parent=1720"}],"curies":[{"name":"wp","href":"https:\/\/api.w.org\/{rel}","templated":true}]}}